{"id":31685,"date":"2026-03-26T12:35:21","date_gmt":"2026-03-26T11:35:21","guid":{"rendered":"https:\/\/www.linkeus.fr\/produit\/brouillon-auto-36\/"},"modified":"2026-03-30T08:39:30","modified_gmt":"2026-03-30T06:39:30","slug":"brouillon-auto-36-2","status":"publish","type":"product","link":"https:\/\/www.linkeus.fr\/en\/produit\/brouillon-auto-36-2\/","title":{"rendered":"De Bouche en Bouche Traiteur"},"content":{"rendered":"<p><span data-ccp-props=\"{&quot;201341983&quot;:0,&quot;335559739&quot;:0,&quot;335559740&quot;:240}\">\u00a0<\/span><\/p>\n<p><span data-contrast=\"auto\">De Bouche en Bouche Traiteur, a\u00a0caterer\u00a0created\u00a0in\u00a02004,\u00a0offers\u00a0its\u00a0services for\u00a0organising\u00a0your\u00a0receptions\u00a0on the French Riviera.\u00a0<\/span><span data-ccp-props=\"{&quot;201341983&quot;:0,&quot;335559739&quot;:0,&quot;335559740&quot;:240}\">\u00a0<\/span><\/p>\n<p><span data-contrast=\"auto\">Make\u00a0your\u00a0reception\u00a0a\u00a0culinary\u00a0event!\u00a0Our chefs\u00a0offer\u00a0you\u00a0a\u00a0Mediterranean-style cuisine,\u00a0using\u00a0quality\u00a0seasonal\u00a0produce.\u00a0<\/span><span data-ccp-props=\"{&quot;201341983&quot;:0,&quot;335559739&quot;:0,&quot;335559740&quot;:240}\">\u00a0<\/span><\/p>\n<p><span data-contrast=\"auto\">Our\u00a0waiting\u00a0staff\u00a0provide\u00a0discreet, efficient service.<\/span><span data-ccp-props=\"{&quot;201341983&quot;:0,&quot;335559739&quot;:0,&quot;335559740&quot;:240}\">\u00a0<\/span><\/p>\n<p><span data-contrast=\"auto\">A\u00a0wide\u00a0choice\u00a0of\u00a0crockery\u00a0and\u00a0furniture\u00a0will\u00a0enable\u00a0you\u00a0to\u00a0personalise\u00a0your\u00a0event\u00a0and\u00a0make\u00a0it\u00a0unique.\u00a0<\/span><span data-ccp-props=\"{&quot;201341983&quot;:0,&quot;335559739&quot;:0,&quot;335559740&quot;:240}\">\u00a0<\/span><\/p>\n<p><span data-contrast=\"auto\">De Bouche en Bouche\u00a0is\u00a0:\u00a0<\/span><span data-ccp-props=\"{&quot;201341983&quot;:0,&quot;335559739&quot;:0,&quot;335559740&quot;:240}\">\u00a0<\/span><\/p>\n<p><span data-contrast=\"auto\">&#8211; 240 m\u00b2 of catering\u00a0laboratory\u00a0<\/span><span data-ccp-props=\"{&quot;201341983&quot;:0,&quot;335559739&quot;:0,&quot;335559740&quot;:240}\">\u00a0<\/span><\/p>\n<p><span data-contrast=\"auto\">&#8211; 150 m\u00b2 of offices and showroom\u00a0<\/span><span data-ccp-props=\"{&quot;201341983&quot;:0,&quot;335559739&quot;:0,&quot;335559740&quot;:240}\">\u00a0<\/span><\/p>\n<p><span data-contrast=\"auto\">&#8211; 400 m\u00b2 of\u00a0storage\u00a0space\u00a0<\/span><span data-ccp-props=\"{&quot;201341983&quot;:0,&quot;335559739&quot;:0,&quot;335559740&quot;:240}\">\u00a0<\/span><\/p>\n<p><span data-contrast=\"auto\">&#8211;\u00a0Nearly\u00a0600\u00a0events\u00a0in\u00a02019,\u00a0from\u00a010 to 1,500\u00a0covers\u00a0<\/span><span data-ccp-props=\"{&quot;201341983&quot;:0,&quot;335559739&quot;:0,&quot;335559740&quot;:240}\">\u00a0<\/span><\/p>\n<p><span data-contrast=\"auto\">&#8211; 2\u00a0reception\u00a0venues:\u00a0Villa Simone and Carr\u00e9 des Cavaliers\u00a0<\/span><span data-ccp-props=\"{&quot;201341983&quot;:0,&quot;335559739&quot;:0,&quot;335559740&quot;:240}\">\u00a0<\/span><\/p>\n<p><span data-contrast=\"auto\">Environmentally\u00a0aware,\u00a0we\u00a0adapt\u00a0our\u00a0working\u00a0and production conditions to the\u00a0challenges\u00a0of\u00a0sustainable\u00a0development\u00a0and an\u00a0eco-responsible\u00a0approach.<\/span><span data-ccp-props=\"{&quot;201341983&quot;:0,&quot;335559739&quot;:0,&quot;335559740&quot;:240}\">\u00a0<\/span><\/p>\n","protected":false},"excerpt":{"rendered":"<p>\u00a0 De Bouche en Bouche Traiteur, a\u00a0caterer\u00a0created\u00a0in\u00a02004,\u00a0offers\u00a0its\u00a0services for\u00a0organising\u00a0your\u00a0receptions\u00a0on the French Riviera.\u00a0\u00a0 Make\u00a0your\u00a0reception\u00a0a\u00a0culinary\u00a0event!\u00a0Our chefs\u00a0offer\u00a0you\u00a0a\u00a0Mediterranean-style cuisine,\u00a0using\u00a0quality\u00a0seasonal\u00a0produce.\u00a0\u00a0 Our\u00a0waiting\u00a0staff\u00a0provide\u00a0discreet, efficient service.\u00a0 A\u00a0wide\u00a0choice\u00a0of\u00a0crockery\u00a0and\u00a0furniture\u00a0will\u00a0enable\u00a0you\u00a0to\u00a0personalise\u00a0your\u00a0event\u00a0and\u00a0make\u00a0it\u00a0unique.\u00a0\u00a0 De Bouche en Bouche\u00a0is\u00a0:\u00a0\u00a0 &#8211; 240 m\u00b2 of catering\u00a0laboratory\u00a0\u00a0 &#8211; 150 m\u00b2 of offices and showroom\u00a0\u00a0 &#8211; 400 m\u00b2 of\u00a0storage\u00a0space\u00a0\u00a0 &#8211;\u00a0Nearly\u00a0600\u00a0events\u00a0in\u00a02019,\u00a0from\u00a010 to 1,500\u00a0covers\u00a0\u00a0 &#8211; 2\u00a0reception\u00a0venues:\u00a0Villa Simone and Carr\u00e9 des Cavaliers\u00a0\u00a0 Environmentally\u00a0aware,\u00a0we\u00a0adapt\u00a0our\u00a0working\u00a0and production conditions to the\u00a0challenges\u00a0of\u00a0sustainable\u00a0development\u00a0and an\u00a0eco-responsible\u00a0approach.\u00a0<\/p>\n","protected":false},"featured_media":31679,"comment_status":"closed","ping_status":"closed","template":"","meta":{"inline_featured_image":false},"product_cat":[30],"product_tag":[],"class_list":{"0":"post-31685","1":"product","2":"type-product","3":"status-publish","4":"has-post-thumbnail","6":"product_cat-listeo-booking","8":"first","9":"instock","10":"virtual","11":"sold-individually","12":"purchasable","13":"product-type-listing_booking"},"yoast_head":"<!-- This site is optimized with the Yoast SEO plugin v24.0 - https:\/\/yoast.com\/wordpress\/plugins\/seo\/ -->\n<title>De Bouche en Bouche Traiteur - Linkeus Provence C\u00f4te d&#039;Azur Events<\/title>\n<meta name=\"robots\" content=\"index, follow, max-snippet:-1, max-image-preview:large, max-video-preview:-1\" \/>\n<link rel=\"canonical\" href=\"https:\/\/www.linkeus.fr\/en\/produit\/brouillon-auto-36-2\/\" \/>\n<meta property=\"og:locale\" content=\"en_US\" \/>\n<meta property=\"og:type\" content=\"article\" \/>\n<meta property=\"og:title\" content=\"De Bouche en Bouche Traiteur - Linkeus Provence C\u00f4te d&#039;Azur Events\" \/>\n<meta property=\"og:description\" content=\"\u00a0 De Bouche en Bouche Traiteur, a\u00a0caterer\u00a0created\u00a0in\u00a02004,\u00a0offers\u00a0its\u00a0services for\u00a0organising\u00a0your\u00a0receptions\u00a0on the French Riviera.\u00a0\u00a0 Make\u00a0your\u00a0reception\u00a0a\u00a0culinary\u00a0event!\u00a0Our chefs\u00a0offer\u00a0you\u00a0a\u00a0Mediterranean-style cuisine,\u00a0using\u00a0quality\u00a0seasonal\u00a0produce.\u00a0\u00a0 Our\u00a0waiting\u00a0staff\u00a0provide\u00a0discreet, efficient service.\u00a0 A\u00a0wide\u00a0choice\u00a0of\u00a0crockery\u00a0and\u00a0furniture\u00a0will\u00a0enable\u00a0you\u00a0to\u00a0personalise\u00a0your\u00a0event\u00a0and\u00a0make\u00a0it\u00a0unique.\u00a0\u00a0 De Bouche en Bouche\u00a0is\u00a0:\u00a0\u00a0 &#8211; 240 m\u00b2 of catering\u00a0laboratory\u00a0\u00a0 &#8211; 150 m\u00b2 of offices and showroom\u00a0\u00a0 &#8211; 400 m\u00b2 of\u00a0storage\u00a0space\u00a0\u00a0 &#8211;\u00a0Nearly\u00a0600\u00a0events\u00a0in\u00a02019,\u00a0from\u00a010 to 1,500\u00a0covers\u00a0\u00a0 &#8211; 2\u00a0reception\u00a0venues:\u00a0Villa Simone and Carr\u00e9 des Cavaliers\u00a0\u00a0 Environmentally\u00a0aware,\u00a0we\u00a0adapt\u00a0our\u00a0working\u00a0and production conditions to the\u00a0challenges\u00a0of\u00a0sustainable\u00a0development\u00a0and an\u00a0eco-responsible\u00a0approach.\u00a0\" \/>\n<meta property=\"og:url\" content=\"https:\/\/www.linkeus.fr\/en\/produit\/brouillon-auto-36-2\/\" \/>\n<meta property=\"og:site_name\" content=\"Linkeus Provence C\u00f4te d&#039;Azur Events\" \/>\n<meta property=\"article:publisher\" content=\"https:\/\/www.facebook.com\/ProvenceCotedAzurEvents\" \/>\n<meta property=\"article:modified_time\" content=\"2026-03-30T06:39:30+00:00\" \/>\n<meta property=\"og:image\" content=\"https:\/\/www.linkeus.fr\/wp-content\/uploads\/2026\/03\/Design-sans-titre-3-1024x1024.png\" \/>\n\t<meta property=\"og:image:width\" content=\"1024\" \/>\n\t<meta property=\"og:image:height\" content=\"1024\" \/>\n\t<meta property=\"og:image:type\" content=\"image\/png\" \/>\n<meta name=\"twitter:card\" content=\"summary_large_image\" \/>\n<meta name=\"twitter:label1\" content=\"Est. reading time\" \/>\n\t<meta name=\"twitter:data1\" content=\"1 minute\" \/>\n<script type=\"application\/ld+json\" class=\"yoast-schema-graph\">{\"@context\":\"https:\/\/schema.org\",\"@graph\":[{\"@type\":\"WebPage\",\"@id\":\"https:\/\/www.linkeus.fr\/en\/produit\/brouillon-auto-36-2\/\",\"url\":\"https:\/\/www.linkeus.fr\/en\/produit\/brouillon-auto-36-2\/\",\"name\":\"De Bouche en Bouche Traiteur - Linkeus Provence C\u00f4te d&#039;Azur Events\",\"isPartOf\":{\"@id\":\"https:\/\/www.linkeus.fr\/#website\"},\"primaryImageOfPage\":{\"@id\":\"https:\/\/www.linkeus.fr\/en\/produit\/brouillon-auto-36-2\/#primaryimage\"},\"image\":{\"@id\":\"https:\/\/www.linkeus.fr\/en\/produit\/brouillon-auto-36-2\/#primaryimage\"},\"thumbnailUrl\":\"https:\/\/www.linkeus.fr\/wp-content\/uploads\/2026\/03\/Design-sans-titre-3.png\",\"datePublished\":\"2026-03-26T11:35:21+00:00\",\"dateModified\":\"2026-03-30T06:39:30+00:00\",\"breadcrumb\":{\"@id\":\"https:\/\/www.linkeus.fr\/en\/produit\/brouillon-auto-36-2\/#breadcrumb\"},\"inLanguage\":\"en-US\",\"potentialAction\":[{\"@type\":\"ReadAction\",\"target\":[\"https:\/\/www.linkeus.fr\/en\/produit\/brouillon-auto-36-2\/\"]}]},{\"@type\":\"ImageObject\",\"inLanguage\":\"en-US\",\"@id\":\"https:\/\/www.linkeus.fr\/en\/produit\/brouillon-auto-36-2\/#primaryimage\",\"url\":\"https:\/\/www.linkeus.fr\/wp-content\/uploads\/2026\/03\/Design-sans-titre-3.png\",\"contentUrl\":\"https:\/\/www.linkeus.fr\/wp-content\/uploads\/2026\/03\/Design-sans-titre-3.png\",\"width\":4688,\"height\":4688},{\"@type\":\"BreadcrumbList\",\"@id\":\"https:\/\/www.linkeus.fr\/en\/produit\/brouillon-auto-36-2\/#breadcrumb\",\"itemListElement\":[{\"@type\":\"ListItem\",\"position\":1,\"name\":\"Accueil\",\"item\":\"https:\/\/www.linkeus.fr\/en\/\"},{\"@type\":\"ListItem\",\"position\":2,\"name\":\"Produits\",\"item\":\"https:\/\/www.linkeus.fr\/shop\/\"},{\"@type\":\"ListItem\",\"position\":3,\"name\":\"De Bouche en Bouche Traiteur\"}]},{\"@type\":\"WebSite\",\"@id\":\"https:\/\/www.linkeus.fr\/#website\",\"url\":\"https:\/\/www.linkeus.fr\/\",\"name\":\"Linkeus Provence C\u00f4te d&#039;Azur Events\",\"description\":\"Le bureau des congr\u00e8s regional : l&#039;interlocuteur privil\u00e9gi\u00e9 pour l&#039;organisation de vos \u00e9v\u00e8nements professionnels en Provence Alpes C\u00f4te d&#039;Azur\",\"publisher\":{\"@id\":\"https:\/\/www.linkeus.fr\/#organization\"},\"potentialAction\":[{\"@type\":\"SearchAction\",\"target\":{\"@type\":\"EntryPoint\",\"urlTemplate\":\"https:\/\/www.linkeus.fr\/?s={search_term_string}\"},\"query-input\":{\"@type\":\"PropertyValueSpecification\",\"valueRequired\":true,\"valueName\":\"search_term_string\"}}],\"inLanguage\":\"en-US\"},{\"@type\":\"Organization\",\"@id\":\"https:\/\/www.linkeus.fr\/#organization\",\"name\":\"Linkeus Provence C\u00f4te d&#039;Azur Events\",\"url\":\"https:\/\/www.linkeus.fr\/\",\"logo\":{\"@type\":\"ImageObject\",\"inLanguage\":\"en-US\",\"@id\":\"https:\/\/www.linkeus.fr\/#\/schema\/logo\/image\/\",\"url\":\"https:\/\/www.linkeus.fr\/wp-content\/uploads\/2022\/09\/log-linkeus290.png\",\"contentUrl\":\"https:\/\/www.linkeus.fr\/wp-content\/uploads\/2022\/09\/log-linkeus290.png\",\"width\":290,\"height\":100,\"caption\":\"Linkeus Provence C\u00f4te d&#039;Azur Events\"},\"image\":{\"@id\":\"https:\/\/www.linkeus.fr\/#\/schema\/logo\/image\/\"},\"sameAs\":[\"https:\/\/www.facebook.com\/ProvenceCotedAzurEvents\"]}]}<\/script>\n<!-- \/ Yoast SEO plugin. -->","yoast_head_json":{"title":"De Bouche en Bouche Traiteur - Linkeus Provence C\u00f4te d&#039;Azur Events","robots":{"index":"index","follow":"follow","max-snippet":"max-snippet:-1","max-image-preview":"max-image-preview:large","max-video-preview":"max-video-preview:-1"},"canonical":"https:\/\/www.linkeus.fr\/en\/produit\/brouillon-auto-36-2\/","og_locale":"en_US","og_type":"article","og_title":"De Bouche en Bouche Traiteur - Linkeus Provence C\u00f4te d&#039;Azur Events","og_description":"\u00a0 De Bouche en Bouche Traiteur, a\u00a0caterer\u00a0created\u00a0in\u00a02004,\u00a0offers\u00a0its\u00a0services for\u00a0organising\u00a0your\u00a0receptions\u00a0on the French Riviera.\u00a0\u00a0 Make\u00a0your\u00a0reception\u00a0a\u00a0culinary\u00a0event!\u00a0Our chefs\u00a0offer\u00a0you\u00a0a\u00a0Mediterranean-style cuisine,\u00a0using\u00a0quality\u00a0seasonal\u00a0produce.\u00a0\u00a0 Our\u00a0waiting\u00a0staff\u00a0provide\u00a0discreet, efficient service.\u00a0 A\u00a0wide\u00a0choice\u00a0of\u00a0crockery\u00a0and\u00a0furniture\u00a0will\u00a0enable\u00a0you\u00a0to\u00a0personalise\u00a0your\u00a0event\u00a0and\u00a0make\u00a0it\u00a0unique.\u00a0\u00a0 De Bouche en Bouche\u00a0is\u00a0:\u00a0\u00a0 &#8211; 240 m\u00b2 of catering\u00a0laboratory\u00a0\u00a0 &#8211; 150 m\u00b2 of offices and showroom\u00a0\u00a0 &#8211; 400 m\u00b2 of\u00a0storage\u00a0space\u00a0\u00a0 &#8211;\u00a0Nearly\u00a0600\u00a0events\u00a0in\u00a02019,\u00a0from\u00a010 to 1,500\u00a0covers\u00a0\u00a0 &#8211; 2\u00a0reception\u00a0venues:\u00a0Villa Simone and Carr\u00e9 des Cavaliers\u00a0\u00a0 Environmentally\u00a0aware,\u00a0we\u00a0adapt\u00a0our\u00a0working\u00a0and production conditions to the\u00a0challenges\u00a0of\u00a0sustainable\u00a0development\u00a0and an\u00a0eco-responsible\u00a0approach.\u00a0","og_url":"https:\/\/www.linkeus.fr\/en\/produit\/brouillon-auto-36-2\/","og_site_name":"Linkeus Provence C\u00f4te d&#039;Azur Events","article_publisher":"https:\/\/www.facebook.com\/ProvenceCotedAzurEvents","article_modified_time":"2026-03-30T06:39:30+00:00","og_image":[{"width":1024,"height":1024,"url":"https:\/\/www.linkeus.fr\/wp-content\/uploads\/2026\/03\/Design-sans-titre-3-1024x1024.png","type":"image\/png"}],"twitter_card":"summary_large_image","twitter_misc":{"Est. reading time":"1 minute"},"schema":{"@context":"https:\/\/schema.org","@graph":[{"@type":"WebPage","@id":"https:\/\/www.linkeus.fr\/en\/produit\/brouillon-auto-36-2\/","url":"https:\/\/www.linkeus.fr\/en\/produit\/brouillon-auto-36-2\/","name":"De Bouche en Bouche Traiteur - Linkeus Provence C\u00f4te d&#039;Azur Events","isPartOf":{"@id":"https:\/\/www.linkeus.fr\/#website"},"primaryImageOfPage":{"@id":"https:\/\/www.linkeus.fr\/en\/produit\/brouillon-auto-36-2\/#primaryimage"},"image":{"@id":"https:\/\/www.linkeus.fr\/en\/produit\/brouillon-auto-36-2\/#primaryimage"},"thumbnailUrl":"https:\/\/www.linkeus.fr\/wp-content\/uploads\/2026\/03\/Design-sans-titre-3.png","datePublished":"2026-03-26T11:35:21+00:00","dateModified":"2026-03-30T06:39:30+00:00","breadcrumb":{"@id":"https:\/\/www.linkeus.fr\/en\/produit\/brouillon-auto-36-2\/#breadcrumb"},"inLanguage":"en-US","potentialAction":[{"@type":"ReadAction","target":["https:\/\/www.linkeus.fr\/en\/produit\/brouillon-auto-36-2\/"]}]},{"@type":"ImageObject","inLanguage":"en-US","@id":"https:\/\/www.linkeus.fr\/en\/produit\/brouillon-auto-36-2\/#primaryimage","url":"https:\/\/www.linkeus.fr\/wp-content\/uploads\/2026\/03\/Design-sans-titre-3.png","contentUrl":"https:\/\/www.linkeus.fr\/wp-content\/uploads\/2026\/03\/Design-sans-titre-3.png","width":4688,"height":4688},{"@type":"BreadcrumbList","@id":"https:\/\/www.linkeus.fr\/en\/produit\/brouillon-auto-36-2\/#breadcrumb","itemListElement":[{"@type":"ListItem","position":1,"name":"Accueil","item":"https:\/\/www.linkeus.fr\/en\/"},{"@type":"ListItem","position":2,"name":"Produits","item":"https:\/\/www.linkeus.fr\/shop\/"},{"@type":"ListItem","position":3,"name":"De Bouche en Bouche Traiteur"}]},{"@type":"WebSite","@id":"https:\/\/www.linkeus.fr\/#website","url":"https:\/\/www.linkeus.fr\/","name":"Linkeus Provence C\u00f4te d&#039;Azur Events","description":"Le bureau des congr\u00e8s regional : l&#039;interlocuteur privil\u00e9gi\u00e9 pour l&#039;organisation de vos \u00e9v\u00e8nements professionnels en Provence Alpes C\u00f4te d&#039;Azur","publisher":{"@id":"https:\/\/www.linkeus.fr\/#organization"},"potentialAction":[{"@type":"SearchAction","target":{"@type":"EntryPoint","urlTemplate":"https:\/\/www.linkeus.fr\/?s={search_term_string}"},"query-input":{"@type":"PropertyValueSpecification","valueRequired":true,"valueName":"search_term_string"}}],"inLanguage":"en-US"},{"@type":"Organization","@id":"https:\/\/www.linkeus.fr\/#organization","name":"Linkeus Provence C\u00f4te d&#039;Azur Events","url":"https:\/\/www.linkeus.fr\/","logo":{"@type":"ImageObject","inLanguage":"en-US","@id":"https:\/\/www.linkeus.fr\/#\/schema\/logo\/image\/","url":"https:\/\/www.linkeus.fr\/wp-content\/uploads\/2022\/09\/log-linkeus290.png","contentUrl":"https:\/\/www.linkeus.fr\/wp-content\/uploads\/2022\/09\/log-linkeus290.png","width":290,"height":100,"caption":"Linkeus Provence C\u00f4te d&#039;Azur Events"},"image":{"@id":"https:\/\/www.linkeus.fr\/#\/schema\/logo\/image\/"},"sameAs":["https:\/\/www.facebook.com\/ProvenceCotedAzurEvents"]}]}},"_links":{"self":[{"href":"https:\/\/www.linkeus.fr\/en\/wp-json\/wp\/v2\/product\/31685","targetHints":{"allow":["GET"]}}],"collection":[{"href":"https:\/\/www.linkeus.fr\/en\/wp-json\/wp\/v2\/product"}],"about":[{"href":"https:\/\/www.linkeus.fr\/en\/wp-json\/wp\/v2\/types\/product"}],"replies":[{"embeddable":true,"href":"https:\/\/www.linkeus.fr\/en\/wp-json\/wp\/v2\/comments?post=31685"}],"wp:featuredmedia":[{"embeddable":true,"href":"https:\/\/www.linkeus.fr\/en\/wp-json\/wp\/v2\/media\/31679"}],"wp:attachment":[{"href":"https:\/\/www.linkeus.fr\/en\/wp-json\/wp\/v2\/media?parent=31685"}],"wp:term":[{"taxonomy":"product_cat","embeddable":true,"href":"https:\/\/www.linkeus.fr\/en\/wp-json\/wp\/v2\/product_cat?post=31685"},{"taxonomy":"product_tag","embeddable":true,"href":"https:\/\/www.linkeus.fr\/en\/wp-json\/wp\/v2\/product_tag?post=31685"}],"curies":[{"name":"wp","href":"https:\/\/api.w.org\/{rel}","templated":true}]}}