{"id":31139,"date":"2026-01-27T14:24:33","date_gmt":"2026-01-27T13:24:33","guid":{"rendered":"https:\/\/www.linkeus.fr\/produit\/centre-de-congres-letoile-greoux-les-bains-5\/"},"modified":"2026-01-27T14:24:33","modified_gmt":"2026-01-27T13:24:33","slug":"centre-de-congres-letoile-greoux-les-bains-5","status":"publish","type":"product","link":"https:\/\/www.linkeus.fr\/en\/produit\/centre-de-congres-letoile-greoux-les-bains-5\/","title":{"rendered":"Centre de Congr\u00e8s l&#8217;Etoile &#8211; Gr\u00e9oux-les-Bains"},"content":{"rendered":"<p>As the third largest spa town in France, Gr\u00e9oux-les-Bains boasts a state-of-the-art conference center with functional, modular, and adaptable spaces. This facility, spanning over 2,500 square meters, is equipped with high-quality technical resources.<\/p>\n<p><iframe loading=\"lazy\" title=\"Centre de Congr\u00e8s l&#039;Etoile - Gr\u00e9oux-les-Bains\" width=\"760\" height=\"428\" src=\"https:\/\/www.youtube.com\/embed\/q6hAYtXXauU?feature=oembed\" frameborder=\"0\" allow=\"accelerometer; autoplay; clipboard-write; encrypted-media; gyroscope; picture-in-picture; web-share\" referrerpolicy=\"strict-origin-when-cross-origin\" allowfullscreen><\/iframe><\/p>\n<p>The modularity of the building, its remarkable acoustic quality and the different possible configurations make the Centre de Congr\u00e8s l\u2019\u00c9toile a \u201cflagship\u201d facility in the region for hosting corporate events and public events.<\/p>\n<p>With a capacity of up to 800 people, the \u00c9toile Convention Centre boasts integrated and adapted state-of-the-art technology: stage areas, sound and lighting control, 3D screens, dynamic signage, free Wi-Fi, and indoor and outdoor video walls. It also offers adaptable meeting rooms accessible to people with reduced mobility, two 680-seat auditoriums, and several outdoor parking areas.<\/p>\n<p>&nbsp;<\/p>\n<p><strong>The advantages<\/strong><\/p>\n<hr \/>\n<p>Located in the heart of exceptional sites such as the Verdon Gorges, Lake Esparron or the lavender fields of Valensole, not far from the main communication routes (A51 motorway, TGV station, Marseille Provence airport), close to hotels, restaurants, parking and shops, the \u00c9toile Congress Centre offers a privileged geographical location for your event.<\/p>\n<p>The soft lighting and understated yet refined d\u00e9cor give this facility a welcoming and warm atmosphere. Over 150 square meters of space directly serve all areas of the \u00c9toile Convention Center. The lobby is equipped with a mobile reception desk, a ticket office, a cloakroom, dynamic signage, and a relaxation area with a refreshment corner.<\/p>\n<p>&nbsp;<\/p>\n<p><strong>3 rooms available<\/strong><\/p>\n<hr \/>\n<p><strong><em>Jean Giono Hall<\/em><\/strong> : A comfortable and adaptable performance hall thanks to its removable seating, the Jean Giono Hall can accommodate up to 800 people, including 434 seated. It is ideal for seminars, trade shows, conferences, as well as gala dinners, exhibitions, cocktail receptions, showrooms, general meetings, and more.<\/p>\n<p>The + : versatility of the venue, giant screen and 3D cinema projector, personalized staging, high-quality sound and lighting equipment, artists&#8217; dressing rooms, loading dock, separate entrance, warming kitchen, \u2026<\/p>\n<p><strong><em>Fr\u00e9d\u00e9ric Mistral Hall<\/em><\/strong> : The image quality, acoustics, pure and immersive sound, and overall comfort of the venue all contribute to creating a warm, intimate, and refined atmosphere perfectly suited to the space. This hall has a seating capacity of 199, including 5 accessible seats for people with reduced mobility.<\/p>\n<p>The + : artists&#8217; dressing rooms, 72 m\u00b2 stage, stage curtain, large screen, sound, lighting and video control room, loading dock, \u2026<\/p>\n<p><strong><em>Bernard Morucci Room<\/em><\/strong> : Perfectly suited for meetings and conferences, the Bernard Morucci room can accommodate up to 150 people. Its customizable configuration allows it to best meet all needs.<\/p>\n<p>The + : room that can be partitioned into two subcommittee rooms (1\/3 \u2013 2\/3), screens, stage, video projectors, microphones and sound system, flip charts, &#8230;<\/p>\n<p>&nbsp;<\/p>\n<p><strong>Information \/ quote request<\/strong><\/p>\n<p>Do you have a project? Contact us and receive a personalized quote!<\/p>\n<p>A sales and technical team is ready to assist you.<\/p>\n<hr \/>\n<p>Download the <a href=\"https:\/\/www.linkeus.fr\/wp-content\/uploads\/2020\/08\/Fiche-Technique-centre-de-congres-greoux-les-bains.pdf\">Fiche-Technique-centre de congr\u00e9s gr\u00e9oux les bains<\/a><\/p>\n<p>Find us on \ud83d\udc49 <a href=\"https:\/\/www.linkedin.com\/company\/centre-de-congr%C3%A8s-l-etoile-gr%C3%A9oux-les-bains\/about\/\">LinkedIn<\/a><\/p>\n","protected":false},"excerpt":{"rendered":"<p>As the third largest spa town in France, Gr\u00e9oux-les-Bains boasts a state-of-the-art conference center with functional, modular, and adaptable spaces. This facility, spanning over 2,500 square meters, is equipped with high-quality technical resources. The modularity of the building, its remarkable acoustic quality and the different possible configurations make the Centre de Congr\u00e8s l\u2019\u00c9toile a \u201cflagship\u201d [&hellip;]<\/p>\n","protected":false},"featured_media":0,"comment_status":"closed","ping_status":"closed","template":"","meta":{"inline_featured_image":false},"product_cat":[],"product_tag":[],"class_list":{"0":"post-31139","1":"product","2":"type-product","3":"status-publish","6":"first","7":"instock","8":"virtual","9":"sold-individually","10":"purchasable","11":"product-type-listing_booking"},"yoast_head":"<!-- This site is optimized with the Yoast SEO plugin v24.0 - https:\/\/yoast.com\/wordpress\/plugins\/seo\/ -->\n<title>Centre de Congr\u00e8s l&#039;Etoile - Gr\u00e9oux-les-Bains - Linkeus Provence C\u00f4te d&#039;Azur Events<\/title>\n<meta name=\"robots\" content=\"index, follow, max-snippet:-1, max-image-preview:large, max-video-preview:-1\" \/>\n<link rel=\"canonical\" href=\"https:\/\/www.linkeus.fr\/en\/produit\/centre-de-congres-letoile-greoux-les-bains-5\/\" \/>\n<meta property=\"og:locale\" content=\"en_US\" \/>\n<meta property=\"og:type\" content=\"article\" \/>\n<meta property=\"og:title\" content=\"Centre de Congr\u00e8s l&#039;Etoile - Gr\u00e9oux-les-Bains - Linkeus Provence C\u00f4te d&#039;Azur Events\" \/>\n<meta property=\"og:description\" content=\"As the third largest spa town in France, Gr\u00e9oux-les-Bains boasts a state-of-the-art conference center with functional, modular, and adaptable spaces. This facility, spanning over 2,500 square meters, is equipped with high-quality technical resources. The modularity of the building, its remarkable acoustic quality and the different possible configurations make the Centre de Congr\u00e8s l\u2019\u00c9toile a \u201cflagship\u201d [&hellip;]\" \/>\n<meta property=\"og:url\" content=\"https:\/\/www.linkeus.fr\/en\/produit\/centre-de-congres-letoile-greoux-les-bains-5\/\" \/>\n<meta property=\"og:site_name\" content=\"Linkeus Provence C\u00f4te d&#039;Azur Events\" \/>\n<meta property=\"article:publisher\" content=\"https:\/\/www.facebook.com\/ProvenceCotedAzurEvents\" \/>\n<meta property=\"og:image\" content=\"https:\/\/www.linkeus.fr\/wp-content\/uploads\/2021\/07\/pce-image-resaux-sociaux-scaled.jpg\" \/>\n\t<meta property=\"og:image:width\" content=\"2560\" \/>\n\t<meta property=\"og:image:height\" content=\"1204\" \/>\n\t<meta property=\"og:image:type\" content=\"image\/jpeg\" \/>\n<meta name=\"twitter:card\" content=\"summary_large_image\" \/>\n<meta name=\"twitter:label1\" content=\"Est. reading time\" \/>\n\t<meta name=\"twitter:data1\" content=\"2 minutes\" \/>\n<script type=\"application\/ld+json\" class=\"yoast-schema-graph\">{\"@context\":\"https:\/\/schema.org\",\"@graph\":[{\"@type\":\"WebPage\",\"@id\":\"https:\/\/www.linkeus.fr\/en\/produit\/centre-de-congres-letoile-greoux-les-bains-5\/\",\"url\":\"https:\/\/www.linkeus.fr\/en\/produit\/centre-de-congres-letoile-greoux-les-bains-5\/\",\"name\":\"Centre de Congr\u00e8s l'Etoile - Gr\u00e9oux-les-Bains - Linkeus Provence C\u00f4te d&#039;Azur Events\",\"isPartOf\":{\"@id\":\"https:\/\/www.linkeus.fr\/#website\"},\"datePublished\":\"2026-01-27T13:24:33+00:00\",\"dateModified\":\"2026-01-27T13:24:33+00:00\",\"breadcrumb\":{\"@id\":\"https:\/\/www.linkeus.fr\/en\/produit\/centre-de-congres-letoile-greoux-les-bains-5\/#breadcrumb\"},\"inLanguage\":\"en-US\",\"potentialAction\":[{\"@type\":\"ReadAction\",\"target\":[\"https:\/\/www.linkeus.fr\/en\/produit\/centre-de-congres-letoile-greoux-les-bains-5\/\"]}]},{\"@type\":\"BreadcrumbList\",\"@id\":\"https:\/\/www.linkeus.fr\/en\/produit\/centre-de-congres-letoile-greoux-les-bains-5\/#breadcrumb\",\"itemListElement\":[{\"@type\":\"ListItem\",\"position\":1,\"name\":\"Accueil\",\"item\":\"https:\/\/www.linkeus.fr\/en\/\"},{\"@type\":\"ListItem\",\"position\":2,\"name\":\"Produits\",\"item\":\"https:\/\/www.linkeus.fr\/shop\/\"},{\"@type\":\"ListItem\",\"position\":3,\"name\":\"Centre de Congr\u00e8s l&rsquo;Etoile &#8211; Gr\u00e9oux-les-Bains\"}]},{\"@type\":\"WebSite\",\"@id\":\"https:\/\/www.linkeus.fr\/#website\",\"url\":\"https:\/\/www.linkeus.fr\/\",\"name\":\"Linkeus Provence C\u00f4te d&#039;Azur Events\",\"description\":\"Le bureau des congr\u00e8s regional : l&#039;interlocuteur privil\u00e9gi\u00e9 pour l&#039;organisation de vos \u00e9v\u00e8nements professionnels en Provence Alpes C\u00f4te d&#039;Azur\",\"publisher\":{\"@id\":\"https:\/\/www.linkeus.fr\/#organization\"},\"potentialAction\":[{\"@type\":\"SearchAction\",\"target\":{\"@type\":\"EntryPoint\",\"urlTemplate\":\"https:\/\/www.linkeus.fr\/?s={search_term_string}\"},\"query-input\":{\"@type\":\"PropertyValueSpecification\",\"valueRequired\":true,\"valueName\":\"search_term_string\"}}],\"inLanguage\":\"en-US\"},{\"@type\":\"Organization\",\"@id\":\"https:\/\/www.linkeus.fr\/#organization\",\"name\":\"Linkeus Provence C\u00f4te d&#039;Azur Events\",\"url\":\"https:\/\/www.linkeus.fr\/\",\"logo\":{\"@type\":\"ImageObject\",\"inLanguage\":\"en-US\",\"@id\":\"https:\/\/www.linkeus.fr\/#\/schema\/logo\/image\/\",\"url\":\"https:\/\/www.linkeus.fr\/wp-content\/uploads\/2022\/09\/log-linkeus290.png\",\"contentUrl\":\"https:\/\/www.linkeus.fr\/wp-content\/uploads\/2022\/09\/log-linkeus290.png\",\"width\":290,\"height\":100,\"caption\":\"Linkeus Provence C\u00f4te d&#039;Azur Events\"},\"image\":{\"@id\":\"https:\/\/www.linkeus.fr\/#\/schema\/logo\/image\/\"},\"sameAs\":[\"https:\/\/www.facebook.com\/ProvenceCotedAzurEvents\"]}]}<\/script>\n<!-- \/ Yoast SEO plugin. -->","yoast_head_json":{"title":"Centre de Congr\u00e8s l'Etoile - Gr\u00e9oux-les-Bains - Linkeus Provence C\u00f4te d&#039;Azur Events","robots":{"index":"index","follow":"follow","max-snippet":"max-snippet:-1","max-image-preview":"max-image-preview:large","max-video-preview":"max-video-preview:-1"},"canonical":"https:\/\/www.linkeus.fr\/en\/produit\/centre-de-congres-letoile-greoux-les-bains-5\/","og_locale":"en_US","og_type":"article","og_title":"Centre de Congr\u00e8s l'Etoile - Gr\u00e9oux-les-Bains - Linkeus Provence C\u00f4te d&#039;Azur Events","og_description":"As the third largest spa town in France, Gr\u00e9oux-les-Bains boasts a state-of-the-art conference center with functional, modular, and adaptable spaces. This facility, spanning over 2,500 square meters, is equipped with high-quality technical resources. The modularity of the building, its remarkable acoustic quality and the different possible configurations make the Centre de Congr\u00e8s l\u2019\u00c9toile a \u201cflagship\u201d [&hellip;]","og_url":"https:\/\/www.linkeus.fr\/en\/produit\/centre-de-congres-letoile-greoux-les-bains-5\/","og_site_name":"Linkeus Provence C\u00f4te d&#039;Azur Events","article_publisher":"https:\/\/www.facebook.com\/ProvenceCotedAzurEvents","og_image":[{"width":2560,"height":1204,"url":"https:\/\/www.linkeus.fr\/wp-content\/uploads\/2021\/07\/pce-image-resaux-sociaux-scaled.jpg","type":"image\/jpeg"}],"twitter_card":"summary_large_image","twitter_misc":{"Est. reading time":"2 minutes"},"schema":{"@context":"https:\/\/schema.org","@graph":[{"@type":"WebPage","@id":"https:\/\/www.linkeus.fr\/en\/produit\/centre-de-congres-letoile-greoux-les-bains-5\/","url":"https:\/\/www.linkeus.fr\/en\/produit\/centre-de-congres-letoile-greoux-les-bains-5\/","name":"Centre de Congr\u00e8s l'Etoile - Gr\u00e9oux-les-Bains - Linkeus Provence C\u00f4te d&#039;Azur Events","isPartOf":{"@id":"https:\/\/www.linkeus.fr\/#website"},"datePublished":"2026-01-27T13:24:33+00:00","dateModified":"2026-01-27T13:24:33+00:00","breadcrumb":{"@id":"https:\/\/www.linkeus.fr\/en\/produit\/centre-de-congres-letoile-greoux-les-bains-5\/#breadcrumb"},"inLanguage":"en-US","potentialAction":[{"@type":"ReadAction","target":["https:\/\/www.linkeus.fr\/en\/produit\/centre-de-congres-letoile-greoux-les-bains-5\/"]}]},{"@type":"BreadcrumbList","@id":"https:\/\/www.linkeus.fr\/en\/produit\/centre-de-congres-letoile-greoux-les-bains-5\/#breadcrumb","itemListElement":[{"@type":"ListItem","position":1,"name":"Accueil","item":"https:\/\/www.linkeus.fr\/en\/"},{"@type":"ListItem","position":2,"name":"Produits","item":"https:\/\/www.linkeus.fr\/shop\/"},{"@type":"ListItem","position":3,"name":"Centre de Congr\u00e8s l&rsquo;Etoile &#8211; Gr\u00e9oux-les-Bains"}]},{"@type":"WebSite","@id":"https:\/\/www.linkeus.fr\/#website","url":"https:\/\/www.linkeus.fr\/","name":"Linkeus Provence C\u00f4te d&#039;Azur Events","description":"Le bureau des congr\u00e8s regional : l&#039;interlocuteur privil\u00e9gi\u00e9 pour l&#039;organisation de vos \u00e9v\u00e8nements professionnels en Provence Alpes C\u00f4te d&#039;Azur","publisher":{"@id":"https:\/\/www.linkeus.fr\/#organization"},"potentialAction":[{"@type":"SearchAction","target":{"@type":"EntryPoint","urlTemplate":"https:\/\/www.linkeus.fr\/?s={search_term_string}"},"query-input":{"@type":"PropertyValueSpecification","valueRequired":true,"valueName":"search_term_string"}}],"inLanguage":"en-US"},{"@type":"Organization","@id":"https:\/\/www.linkeus.fr\/#organization","name":"Linkeus Provence C\u00f4te d&#039;Azur Events","url":"https:\/\/www.linkeus.fr\/","logo":{"@type":"ImageObject","inLanguage":"en-US","@id":"https:\/\/www.linkeus.fr\/#\/schema\/logo\/image\/","url":"https:\/\/www.linkeus.fr\/wp-content\/uploads\/2022\/09\/log-linkeus290.png","contentUrl":"https:\/\/www.linkeus.fr\/wp-content\/uploads\/2022\/09\/log-linkeus290.png","width":290,"height":100,"caption":"Linkeus Provence C\u00f4te d&#039;Azur Events"},"image":{"@id":"https:\/\/www.linkeus.fr\/#\/schema\/logo\/image\/"},"sameAs":["https:\/\/www.facebook.com\/ProvenceCotedAzurEvents"]}]}},"_links":{"self":[{"href":"https:\/\/www.linkeus.fr\/en\/wp-json\/wp\/v2\/product\/31139","targetHints":{"allow":["GET"]}}],"collection":[{"href":"https:\/\/www.linkeus.fr\/en\/wp-json\/wp\/v2\/product"}],"about":[{"href":"https:\/\/www.linkeus.fr\/en\/wp-json\/wp\/v2\/types\/product"}],"replies":[{"embeddable":true,"href":"https:\/\/www.linkeus.fr\/en\/wp-json\/wp\/v2\/comments?post=31139"}],"wp:attachment":[{"href":"https:\/\/www.linkeus.fr\/en\/wp-json\/wp\/v2\/media?parent=31139"}],"wp:term":[{"taxonomy":"product_cat","embeddable":true,"href":"https:\/\/www.linkeus.fr\/en\/wp-json\/wp\/v2\/product_cat?post=31139"},{"taxonomy":"product_tag","embeddable":true,"href":"https:\/\/www.linkeus.fr\/en\/wp-json\/wp\/v2\/product_tag?post=31139"}],"curies":[{"name":"wp","href":"https:\/\/api.w.org\/{rel}","templated":true}]}}