{"id":30377,"date":"2025-11-26T11:23:28","date_gmt":"2025-11-26T10:23:28","guid":{"rendered":"https:\/\/www.linkeus.fr\/produit\/mandelieu-congress-expo-center-2\/"},"modified":"2025-11-26T11:23:28","modified_gmt":"2025-11-26T10:23:28","slug":"mandelieu-congress-expo-center-2","status":"publish","type":"product","link":"https:\/\/www.linkeus.fr\/en\/produit\/mandelieu-congress-expo-center-2\/","title":{"rendered":"Mandelieu Congress Expo Center"},"content":{"rendered":"<p data-start=\"43\" data-end=\"266\"><strong data-start=\"43\" data-end=\"266\">Built in the heart of Mandelieu-La Napoule, the Centre Expo Congr\u00e8s has been, for 15 years now, one of the key assets contributing to the tourist appeal of this seaside town located in the very heart of the C\u00f4te d\u2019Azur.<\/strong><\/p>\n<p data-start=\"268\" data-end=\"506\">Featuring modular facilities and a strong, professional team supported by an ecosystem accustomed to meeting the challenges of the most demanding clients, the Mandelieu Centre Expo Congr\u00e8s is the ideal venue for hosting successful events.<\/p>\n<h3 data-start=\"513\" data-end=\"538\"><\/h3>\n<h3 data-start=\"513\" data-end=\"538\"><strong data-start=\"517\" data-end=\"538\">Privileged Access<\/strong><\/h3>\n<ul>\n<li data-start=\"542\" data-end=\"595\">Two motorway exits: No. 40 (City Centre) and No. 41<\/li>\n<li data-start=\"598\" data-end=\"703\">20 minutes from Nice C\u00f4te d\u2019Azur International Airport, with an express shuttle located next to the CEC<\/li>\n<li data-start=\"706\" data-end=\"742\">Private business airport 5 km away<\/li>\n<li data-start=\"745\" data-end=\"777\">A TGV station in Cannes (8 km)<\/li>\n<li data-start=\"780\" data-end=\"838\">A TER train station in La Napoule, 50 m from the beaches<\/li>\n<\/ul>\n<h3 data-start=\"845\" data-end=\"868\"><\/h3>\n<h3 data-start=\"845\" data-end=\"868\"><strong data-start=\"849\" data-end=\"868\">The Destination<\/strong><\/h3>\n<p>A seaside town, Mandelieu-La Napoule offers a chic yet relaxed lifestyle on the C\u00f4te d\u2019Azur. Nestled in an exceptional setting between the Mediterranean, the Est\u00e9rel mountains and the Tanneron forest, it is crossed by numerous canals and bordered by the bucolic banks of the River Siagne.<\/p>\n<p>Event organisers will find in Mandelieu a variety of remarkable, historically rich venues: spectacular seaside castles, historic and artistically inspired 18-hole golf courses, dining venues with preserved settings between beaches and riverbanks, and the breathtaking natural scenery shaped by the red rocks of the Est\u00e9rel, offering an unforgettable panorama.<\/p>\n<p>This destination perfectly combines work sessions and leisure activities \u2014 the ideal illustration of <strong data-start=\"1622\" data-end=\"1634\">BLEISURE<\/strong>!<\/p>\n<h3 data-start=\"1642\" data-end=\"1695\"><\/h3>\n<h3 data-start=\"1642\" data-end=\"1695\"><strong data-start=\"1646\" data-end=\"1695\">The Centre Expo Congr\u00e8s Features 4 Main Areas<\/strong><\/h3>\n<p data-start=\"1697\" data-end=\"1803\">The Centre Expo Congr\u00e8s offers <strong data-start=\"1728\" data-end=\"1740\">5,000 m\u00b2<\/strong> of modular and functional spaces designed to host your events.<\/p>\n<ul>\n<li data-start=\"1807\" data-end=\"1837\">The Esplanade and its garden<\/li>\n<li data-start=\"1840\" data-end=\"1862\">The <strong data-start=\"1844\" data-end=\"1854\">800 m\u00b2<\/strong> Lobby<\/li>\n<li data-start=\"1865\" data-end=\"1950\">The modular <strong data-start=\"1877\" data-end=\"1901\">\u201cRiviera\u201d Auditorium<\/strong>, adjustable to welcome <strong data-start=\"1925\" data-end=\"1948\">200 to 1,000 people<\/strong><\/li>\n<li data-start=\"1953\" data-end=\"2052\">The <strong data-start=\"1957\" data-end=\"1983\">1,700 m\u00b2 \u201cSiagne\u201d Area<\/strong>, equipped with partitions to create 2, 3, or even 4 separate rooms<\/li>\n<li data-start=\"2055\" data-end=\"2106\"><strong data-start=\"2055\" data-end=\"2076\">14 breakout rooms<\/strong> ranging from <strong data-start=\"2090\" data-end=\"2106\">30 to 150 m\u00b2<\/strong><\/li>\n<li data-start=\"2108\" data-end=\"2271\">These facilities are complemented by a <strong data-start=\"2147\" data-end=\"2170\">260-seat auditorium<\/strong>, a <strong data-start=\"2174\" data-end=\"2191\">180-seat room<\/strong>, and <strong data-start=\"2197\" data-end=\"2228\">6 additional breakout rooms<\/strong> located 50 m from the Centre Expo Congr\u00e8s.<\/li>\n<li data-start=\"2275\" data-end=\"2330\">Over <strong data-start=\"2280\" data-end=\"2301\">1,000 hotel rooms<\/strong> near the convention centre<\/li>\n<li data-start=\"2333\" data-end=\"2381\">More than <strong data-start=\"2343\" data-end=\"2358\">8,000 rooms<\/strong> within a 6 km radius<\/li>\n<li data-start=\"2384\" data-end=\"2421\"><strong data-start=\"2384\" data-end=\"2393\">150 m<\/strong> from the A8 motorway exit<\/li>\n<li data-start=\"2424\" data-end=\"2466\"><strong data-start=\"2424\" data-end=\"2438\">10 minutes<\/strong> from Cannes train station<\/li>\n<li data-start=\"2469\" data-end=\"2529\"><strong data-start=\"2469\" data-end=\"2483\">20 minutes<\/strong> from Nice C\u00f4te d\u2019Azur International Airport<\/li>\n<\/ul>\n<h3 data-start=\"2536\" data-end=\"2555\"><\/h3>\n<h3 data-start=\"2536\" data-end=\"2555\"><strong data-start=\"2540\" data-end=\"2555\">Key Figures<\/strong><\/h3>\n<ul>\n<li data-start=\"2559\" data-end=\"2581\"><strong data-start=\"2559\" data-end=\"2579\">22,500 residents<\/strong><\/li>\n<li data-start=\"2584\" data-end=\"2709\"><strong data-start=\"2584\" data-end=\"2602\">3,137 hectares<\/strong>, of which <strong data-start=\"2613\" data-end=\"2631\">2,330 hectares<\/strong> are protected and designated as non-buildable natural or agricultural areas<\/li>\n<li data-start=\"2712\" data-end=\"2766\"><strong data-start=\"2712\" data-end=\"2731\">7 sandy beaches<\/strong>, including <strong data-start=\"2743\" data-end=\"2764\">3 private beaches<\/strong><\/li>\n<li data-start=\"2769\" data-end=\"2881\"><strong data-start=\"2769\" data-end=\"2793\">2 major golf courses<\/strong> on the C\u00f4te d\u2019Azur: the historic Old Course and the artistic Riviera Golf de Barbossi<\/li>\n<li data-start=\"2884\" data-end=\"3115\">Mandelieu has the <strong data-start=\"2902\" data-end=\"2952\">largest marina capacity in the Alpes-Maritimes<\/strong>, and the <strong data-start=\"2962\" data-end=\"3016\">second largest in the R\u00e9gion Sud (after Marseille)<\/strong>, with <strong data-start=\"3023\" data-end=\"3053\">7 private and public ports<\/strong> (3 river, 3 maritime, 1 dry port) and <strong data-start=\"3092\" data-end=\"3113\">over 6,000 berths<\/strong><\/li>\n<li data-start=\"3118\" data-end=\"3223\"><strong data-start=\"3118\" data-end=\"3157\">1 Cannes-Mandelieu business airport<\/strong> and <strong data-start=\"3162\" data-end=\"3181\">1 train station<\/strong> in the heart of the La Napoule district<\/li>\n<li data-start=\"3226\" data-end=\"3310\"><strong data-start=\"3226\" data-end=\"3251\">1 Centre Expo Congr\u00e8s<\/strong> and <strong data-start=\"3256\" data-end=\"3279\">1 Convention Bureau<\/strong> as a single point of contact<\/li>\n<li data-start=\"3313\" data-end=\"3370\"><strong data-start=\"3313\" data-end=\"3368\">1 Tourist Office and Convention Bureau \u2013 Category 1<\/strong><\/li>\n<li data-start=\"3373\" data-end=\"3400\">Around <strong data-start=\"3380\" data-end=\"3398\">80 restaurants<\/strong><\/li>\n<li data-start=\"3403\" data-end=\"3459\">Around <strong data-start=\"3410\" data-end=\"3423\">30 hotels<\/strong>, tourist residences and campsites<\/li>\n<li data-start=\"3462\" data-end=\"3505\"><strong data-start=\"3462\" data-end=\"3503\">1,130 shopkeepers and business owners<\/strong><\/li>\n<\/ul>\n<p>&nbsp;<\/p>\n<p>\u00a9 Ville de Mandelieu \u2013 Cover photo<\/p>\n","protected":false},"excerpt":{"rendered":"<p>Built in the heart of Mandelieu-La Napoule, the Centre Expo Congr\u00e8s has been, for 15 years now, one of the key assets contributing to the tourist appeal of this seaside town located in the very heart of the C\u00f4te d\u2019Azur. Featuring modular facilities and a strong, professional team supported by an ecosystem accustomed to meeting [&hellip;]<\/p>\n","protected":false},"featured_media":0,"comment_status":"closed","ping_status":"closed","template":"","meta":{"inline_featured_image":false},"product_cat":[],"product_tag":[],"class_list":{"0":"post-30377","1":"product","2":"type-product","3":"status-publish","6":"first","7":"instock","8":"virtual","9":"sold-individually","10":"purchasable","11":"product-type-listing_booking"},"yoast_head":"<!-- This site is optimized with the Yoast SEO plugin v24.0 - https:\/\/yoast.com\/wordpress\/plugins\/seo\/ -->\n<title>Mandelieu Congress Expo Center - Linkeus Provence C\u00f4te d&#039;Azur Events<\/title>\n<meta name=\"robots\" content=\"index, follow, max-snippet:-1, max-image-preview:large, max-video-preview:-1\" \/>\n<link rel=\"canonical\" href=\"https:\/\/www.linkeus.fr\/en\/produit\/mandelieu-congress-expo-center-2\/\" \/>\n<meta property=\"og:locale\" content=\"en_US\" \/>\n<meta property=\"og:type\" content=\"article\" \/>\n<meta property=\"og:title\" content=\"Mandelieu Congress Expo Center - Linkeus Provence C\u00f4te d&#039;Azur Events\" \/>\n<meta property=\"og:description\" content=\"Built in the heart of Mandelieu-La Napoule, the Centre Expo Congr\u00e8s has been, for 15 years now, one of the key assets contributing to the tourist appeal of this seaside town located in the very heart of the C\u00f4te d\u2019Azur. Featuring modular facilities and a strong, professional team supported by an ecosystem accustomed to meeting [&hellip;]\" \/>\n<meta property=\"og:url\" content=\"https:\/\/www.linkeus.fr\/en\/produit\/mandelieu-congress-expo-center-2\/\" \/>\n<meta property=\"og:site_name\" content=\"Linkeus Provence C\u00f4te d&#039;Azur Events\" \/>\n<meta property=\"article:publisher\" content=\"https:\/\/www.facebook.com\/ProvenceCotedAzurEvents\" \/>\n<meta property=\"og:image\" content=\"https:\/\/www.linkeus.fr\/wp-content\/uploads\/2021\/07\/pce-image-resaux-sociaux-scaled.jpg\" \/>\n\t<meta property=\"og:image:width\" content=\"2560\" \/>\n\t<meta property=\"og:image:height\" content=\"1204\" \/>\n\t<meta property=\"og:image:type\" content=\"image\/jpeg\" \/>\n<meta name=\"twitter:card\" content=\"summary_large_image\" \/>\n<meta name=\"twitter:label1\" content=\"Est. reading time\" \/>\n\t<meta name=\"twitter:data1\" content=\"2 minutes\" \/>\n<script type=\"application\/ld+json\" class=\"yoast-schema-graph\">{\"@context\":\"https:\/\/schema.org\",\"@graph\":[{\"@type\":\"WebPage\",\"@id\":\"https:\/\/www.linkeus.fr\/en\/produit\/mandelieu-congress-expo-center-2\/\",\"url\":\"https:\/\/www.linkeus.fr\/en\/produit\/mandelieu-congress-expo-center-2\/\",\"name\":\"Mandelieu Congress Expo Center - Linkeus Provence C\u00f4te d&#039;Azur Events\",\"isPartOf\":{\"@id\":\"https:\/\/www.linkeus.fr\/#website\"},\"datePublished\":\"2025-11-26T10:23:28+00:00\",\"dateModified\":\"2025-11-26T10:23:28+00:00\",\"breadcrumb\":{\"@id\":\"https:\/\/www.linkeus.fr\/en\/produit\/mandelieu-congress-expo-center-2\/#breadcrumb\"},\"inLanguage\":\"en-US\",\"potentialAction\":[{\"@type\":\"ReadAction\",\"target\":[\"https:\/\/www.linkeus.fr\/en\/produit\/mandelieu-congress-expo-center-2\/\"]}]},{\"@type\":\"BreadcrumbList\",\"@id\":\"https:\/\/www.linkeus.fr\/en\/produit\/mandelieu-congress-expo-center-2\/#breadcrumb\",\"itemListElement\":[{\"@type\":\"ListItem\",\"position\":1,\"name\":\"Accueil\",\"item\":\"https:\/\/www.linkeus.fr\/en\/\"},{\"@type\":\"ListItem\",\"position\":2,\"name\":\"Produits\",\"item\":\"https:\/\/www.linkeus.fr\/shop\/\"},{\"@type\":\"ListItem\",\"position\":3,\"name\":\"Mandelieu Congress Expo Center\"}]},{\"@type\":\"WebSite\",\"@id\":\"https:\/\/www.linkeus.fr\/#website\",\"url\":\"https:\/\/www.linkeus.fr\/\",\"name\":\"Linkeus Provence C\u00f4te d&#039;Azur Events\",\"description\":\"Le bureau des congr\u00e8s regional : l&#039;interlocuteur privil\u00e9gi\u00e9 pour l&#039;organisation de vos \u00e9v\u00e8nements professionnels en Provence Alpes C\u00f4te d&#039;Azur\",\"publisher\":{\"@id\":\"https:\/\/www.linkeus.fr\/#organization\"},\"potentialAction\":[{\"@type\":\"SearchAction\",\"target\":{\"@type\":\"EntryPoint\",\"urlTemplate\":\"https:\/\/www.linkeus.fr\/?s={search_term_string}\"},\"query-input\":{\"@type\":\"PropertyValueSpecification\",\"valueRequired\":true,\"valueName\":\"search_term_string\"}}],\"inLanguage\":\"en-US\"},{\"@type\":\"Organization\",\"@id\":\"https:\/\/www.linkeus.fr\/#organization\",\"name\":\"Linkeus Provence C\u00f4te d&#039;Azur Events\",\"url\":\"https:\/\/www.linkeus.fr\/\",\"logo\":{\"@type\":\"ImageObject\",\"inLanguage\":\"en-US\",\"@id\":\"https:\/\/www.linkeus.fr\/#\/schema\/logo\/image\/\",\"url\":\"https:\/\/www.linkeus.fr\/wp-content\/uploads\/2022\/09\/log-linkeus290.png\",\"contentUrl\":\"https:\/\/www.linkeus.fr\/wp-content\/uploads\/2022\/09\/log-linkeus290.png\",\"width\":290,\"height\":100,\"caption\":\"Linkeus Provence C\u00f4te d&#039;Azur Events\"},\"image\":{\"@id\":\"https:\/\/www.linkeus.fr\/#\/schema\/logo\/image\/\"},\"sameAs\":[\"https:\/\/www.facebook.com\/ProvenceCotedAzurEvents\"]}]}<\/script>\n<!-- \/ Yoast SEO plugin. -->","yoast_head_json":{"title":"Mandelieu Congress Expo Center - Linkeus Provence C\u00f4te d&#039;Azur Events","robots":{"index":"index","follow":"follow","max-snippet":"max-snippet:-1","max-image-preview":"max-image-preview:large","max-video-preview":"max-video-preview:-1"},"canonical":"https:\/\/www.linkeus.fr\/en\/produit\/mandelieu-congress-expo-center-2\/","og_locale":"en_US","og_type":"article","og_title":"Mandelieu Congress Expo Center - Linkeus Provence C\u00f4te d&#039;Azur Events","og_description":"Built in the heart of Mandelieu-La Napoule, the Centre Expo Congr\u00e8s has been, for 15 years now, one of the key assets contributing to the tourist appeal of this seaside town located in the very heart of the C\u00f4te d\u2019Azur. Featuring modular facilities and a strong, professional team supported by an ecosystem accustomed to meeting [&hellip;]","og_url":"https:\/\/www.linkeus.fr\/en\/produit\/mandelieu-congress-expo-center-2\/","og_site_name":"Linkeus Provence C\u00f4te d&#039;Azur Events","article_publisher":"https:\/\/www.facebook.com\/ProvenceCotedAzurEvents","og_image":[{"width":2560,"height":1204,"url":"https:\/\/www.linkeus.fr\/wp-content\/uploads\/2021\/07\/pce-image-resaux-sociaux-scaled.jpg","type":"image\/jpeg"}],"twitter_card":"summary_large_image","twitter_misc":{"Est. reading time":"2 minutes"},"schema":{"@context":"https:\/\/schema.org","@graph":[{"@type":"WebPage","@id":"https:\/\/www.linkeus.fr\/en\/produit\/mandelieu-congress-expo-center-2\/","url":"https:\/\/www.linkeus.fr\/en\/produit\/mandelieu-congress-expo-center-2\/","name":"Mandelieu Congress Expo Center - Linkeus Provence C\u00f4te d&#039;Azur Events","isPartOf":{"@id":"https:\/\/www.linkeus.fr\/#website"},"datePublished":"2025-11-26T10:23:28+00:00","dateModified":"2025-11-26T10:23:28+00:00","breadcrumb":{"@id":"https:\/\/www.linkeus.fr\/en\/produit\/mandelieu-congress-expo-center-2\/#breadcrumb"},"inLanguage":"en-US","potentialAction":[{"@type":"ReadAction","target":["https:\/\/www.linkeus.fr\/en\/produit\/mandelieu-congress-expo-center-2\/"]}]},{"@type":"BreadcrumbList","@id":"https:\/\/www.linkeus.fr\/en\/produit\/mandelieu-congress-expo-center-2\/#breadcrumb","itemListElement":[{"@type":"ListItem","position":1,"name":"Accueil","item":"https:\/\/www.linkeus.fr\/en\/"},{"@type":"ListItem","position":2,"name":"Produits","item":"https:\/\/www.linkeus.fr\/shop\/"},{"@type":"ListItem","position":3,"name":"Mandelieu Congress Expo Center"}]},{"@type":"WebSite","@id":"https:\/\/www.linkeus.fr\/#website","url":"https:\/\/www.linkeus.fr\/","name":"Linkeus Provence C\u00f4te d&#039;Azur Events","description":"Le bureau des congr\u00e8s regional : l&#039;interlocuteur privil\u00e9gi\u00e9 pour l&#039;organisation de vos \u00e9v\u00e8nements professionnels en Provence Alpes C\u00f4te d&#039;Azur","publisher":{"@id":"https:\/\/www.linkeus.fr\/#organization"},"potentialAction":[{"@type":"SearchAction","target":{"@type":"EntryPoint","urlTemplate":"https:\/\/www.linkeus.fr\/?s={search_term_string}"},"query-input":{"@type":"PropertyValueSpecification","valueRequired":true,"valueName":"search_term_string"}}],"inLanguage":"en-US"},{"@type":"Organization","@id":"https:\/\/www.linkeus.fr\/#organization","name":"Linkeus Provence C\u00f4te d&#039;Azur Events","url":"https:\/\/www.linkeus.fr\/","logo":{"@type":"ImageObject","inLanguage":"en-US","@id":"https:\/\/www.linkeus.fr\/#\/schema\/logo\/image\/","url":"https:\/\/www.linkeus.fr\/wp-content\/uploads\/2022\/09\/log-linkeus290.png","contentUrl":"https:\/\/www.linkeus.fr\/wp-content\/uploads\/2022\/09\/log-linkeus290.png","width":290,"height":100,"caption":"Linkeus Provence C\u00f4te d&#039;Azur Events"},"image":{"@id":"https:\/\/www.linkeus.fr\/#\/schema\/logo\/image\/"},"sameAs":["https:\/\/www.facebook.com\/ProvenceCotedAzurEvents"]}]}},"_links":{"self":[{"href":"https:\/\/www.linkeus.fr\/en\/wp-json\/wp\/v2\/product\/30377","targetHints":{"allow":["GET"]}}],"collection":[{"href":"https:\/\/www.linkeus.fr\/en\/wp-json\/wp\/v2\/product"}],"about":[{"href":"https:\/\/www.linkeus.fr\/en\/wp-json\/wp\/v2\/types\/product"}],"replies":[{"embeddable":true,"href":"https:\/\/www.linkeus.fr\/en\/wp-json\/wp\/v2\/comments?post=30377"}],"wp:attachment":[{"href":"https:\/\/www.linkeus.fr\/en\/wp-json\/wp\/v2\/media?parent=30377"}],"wp:term":[{"taxonomy":"product_cat","embeddable":true,"href":"https:\/\/www.linkeus.fr\/en\/wp-json\/wp\/v2\/product_cat?post=30377"},{"taxonomy":"product_tag","embeddable":true,"href":"https:\/\/www.linkeus.fr\/en\/wp-json\/wp\/v2\/product_tag?post=30377"}],"curies":[{"name":"wp","href":"https:\/\/api.w.org\/{rel}","templated":true}]}}