{"id":30316,"date":"2025-11-17T10:51:40","date_gmt":"2025-11-17T09:51:40","guid":{"rendered":"https:\/\/www.linkeus.fr\/produit\/provence-mediterranee-10\/"},"modified":"2025-11-17T10:51:40","modified_gmt":"2025-11-17T09:51:40","slug":"provence-mediterranee-10","status":"publish","type":"product","link":"https:\/\/www.linkeus.fr\/en\/produit\/provence-mediterranee-10\/","title":{"rendered":"Provence M\u00e9diterran\u00e9e"},"content":{"rendered":"<p data-start=\"60\" data-end=\"102\"><strong data-start=\"60\" data-end=\"100\">PROVENCE M\u00c9DITERRAN\u00c9E TOURIST OFFICE<\/strong><\/p>\n<p data-start=\"104\" data-end=\"462\">Sail through the bays of Toulon and Hy\u00e8res, visit the islands of Porquerolles and Embiez, embark from the peninsulas of Giens and Saint-Mandrier, stroll through the villages of Le Revest-les-Eaux and Carqueiranne, and taste the wines of La Crau and Le Pradet: every moment is an invitation to take your time in Provence M\u00e9diterran\u00e9e. We warmly welcome you.<\/p>\n<p data-start=\"469\" data-end=\"500\"><strong data-start=\"469\" data-end=\"498\">Live it all, live it well<\/strong><\/p>\n<p data-start=\"502\" data-end=\"801\">Between the sea and the hills, this exceptional land reveals its treasures around every corner, cove, and trail. The traveler\u2019s soul is nourished by breathtaking panoramas, hidden beaches, and preserved landscapes, as well as a rich culture that flourishes in vibrant towns and Proven\u00e7al villages.<\/p>\n<hr data-start=\"803\" data-end=\"806\" \/>\n<p data-start=\"808\" data-end=\"877\"><strong data-start=\"808\" data-end=\"875\">5 good reasons to host your next event in Provence M\u00e9diterran\u00e9e<\/strong><\/p>\n<ul data-start=\"879\" data-end=\"1993\">\n<li data-start=\"879\" data-end=\"1004\">\n<p data-start=\"881\" data-end=\"1004\"><strong data-start=\"881\" data-end=\"943\">A destination with many facets and preserved biodiversity:<\/strong> 12 towns, 4 islands, 2 peninsulas, 1 marine national park.<\/p>\n<\/li>\n<li data-start=\"1005\" data-end=\"1187\">\n<p data-start=\"1007\" data-end=\"1187\"><strong data-start=\"1007\" data-end=\"1033\">A rich cultural scene:<\/strong> exhibitions, the Carmignac Foundation, Villa Noailles, jazz, music, fashion, design, and photography festivals\u2026 Libert\u00e9-Ch\u00e2teauvallon National Theater.<\/p>\n<\/li>\n<li data-start=\"1188\" data-end=\"1527\">\n<p data-start=\"1190\" data-end=\"1527\"><strong data-start=\"1190\" data-end=\"1253\">An endless playground for leisure and incentive activities:<\/strong> paddleboarding, kayaking, diving, catamaran trips, hiking, mountain biking, dolphin-watching cruises, visits to the heart of the salt marsh bird sanctuary, Mayol Stadium tours, wine cruises in the bay, aperitif-p\u00e9tanque, gourmet walks, wine tastings, guided island tours\u2026<\/p>\n<\/li>\n<li data-start=\"1528\" data-end=\"1766\">\n<p data-start=\"1530\" data-end=\"1766\"><strong data-start=\"1530\" data-end=\"1612\">A southern lifestyle with a wide, high-quality offer suitable for all budgets:<\/strong> from wine estates to enjoying fresh oysters at a local shack, experience short-circuit consumption with local producers, restaurateurs, and winemakers.<\/p>\n<\/li>\n<li data-start=\"1767\" data-end=\"1993\">\n<p data-start=\"1769\" data-end=\"1993\"><strong data-start=\"1769\" data-end=\"1808\">Facilities adapted for all formats:<\/strong> auditoriums, conference and seminar rooms, exhibition spaces, dining areas, in town centers and by the sea, incredible venues for exceptional evenings on the mainland or the islands.<\/p>\n<\/li>\n<\/ul>\n<p data-start=\"2000\" data-end=\"2047\">\n<p data-start=\"2000\" data-end=\"2047\"><strong data-start=\"2000\" data-end=\"2045\">In summary, Provence M\u00e9diterran\u00e9e offers:<\/strong><\/p>\n<ul data-start=\"2049\" data-end=\"2416\">\n<li data-start=\"2049\" data-end=\"2095\">\n<p data-start=\"2051\" data-end=\"2095\">A destination to experience all year round<\/p>\n<\/li>\n<li data-start=\"2096\" data-end=\"2123\">\n<p data-start=\"2098\" data-end=\"2123\">A human-scale territory<\/p>\n<\/li>\n<li data-start=\"2124\" data-end=\"2156\">\n<p data-start=\"2126\" data-end=\"2156\">Guaranteed change of scenery<\/p>\n<\/li>\n<li data-start=\"2157\" data-end=\"2190\">\n<p data-start=\"2159\" data-end=\"2190\">Immersion in southern rhythms<\/p>\n<\/li>\n<li data-start=\"2191\" data-end=\"2241\">\n<p data-start=\"2193\" data-end=\"2241\">A wide variety of sites for your work sessions<\/p>\n<\/li>\n<li data-start=\"2242\" data-end=\"2337\">\n<p data-start=\"2244\" data-end=\"2337\">Accommodation of all comfort levels: resort hotels, 2- to 5-star hotels, holiday residences<\/p>\n<\/li>\n<li data-start=\"2338\" data-end=\"2416\">\n<p data-start=\"2340\" data-end=\"2416\">Dining options and leisure activities tailored to your project and desires<\/p>\n<\/li>\n<\/ul>\n<hr data-start=\"803\" data-end=\"806\" \/>\n<p data-start=\"2423\" data-end=\"2777\">Just 4 hours from Paris by train, Provence M\u00e9diterran\u00e9e awaits your congresses, seminars, general assemblies, team-building events, reward weekends\u2026 Our Groups service, a specialist for 30 years in organizing congresses, seminars, meetings, and professional events, and an expert of the destination, gives full attention to every stage of your project.<\/p>\n<p data-start=\"2784\" data-end=\"2902\"><strong data-start=\"2784\" data-end=\"2802\">Daily flights:<\/strong> Paris Orly \u2194 Toulon-Hy\u00e8res. Flight duration: 1h25.<br data-start=\"2853\" data-end=\"2856\" \/><strong data-start=\"2856\" data-end=\"2870\">Daily TGV:<\/strong> Paris \u2194 Toulon. Duration: 4h.<\/p>\n<p data-start=\"2904\" data-end=\"3088\"><strong data-start=\"2904\" data-end=\"2933\">Group accommodation form: <\/strong>https:\/\/www.provencemed.com\/journees-sejours-groupes\/hebergements-groupes\/<\/p>\n<p>\u00a9Tourisme Provence M\u00e9diterran\u00e9e \/ Laurent Parienti<\/p>\n","protected":false},"excerpt":{"rendered":"<p>PROVENCE M\u00c9DITERRAN\u00c9E TOURIST OFFICE Sail through the bays of Toulon and Hy\u00e8res, visit the islands of Porquerolles and Embiez, embark from the peninsulas of Giens and Saint-Mandrier, stroll through the villages of Le Revest-les-Eaux and Carqueiranne, and taste the wines of La Crau and Le Pradet: every moment is an invitation to take your time [&hellip;]<\/p>\n","protected":false},"featured_media":0,"comment_status":"closed","ping_status":"closed","template":"","meta":{"inline_featured_image":false},"product_cat":[],"product_tag":[],"class_list":{"0":"post-30316","1":"product","2":"type-product","3":"status-publish","6":"first","7":"instock","8":"virtual","9":"sold-individually","10":"purchasable","11":"product-type-listing_booking"},"yoast_head":"<!-- This site is optimized with the Yoast SEO plugin v24.0 - https:\/\/yoast.com\/wordpress\/plugins\/seo\/ -->\n<title>Provence M\u00e9diterran\u00e9e - Linkeus Provence C\u00f4te d&#039;Azur Events<\/title>\n<meta name=\"robots\" content=\"index, follow, max-snippet:-1, max-image-preview:large, max-video-preview:-1\" \/>\n<link rel=\"canonical\" href=\"https:\/\/www.linkeus.fr\/en\/produit\/provence-mediterranee-10\/\" \/>\n<meta property=\"og:locale\" content=\"en_US\" \/>\n<meta property=\"og:type\" content=\"article\" \/>\n<meta property=\"og:title\" content=\"Provence M\u00e9diterran\u00e9e - Linkeus Provence C\u00f4te d&#039;Azur Events\" \/>\n<meta property=\"og:description\" content=\"PROVENCE M\u00c9DITERRAN\u00c9E TOURIST OFFICE Sail through the bays of Toulon and Hy\u00e8res, visit the islands of Porquerolles and Embiez, embark from the peninsulas of Giens and Saint-Mandrier, stroll through the villages of Le Revest-les-Eaux and Carqueiranne, and taste the wines of La Crau and Le Pradet: every moment is an invitation to take your time [&hellip;]\" \/>\n<meta property=\"og:url\" content=\"https:\/\/www.linkeus.fr\/en\/produit\/provence-mediterranee-10\/\" \/>\n<meta property=\"og:site_name\" content=\"Linkeus Provence C\u00f4te d&#039;Azur Events\" \/>\n<meta property=\"article:publisher\" content=\"https:\/\/www.facebook.com\/ProvenceCotedAzurEvents\" \/>\n<meta property=\"og:image\" content=\"https:\/\/www.linkeus.fr\/wp-content\/uploads\/2021\/07\/pce-image-resaux-sociaux-scaled.jpg\" \/>\n\t<meta property=\"og:image:width\" content=\"2560\" \/>\n\t<meta property=\"og:image:height\" content=\"1204\" \/>\n\t<meta property=\"og:image:type\" content=\"image\/jpeg\" \/>\n<meta name=\"twitter:card\" content=\"summary_large_image\" \/>\n<meta name=\"twitter:label1\" content=\"Est. reading time\" \/>\n\t<meta name=\"twitter:data1\" content=\"2 minutes\" \/>\n<script type=\"application\/ld+json\" class=\"yoast-schema-graph\">{\"@context\":\"https:\/\/schema.org\",\"@graph\":[{\"@type\":\"WebPage\",\"@id\":\"https:\/\/www.linkeus.fr\/en\/produit\/provence-mediterranee-10\/\",\"url\":\"https:\/\/www.linkeus.fr\/en\/produit\/provence-mediterranee-10\/\",\"name\":\"Provence M\u00e9diterran\u00e9e - Linkeus Provence C\u00f4te d&#039;Azur Events\",\"isPartOf\":{\"@id\":\"https:\/\/www.linkeus.fr\/#website\"},\"datePublished\":\"2025-11-17T09:51:40+00:00\",\"dateModified\":\"2025-11-17T09:51:40+00:00\",\"breadcrumb\":{\"@id\":\"https:\/\/www.linkeus.fr\/en\/produit\/provence-mediterranee-10\/#breadcrumb\"},\"inLanguage\":\"en-US\",\"potentialAction\":[{\"@type\":\"ReadAction\",\"target\":[\"https:\/\/www.linkeus.fr\/en\/produit\/provence-mediterranee-10\/\"]}]},{\"@type\":\"BreadcrumbList\",\"@id\":\"https:\/\/www.linkeus.fr\/en\/produit\/provence-mediterranee-10\/#breadcrumb\",\"itemListElement\":[{\"@type\":\"ListItem\",\"position\":1,\"name\":\"Accueil\",\"item\":\"https:\/\/www.linkeus.fr\/en\/\"},{\"@type\":\"ListItem\",\"position\":2,\"name\":\"Produits\",\"item\":\"https:\/\/www.linkeus.fr\/shop\/\"},{\"@type\":\"ListItem\",\"position\":3,\"name\":\"Provence M\u00e9diterran\u00e9e\"}]},{\"@type\":\"WebSite\",\"@id\":\"https:\/\/www.linkeus.fr\/#website\",\"url\":\"https:\/\/www.linkeus.fr\/\",\"name\":\"Linkeus Provence C\u00f4te d&#039;Azur Events\",\"description\":\"Le bureau des congr\u00e8s regional : l&#039;interlocuteur privil\u00e9gi\u00e9 pour l&#039;organisation de vos \u00e9v\u00e8nements professionnels en Provence Alpes C\u00f4te d&#039;Azur\",\"publisher\":{\"@id\":\"https:\/\/www.linkeus.fr\/#organization\"},\"potentialAction\":[{\"@type\":\"SearchAction\",\"target\":{\"@type\":\"EntryPoint\",\"urlTemplate\":\"https:\/\/www.linkeus.fr\/?s={search_term_string}\"},\"query-input\":{\"@type\":\"PropertyValueSpecification\",\"valueRequired\":true,\"valueName\":\"search_term_string\"}}],\"inLanguage\":\"en-US\"},{\"@type\":\"Organization\",\"@id\":\"https:\/\/www.linkeus.fr\/#organization\",\"name\":\"Linkeus Provence C\u00f4te d&#039;Azur Events\",\"url\":\"https:\/\/www.linkeus.fr\/\",\"logo\":{\"@type\":\"ImageObject\",\"inLanguage\":\"en-US\",\"@id\":\"https:\/\/www.linkeus.fr\/#\/schema\/logo\/image\/\",\"url\":\"https:\/\/www.linkeus.fr\/wp-content\/uploads\/2022\/09\/log-linkeus290.png\",\"contentUrl\":\"https:\/\/www.linkeus.fr\/wp-content\/uploads\/2022\/09\/log-linkeus290.png\",\"width\":290,\"height\":100,\"caption\":\"Linkeus Provence C\u00f4te d&#039;Azur Events\"},\"image\":{\"@id\":\"https:\/\/www.linkeus.fr\/#\/schema\/logo\/image\/\"},\"sameAs\":[\"https:\/\/www.facebook.com\/ProvenceCotedAzurEvents\"]}]}<\/script>\n<!-- \/ Yoast SEO plugin. -->","yoast_head_json":{"title":"Provence M\u00e9diterran\u00e9e - Linkeus Provence C\u00f4te d&#039;Azur Events","robots":{"index":"index","follow":"follow","max-snippet":"max-snippet:-1","max-image-preview":"max-image-preview:large","max-video-preview":"max-video-preview:-1"},"canonical":"https:\/\/www.linkeus.fr\/en\/produit\/provence-mediterranee-10\/","og_locale":"en_US","og_type":"article","og_title":"Provence M\u00e9diterran\u00e9e - Linkeus Provence C\u00f4te d&#039;Azur Events","og_description":"PROVENCE M\u00c9DITERRAN\u00c9E TOURIST OFFICE Sail through the bays of Toulon and Hy\u00e8res, visit the islands of Porquerolles and Embiez, embark from the peninsulas of Giens and Saint-Mandrier, stroll through the villages of Le Revest-les-Eaux and Carqueiranne, and taste the wines of La Crau and Le Pradet: every moment is an invitation to take your time [&hellip;]","og_url":"https:\/\/www.linkeus.fr\/en\/produit\/provence-mediterranee-10\/","og_site_name":"Linkeus Provence C\u00f4te d&#039;Azur Events","article_publisher":"https:\/\/www.facebook.com\/ProvenceCotedAzurEvents","og_image":[{"width":2560,"height":1204,"url":"https:\/\/www.linkeus.fr\/wp-content\/uploads\/2021\/07\/pce-image-resaux-sociaux-scaled.jpg","type":"image\/jpeg"}],"twitter_card":"summary_large_image","twitter_misc":{"Est. reading time":"2 minutes"},"schema":{"@context":"https:\/\/schema.org","@graph":[{"@type":"WebPage","@id":"https:\/\/www.linkeus.fr\/en\/produit\/provence-mediterranee-10\/","url":"https:\/\/www.linkeus.fr\/en\/produit\/provence-mediterranee-10\/","name":"Provence M\u00e9diterran\u00e9e - Linkeus Provence C\u00f4te d&#039;Azur Events","isPartOf":{"@id":"https:\/\/www.linkeus.fr\/#website"},"datePublished":"2025-11-17T09:51:40+00:00","dateModified":"2025-11-17T09:51:40+00:00","breadcrumb":{"@id":"https:\/\/www.linkeus.fr\/en\/produit\/provence-mediterranee-10\/#breadcrumb"},"inLanguage":"en-US","potentialAction":[{"@type":"ReadAction","target":["https:\/\/www.linkeus.fr\/en\/produit\/provence-mediterranee-10\/"]}]},{"@type":"BreadcrumbList","@id":"https:\/\/www.linkeus.fr\/en\/produit\/provence-mediterranee-10\/#breadcrumb","itemListElement":[{"@type":"ListItem","position":1,"name":"Accueil","item":"https:\/\/www.linkeus.fr\/en\/"},{"@type":"ListItem","position":2,"name":"Produits","item":"https:\/\/www.linkeus.fr\/shop\/"},{"@type":"ListItem","position":3,"name":"Provence M\u00e9diterran\u00e9e"}]},{"@type":"WebSite","@id":"https:\/\/www.linkeus.fr\/#website","url":"https:\/\/www.linkeus.fr\/","name":"Linkeus Provence C\u00f4te d&#039;Azur Events","description":"Le bureau des congr\u00e8s regional : l&#039;interlocuteur privil\u00e9gi\u00e9 pour l&#039;organisation de vos \u00e9v\u00e8nements professionnels en Provence Alpes C\u00f4te d&#039;Azur","publisher":{"@id":"https:\/\/www.linkeus.fr\/#organization"},"potentialAction":[{"@type":"SearchAction","target":{"@type":"EntryPoint","urlTemplate":"https:\/\/www.linkeus.fr\/?s={search_term_string}"},"query-input":{"@type":"PropertyValueSpecification","valueRequired":true,"valueName":"search_term_string"}}],"inLanguage":"en-US"},{"@type":"Organization","@id":"https:\/\/www.linkeus.fr\/#organization","name":"Linkeus Provence C\u00f4te d&#039;Azur Events","url":"https:\/\/www.linkeus.fr\/","logo":{"@type":"ImageObject","inLanguage":"en-US","@id":"https:\/\/www.linkeus.fr\/#\/schema\/logo\/image\/","url":"https:\/\/www.linkeus.fr\/wp-content\/uploads\/2022\/09\/log-linkeus290.png","contentUrl":"https:\/\/www.linkeus.fr\/wp-content\/uploads\/2022\/09\/log-linkeus290.png","width":290,"height":100,"caption":"Linkeus Provence C\u00f4te d&#039;Azur Events"},"image":{"@id":"https:\/\/www.linkeus.fr\/#\/schema\/logo\/image\/"},"sameAs":["https:\/\/www.facebook.com\/ProvenceCotedAzurEvents"]}]}},"_links":{"self":[{"href":"https:\/\/www.linkeus.fr\/en\/wp-json\/wp\/v2\/product\/30316","targetHints":{"allow":["GET"]}}],"collection":[{"href":"https:\/\/www.linkeus.fr\/en\/wp-json\/wp\/v2\/product"}],"about":[{"href":"https:\/\/www.linkeus.fr\/en\/wp-json\/wp\/v2\/types\/product"}],"replies":[{"embeddable":true,"href":"https:\/\/www.linkeus.fr\/en\/wp-json\/wp\/v2\/comments?post=30316"}],"wp:attachment":[{"href":"https:\/\/www.linkeus.fr\/en\/wp-json\/wp\/v2\/media?parent=30316"}],"wp:term":[{"taxonomy":"product_cat","embeddable":true,"href":"https:\/\/www.linkeus.fr\/en\/wp-json\/wp\/v2\/product_cat?post=30316"},{"taxonomy":"product_tag","embeddable":true,"href":"https:\/\/www.linkeus.fr\/en\/wp-json\/wp\/v2\/product_tag?post=30316"}],"curies":[{"name":"wp","href":"https:\/\/api.w.org\/{rel}","templated":true}]}}