{"id":28577,"date":"2025-02-26T16:04:56","date_gmt":"2025-02-26T15:04:56","guid":{"rendered":"https:\/\/www.linkeus.fr\/produit\/brouillon-auto-13\/"},"modified":"2026-01-26T10:32:01","modified_gmt":"2026-01-26T09:32:01","slug":"brouillon-auto-13","status":"publish","type":"product","link":"https:\/\/www.linkeus.fr\/en\/produit\/brouillon-auto-13\/","title":{"rendered":"Agence Euphoriques"},"content":{"rendered":"<p style=\"font-weight: 400;\">Nous sommes des cr\u00e9atifs, concepteurs, producteurs, sc\u00e9nographes, d\u00e9veloppeurs. Nous sommes de Marseille et op\u00e9rons partout o\u00f9 se trouvent vos projets.<\/p>\n<p style=\"font-weight: 400;\">Nous cr\u00e9ons des passerelles entre les expertises de communication [strat\u00e9gie, dispositifs num\u00e9riques, production audiovisuelle, \u00e9v\u00e9nementiel] et entre les mondes r\u00e9els et digitaux. Nous vous \u00e9coutons pour imaginer avec vous des exp\u00e9riences in\u00e9dites. Nous sommes habit\u00e9s par vos projets, et inspir\u00e9s par les possibilit\u00e9s infinies de notre \u00e9poque.<\/p>\n<p style=\"font-weight: 400;\">Nous sommes Black Euphoria et Organik. Nous sommes euphoriques.<\/p>\n<ul>\n<li style=\"font-weight: 400;\">Banque Populaire M\u00e9diterran\u00e9e<\/li>\n<li style=\"font-weight: 400;\">Constructa<\/li>\n<li style=\"font-weight: 400;\">Voyage Priv\u00e9<\/li>\n<li style=\"font-weight: 400;\">Caisse d\u2019Epargne<\/li>\n<li style=\"font-weight: 400;\">Alinea<\/li>\n<li style=\"font-weight: 400;\">Universal<\/li>\n<li style=\"font-weight: 400;\">Sony Pictures<\/li>\n<li style=\"font-weight: 400;\">Eurovia,Pernod Ricard France<\/li>\n<li style=\"font-weight: 400;\">Industries mediterran\u00e9es<\/li>\n<li style=\"font-weight: 400;\">Netflix &#8230;<\/li>\n<\/ul>\n","protected":false},"excerpt":{"rendered":"<p>Nous sommes des cr\u00e9atifs, concepteurs, producteurs, sc\u00e9nographes, d\u00e9veloppeurs. Nous sommes de Marseille et op\u00e9rons partout o\u00f9 se trouvent vos projets. Nous cr\u00e9ons des passerelles entre les expertises de communication [strat\u00e9gie, dispositifs num\u00e9riques, production audiovisuelle, \u00e9v\u00e9nementiel] et entre les mondes r\u00e9els et digitaux. Nous vous \u00e9coutons pour imaginer avec vous des exp\u00e9riences in\u00e9dites. Nous sommes habit\u00e9s [&hellip;]<\/p>\n","protected":false},"featured_media":0,"comment_status":"closed","ping_status":"closed","template":"","meta":{"inline_featured_image":false},"product_cat":[30],"product_tag":[],"class_list":{"0":"post-28577","1":"product","2":"type-product","3":"status-publish","5":"product_cat-listeo-booking","7":"first","8":"instock","9":"virtual","10":"sold-individually","11":"purchasable","12":"product-type-listing_booking"},"yoast_head":"<!-- This site is optimized with the Yoast SEO plugin v24.0 - https:\/\/yoast.com\/wordpress\/plugins\/seo\/ -->\n<title>Agence Euphoriques - Linkeus Provence C\u00f4te d&#039;Azur Events<\/title>\n<meta name=\"robots\" content=\"index, follow, max-snippet:-1, max-image-preview:large, max-video-preview:-1\" \/>\n<link rel=\"canonical\" href=\"https:\/\/www.linkeus.fr\/en\/produit\/brouillon-auto-13\/\" \/>\n<meta property=\"og:locale\" content=\"en_US\" \/>\n<meta property=\"og:type\" content=\"article\" \/>\n<meta property=\"og:title\" content=\"Agence Euphoriques - Linkeus Provence C\u00f4te d&#039;Azur Events\" \/>\n<meta property=\"og:description\" content=\"Nous sommes des cr\u00e9atifs, concepteurs, producteurs, sc\u00e9nographes, d\u00e9veloppeurs. Nous sommes de Marseille et op\u00e9rons partout o\u00f9 se trouvent vos projets. Nous cr\u00e9ons des passerelles entre les expertises de communication [strat\u00e9gie, dispositifs num\u00e9riques, production audiovisuelle, \u00e9v\u00e9nementiel] et entre les mondes r\u00e9els et digitaux. Nous vous \u00e9coutons pour imaginer avec vous des exp\u00e9riences in\u00e9dites. Nous sommes habit\u00e9s [&hellip;]\" \/>\n<meta property=\"og:url\" content=\"https:\/\/www.linkeus.fr\/en\/produit\/brouillon-auto-13\/\" \/>\n<meta property=\"og:site_name\" content=\"Linkeus Provence C\u00f4te d&#039;Azur Events\" \/>\n<meta property=\"article:publisher\" content=\"https:\/\/www.facebook.com\/ProvenceCotedAzurEvents\" \/>\n<meta property=\"article:modified_time\" content=\"2026-01-26T09:32:01+00:00\" \/>\n<meta property=\"og:image\" content=\"https:\/\/www.linkeus.fr\/wp-content\/uploads\/2021\/07\/pce-image-resaux-sociaux-scaled.jpg\" \/>\n\t<meta property=\"og:image:width\" content=\"2560\" \/>\n\t<meta property=\"og:image:height\" content=\"1204\" \/>\n\t<meta property=\"og:image:type\" content=\"image\/jpeg\" \/>\n<meta name=\"twitter:card\" content=\"summary_large_image\" \/>\n<meta name=\"twitter:label1\" content=\"Est. reading time\" \/>\n\t<meta name=\"twitter:data1\" content=\"1 minute\" \/>\n<script type=\"application\/ld+json\" class=\"yoast-schema-graph\">{\"@context\":\"https:\/\/schema.org\",\"@graph\":[{\"@type\":\"WebPage\",\"@id\":\"https:\/\/www.linkeus.fr\/en\/produit\/brouillon-auto-13\/\",\"url\":\"https:\/\/www.linkeus.fr\/en\/produit\/brouillon-auto-13\/\",\"name\":\"Agence Euphoriques - Linkeus Provence C\u00f4te d&#039;Azur Events\",\"isPartOf\":{\"@id\":\"https:\/\/www.linkeus.fr\/#website\"},\"datePublished\":\"2025-02-26T15:04:56+00:00\",\"dateModified\":\"2026-01-26T09:32:01+00:00\",\"breadcrumb\":{\"@id\":\"https:\/\/www.linkeus.fr\/en\/produit\/brouillon-auto-13\/#breadcrumb\"},\"inLanguage\":\"en-US\",\"potentialAction\":[{\"@type\":\"ReadAction\",\"target\":[\"https:\/\/www.linkeus.fr\/en\/produit\/brouillon-auto-13\/\"]}]},{\"@type\":\"BreadcrumbList\",\"@id\":\"https:\/\/www.linkeus.fr\/en\/produit\/brouillon-auto-13\/#breadcrumb\",\"itemListElement\":[{\"@type\":\"ListItem\",\"position\":1,\"name\":\"Accueil\",\"item\":\"https:\/\/www.linkeus.fr\/en\/\"},{\"@type\":\"ListItem\",\"position\":2,\"name\":\"Produits\",\"item\":\"https:\/\/www.linkeus.fr\/shop\/\"},{\"@type\":\"ListItem\",\"position\":3,\"name\":\"Agence Euphoriques\"}]},{\"@type\":\"WebSite\",\"@id\":\"https:\/\/www.linkeus.fr\/#website\",\"url\":\"https:\/\/www.linkeus.fr\/\",\"name\":\"Linkeus Provence C\u00f4te d&#039;Azur Events\",\"description\":\"Le bureau des congr\u00e8s regional : l&#039;interlocuteur privil\u00e9gi\u00e9 pour l&#039;organisation de vos \u00e9v\u00e8nements professionnels en Provence Alpes C\u00f4te d&#039;Azur\",\"publisher\":{\"@id\":\"https:\/\/www.linkeus.fr\/#organization\"},\"potentialAction\":[{\"@type\":\"SearchAction\",\"target\":{\"@type\":\"EntryPoint\",\"urlTemplate\":\"https:\/\/www.linkeus.fr\/?s={search_term_string}\"},\"query-input\":{\"@type\":\"PropertyValueSpecification\",\"valueRequired\":true,\"valueName\":\"search_term_string\"}}],\"inLanguage\":\"en-US\"},{\"@type\":\"Organization\",\"@id\":\"https:\/\/www.linkeus.fr\/#organization\",\"name\":\"Linkeus Provence C\u00f4te d&#039;Azur Events\",\"url\":\"https:\/\/www.linkeus.fr\/\",\"logo\":{\"@type\":\"ImageObject\",\"inLanguage\":\"en-US\",\"@id\":\"https:\/\/www.linkeus.fr\/#\/schema\/logo\/image\/\",\"url\":\"https:\/\/www.linkeus.fr\/wp-content\/uploads\/2022\/09\/log-linkeus290.png\",\"contentUrl\":\"https:\/\/www.linkeus.fr\/wp-content\/uploads\/2022\/09\/log-linkeus290.png\",\"width\":290,\"height\":100,\"caption\":\"Linkeus Provence C\u00f4te d&#039;Azur Events\"},\"image\":{\"@id\":\"https:\/\/www.linkeus.fr\/#\/schema\/logo\/image\/\"},\"sameAs\":[\"https:\/\/www.facebook.com\/ProvenceCotedAzurEvents\"]}]}<\/script>\n<!-- \/ Yoast SEO plugin. -->","yoast_head_json":{"title":"Agence Euphoriques - Linkeus Provence C\u00f4te d&#039;Azur Events","robots":{"index":"index","follow":"follow","max-snippet":"max-snippet:-1","max-image-preview":"max-image-preview:large","max-video-preview":"max-video-preview:-1"},"canonical":"https:\/\/www.linkeus.fr\/en\/produit\/brouillon-auto-13\/","og_locale":"en_US","og_type":"article","og_title":"Agence Euphoriques - Linkeus Provence C\u00f4te d&#039;Azur Events","og_description":"Nous sommes des cr\u00e9atifs, concepteurs, producteurs, sc\u00e9nographes, d\u00e9veloppeurs. Nous sommes de Marseille et op\u00e9rons partout o\u00f9 se trouvent vos projets. Nous cr\u00e9ons des passerelles entre les expertises de communication [strat\u00e9gie, dispositifs num\u00e9riques, production audiovisuelle, \u00e9v\u00e9nementiel] et entre les mondes r\u00e9els et digitaux. Nous vous \u00e9coutons pour imaginer avec vous des exp\u00e9riences in\u00e9dites. Nous sommes habit\u00e9s [&hellip;]","og_url":"https:\/\/www.linkeus.fr\/en\/produit\/brouillon-auto-13\/","og_site_name":"Linkeus Provence C\u00f4te d&#039;Azur Events","article_publisher":"https:\/\/www.facebook.com\/ProvenceCotedAzurEvents","article_modified_time":"2026-01-26T09:32:01+00:00","og_image":[{"width":2560,"height":1204,"url":"https:\/\/www.linkeus.fr\/wp-content\/uploads\/2021\/07\/pce-image-resaux-sociaux-scaled.jpg","type":"image\/jpeg"}],"twitter_card":"summary_large_image","twitter_misc":{"Est. reading time":"1 minute"},"schema":{"@context":"https:\/\/schema.org","@graph":[{"@type":"WebPage","@id":"https:\/\/www.linkeus.fr\/en\/produit\/brouillon-auto-13\/","url":"https:\/\/www.linkeus.fr\/en\/produit\/brouillon-auto-13\/","name":"Agence Euphoriques - Linkeus Provence C\u00f4te d&#039;Azur Events","isPartOf":{"@id":"https:\/\/www.linkeus.fr\/#website"},"datePublished":"2025-02-26T15:04:56+00:00","dateModified":"2026-01-26T09:32:01+00:00","breadcrumb":{"@id":"https:\/\/www.linkeus.fr\/en\/produit\/brouillon-auto-13\/#breadcrumb"},"inLanguage":"en-US","potentialAction":[{"@type":"ReadAction","target":["https:\/\/www.linkeus.fr\/en\/produit\/brouillon-auto-13\/"]}]},{"@type":"BreadcrumbList","@id":"https:\/\/www.linkeus.fr\/en\/produit\/brouillon-auto-13\/#breadcrumb","itemListElement":[{"@type":"ListItem","position":1,"name":"Accueil","item":"https:\/\/www.linkeus.fr\/en\/"},{"@type":"ListItem","position":2,"name":"Produits","item":"https:\/\/www.linkeus.fr\/shop\/"},{"@type":"ListItem","position":3,"name":"Agence Euphoriques"}]},{"@type":"WebSite","@id":"https:\/\/www.linkeus.fr\/#website","url":"https:\/\/www.linkeus.fr\/","name":"Linkeus Provence C\u00f4te d&#039;Azur Events","description":"Le bureau des congr\u00e8s regional : l&#039;interlocuteur privil\u00e9gi\u00e9 pour l&#039;organisation de vos \u00e9v\u00e8nements professionnels en Provence Alpes C\u00f4te d&#039;Azur","publisher":{"@id":"https:\/\/www.linkeus.fr\/#organization"},"potentialAction":[{"@type":"SearchAction","target":{"@type":"EntryPoint","urlTemplate":"https:\/\/www.linkeus.fr\/?s={search_term_string}"},"query-input":{"@type":"PropertyValueSpecification","valueRequired":true,"valueName":"search_term_string"}}],"inLanguage":"en-US"},{"@type":"Organization","@id":"https:\/\/www.linkeus.fr\/#organization","name":"Linkeus Provence C\u00f4te d&#039;Azur Events","url":"https:\/\/www.linkeus.fr\/","logo":{"@type":"ImageObject","inLanguage":"en-US","@id":"https:\/\/www.linkeus.fr\/#\/schema\/logo\/image\/","url":"https:\/\/www.linkeus.fr\/wp-content\/uploads\/2022\/09\/log-linkeus290.png","contentUrl":"https:\/\/www.linkeus.fr\/wp-content\/uploads\/2022\/09\/log-linkeus290.png","width":290,"height":100,"caption":"Linkeus Provence C\u00f4te d&#039;Azur Events"},"image":{"@id":"https:\/\/www.linkeus.fr\/#\/schema\/logo\/image\/"},"sameAs":["https:\/\/www.facebook.com\/ProvenceCotedAzurEvents"]}]}},"_links":{"self":[{"href":"https:\/\/www.linkeus.fr\/en\/wp-json\/wp\/v2\/product\/28577","targetHints":{"allow":["GET"]}}],"collection":[{"href":"https:\/\/www.linkeus.fr\/en\/wp-json\/wp\/v2\/product"}],"about":[{"href":"https:\/\/www.linkeus.fr\/en\/wp-json\/wp\/v2\/types\/product"}],"replies":[{"embeddable":true,"href":"https:\/\/www.linkeus.fr\/en\/wp-json\/wp\/v2\/comments?post=28577"}],"wp:attachment":[{"href":"https:\/\/www.linkeus.fr\/en\/wp-json\/wp\/v2\/media?parent=28577"}],"wp:term":[{"taxonomy":"product_cat","embeddable":true,"href":"https:\/\/www.linkeus.fr\/en\/wp-json\/wp\/v2\/product_cat?post=28577"},{"taxonomy":"product_tag","embeddable":true,"href":"https:\/\/www.linkeus.fr\/en\/wp-json\/wp\/v2\/product_tag?post=28577"}],"curies":[{"name":"wp","href":"https:\/\/api.w.org\/{rel}","templated":true}]}}