{"id":21470,"date":"2022-02-15T10:58:16","date_gmt":"2022-02-15T09:58:16","guid":{"rendered":"https:\/\/www.linkeus.fr\/produit\/brouillon-auto-5\/"},"modified":"2022-02-15T10:59:30","modified_gmt":"2022-02-15T09:59:30","slug":"brouillon-auto-5","status":"publish","type":"product","link":"https:\/\/www.linkeus.fr\/en\/produit\/brouillon-auto-5\/","title":{"rendered":"Vintage Roads &#8211; Location de voitures vintage pour vos s\u00e9minaires d\u2019entreprises et \u00e9v\u00e9nements."},"content":{"rendered":"<p>Envie de faire un s\u00e9minaire original et insolite ? D\u00e9couvrez notre r\u00e9gion en voitures<br \/>\nvintage. En 2CV, Combi Van, M\u00e9hari ou Coccinelle, choisissez votre v\u00e9hicule et vivez une<br \/>\nnouvelle exp\u00e9rience.<br \/>\nAvec une capacit\u00e9 de 170 personnes, organisez un rallye d\u2019entreprise comme vous le<br \/>\nsouhaitez. Faites des \u00e9quipes, mettez un peu de challenge, vous obtiendrez une bonne<br \/>\nambiance, un s\u00e9minaire r\u00e9ussi et des liens renforc\u00e9s !<br \/>\nA la demi-journ\u00e9e, journ\u00e9e ou sur plusieurs jours, nous proposons des offres<br \/>\npersonnalis\u00e9es.<br \/>\nMarseille, Nice, Saint Tropez, Cannes, Saint R\u00e9my de Provence, Avignon, Aix en<br \/>\nProvence\u2026 organisez votre s\u00e9minaire partout dans le Sud de la France.<br \/>\nVous souhaitez un ou plusieurs v\u00e9hicules pour une soir\u00e9e d\u2019inauguration ou un<br \/>\n\u00e9v\u00e9nement, stickez le v\u00e9hicule aux couleurs de votre entreprise et ajoutez une touche<br \/>\nvintage \u00e0 votre projet.<\/p>\n","protected":false},"excerpt":{"rendered":"<p>Envie de faire un s\u00e9minaire original et insolite ? D\u00e9couvrez notre r\u00e9gion en voitures vintage. En 2CV, Combi Van, M\u00e9hari ou Coccinelle, choisissez votre v\u00e9hicule et vivez une nouvelle exp\u00e9rience. Avec une capacit\u00e9 de 170 personnes, organisez un rallye d\u2019entreprise comme vous le souhaitez. Faites des \u00e9quipes, mettez un peu de challenge, vous obtiendrez une [&hellip;]<\/p>\n","protected":false},"featured_media":21456,"comment_status":"open","ping_status":"closed","template":"","meta":{"inline_featured_image":false},"product_cat":[30],"product_tag":[],"class_list":{"0":"post-21470","1":"product","2":"type-product","3":"status-publish","4":"has-post-thumbnail","6":"product_cat-listeo-booking","8":"first","9":"instock","10":"virtual","11":"sold-individually","12":"purchasable","13":"product-type-listing_booking"},"yoast_head":"<!-- This site is optimized with the Yoast SEO plugin v24.0 - https:\/\/yoast.com\/wordpress\/plugins\/seo\/ -->\n<title>Vintage Roads - Location de voitures vintage pour vos s\u00e9minaires d\u2019entreprises et \u00e9v\u00e9nements. - Linkeus Provence C\u00f4te d&#039;Azur Events<\/title>\n<meta name=\"robots\" content=\"index, follow, max-snippet:-1, max-image-preview:large, max-video-preview:-1\" \/>\n<link rel=\"canonical\" href=\"https:\/\/www.linkeus.fr\/en\/produit\/brouillon-auto-5\/\" \/>\n<meta property=\"og:locale\" content=\"en_US\" \/>\n<meta property=\"og:type\" content=\"article\" \/>\n<meta property=\"og:title\" content=\"Vintage Roads - Location de voitures vintage pour vos s\u00e9minaires d\u2019entreprises et \u00e9v\u00e9nements. - Linkeus Provence C\u00f4te d&#039;Azur Events\" \/>\n<meta property=\"og:description\" content=\"Envie de faire un s\u00e9minaire original et insolite ? D\u00e9couvrez notre r\u00e9gion en voitures vintage. En 2CV, Combi Van, M\u00e9hari ou Coccinelle, choisissez votre v\u00e9hicule et vivez une nouvelle exp\u00e9rience. Avec une capacit\u00e9 de 170 personnes, organisez un rallye d\u2019entreprise comme vous le souhaitez. Faites des \u00e9quipes, mettez un peu de challenge, vous obtiendrez une [&hellip;]\" \/>\n<meta property=\"og:url\" content=\"https:\/\/www.linkeus.fr\/en\/produit\/brouillon-auto-5\/\" \/>\n<meta property=\"og:site_name\" content=\"Linkeus Provence C\u00f4te d&#039;Azur Events\" \/>\n<meta property=\"article:publisher\" content=\"https:\/\/www.facebook.com\/ProvenceCotedAzurEvents\" \/>\n<meta property=\"article:modified_time\" content=\"2022-02-15T09:59:30+00:00\" \/>\n<meta property=\"og:image\" content=\"https:\/\/www.linkeus.fr\/wp-content\/uploads\/2022\/02\/2CV-en-Provence-chez-Yes-Provence-Copie.png\" \/>\n\t<meta property=\"og:image:width\" content=\"1200\" \/>\n\t<meta property=\"og:image:height\" content=\"800\" \/>\n\t<meta property=\"og:image:type\" content=\"image\/png\" \/>\n<meta name=\"twitter:card\" content=\"summary_large_image\" \/>\n<meta name=\"twitter:label1\" content=\"Est. reading time\" \/>\n\t<meta name=\"twitter:data1\" content=\"1 minute\" \/>\n<script type=\"application\/ld+json\" class=\"yoast-schema-graph\">{\"@context\":\"https:\/\/schema.org\",\"@graph\":[{\"@type\":\"WebPage\",\"@id\":\"https:\/\/www.linkeus.fr\/en\/produit\/brouillon-auto-5\/\",\"url\":\"https:\/\/www.linkeus.fr\/en\/produit\/brouillon-auto-5\/\",\"name\":\"Vintage Roads - Location de voitures vintage pour vos s\u00e9minaires d\u2019entreprises et \u00e9v\u00e9nements. - Linkeus Provence C\u00f4te d&#039;Azur Events\",\"isPartOf\":{\"@id\":\"https:\/\/www.linkeus.fr\/#website\"},\"primaryImageOfPage\":{\"@id\":\"https:\/\/www.linkeus.fr\/en\/produit\/brouillon-auto-5\/#primaryimage\"},\"image\":{\"@id\":\"https:\/\/www.linkeus.fr\/en\/produit\/brouillon-auto-5\/#primaryimage\"},\"thumbnailUrl\":\"https:\/\/www.linkeus.fr\/wp-content\/uploads\/2022\/02\/2CV-en-Provence-chez-Yes-Provence-Copie.png\",\"datePublished\":\"2022-02-15T09:58:16+00:00\",\"dateModified\":\"2022-02-15T09:59:30+00:00\",\"breadcrumb\":{\"@id\":\"https:\/\/www.linkeus.fr\/en\/produit\/brouillon-auto-5\/#breadcrumb\"},\"inLanguage\":\"en-US\",\"potentialAction\":[{\"@type\":\"ReadAction\",\"target\":[\"https:\/\/www.linkeus.fr\/en\/produit\/brouillon-auto-5\/\"]}]},{\"@type\":\"ImageObject\",\"inLanguage\":\"en-US\",\"@id\":\"https:\/\/www.linkeus.fr\/en\/produit\/brouillon-auto-5\/#primaryimage\",\"url\":\"https:\/\/www.linkeus.fr\/wp-content\/uploads\/2022\/02\/2CV-en-Provence-chez-Yes-Provence-Copie.png\",\"contentUrl\":\"https:\/\/www.linkeus.fr\/wp-content\/uploads\/2022\/02\/2CV-en-Provence-chez-Yes-Provence-Copie.png\",\"width\":1200,\"height\":800},{\"@type\":\"BreadcrumbList\",\"@id\":\"https:\/\/www.linkeus.fr\/en\/produit\/brouillon-auto-5\/#breadcrumb\",\"itemListElement\":[{\"@type\":\"ListItem\",\"position\":1,\"name\":\"Accueil\",\"item\":\"https:\/\/www.linkeus.fr\/en\/\"},{\"@type\":\"ListItem\",\"position\":2,\"name\":\"Produits\",\"item\":\"https:\/\/www.linkeus.fr\/shop\/\"},{\"@type\":\"ListItem\",\"position\":3,\"name\":\"Vintage Roads &#8211; Location de voitures vintage pour vos s\u00e9minaires d\u2019entreprises et \u00e9v\u00e9nements.\"}]},{\"@type\":\"WebSite\",\"@id\":\"https:\/\/www.linkeus.fr\/#website\",\"url\":\"https:\/\/www.linkeus.fr\/\",\"name\":\"Linkeus Provence C\u00f4te d&#039;Azur Events\",\"description\":\"Le bureau des congr\u00e8s regional : l&#039;interlocuteur privil\u00e9gi\u00e9 pour l&#039;organisation de vos \u00e9v\u00e8nements professionnels en Provence Alpes C\u00f4te d&#039;Azur\",\"publisher\":{\"@id\":\"https:\/\/www.linkeus.fr\/#organization\"},\"potentialAction\":[{\"@type\":\"SearchAction\",\"target\":{\"@type\":\"EntryPoint\",\"urlTemplate\":\"https:\/\/www.linkeus.fr\/?s={search_term_string}\"},\"query-input\":{\"@type\":\"PropertyValueSpecification\",\"valueRequired\":true,\"valueName\":\"search_term_string\"}}],\"inLanguage\":\"en-US\"},{\"@type\":\"Organization\",\"@id\":\"https:\/\/www.linkeus.fr\/#organization\",\"name\":\"Linkeus Provence C\u00f4te d&#039;Azur Events\",\"url\":\"https:\/\/www.linkeus.fr\/\",\"logo\":{\"@type\":\"ImageObject\",\"inLanguage\":\"en-US\",\"@id\":\"https:\/\/www.linkeus.fr\/#\/schema\/logo\/image\/\",\"url\":\"https:\/\/www.linkeus.fr\/wp-content\/uploads\/2022\/09\/log-linkeus290.png\",\"contentUrl\":\"https:\/\/www.linkeus.fr\/wp-content\/uploads\/2022\/09\/log-linkeus290.png\",\"width\":290,\"height\":100,\"caption\":\"Linkeus Provence C\u00f4te d&#039;Azur Events\"},\"image\":{\"@id\":\"https:\/\/www.linkeus.fr\/#\/schema\/logo\/image\/\"},\"sameAs\":[\"https:\/\/www.facebook.com\/ProvenceCotedAzurEvents\"]}]}<\/script>\n<!-- \/ Yoast SEO plugin. -->","yoast_head_json":{"title":"Vintage Roads - Location de voitures vintage pour vos s\u00e9minaires d\u2019entreprises et \u00e9v\u00e9nements. - Linkeus Provence C\u00f4te d&#039;Azur Events","robots":{"index":"index","follow":"follow","max-snippet":"max-snippet:-1","max-image-preview":"max-image-preview:large","max-video-preview":"max-video-preview:-1"},"canonical":"https:\/\/www.linkeus.fr\/en\/produit\/brouillon-auto-5\/","og_locale":"en_US","og_type":"article","og_title":"Vintage Roads - Location de voitures vintage pour vos s\u00e9minaires d\u2019entreprises et \u00e9v\u00e9nements. - Linkeus Provence C\u00f4te d&#039;Azur Events","og_description":"Envie de faire un s\u00e9minaire original et insolite ? D\u00e9couvrez notre r\u00e9gion en voitures vintage. En 2CV, Combi Van, M\u00e9hari ou Coccinelle, choisissez votre v\u00e9hicule et vivez une nouvelle exp\u00e9rience. Avec une capacit\u00e9 de 170 personnes, organisez un rallye d\u2019entreprise comme vous le souhaitez. Faites des \u00e9quipes, mettez un peu de challenge, vous obtiendrez une [&hellip;]","og_url":"https:\/\/www.linkeus.fr\/en\/produit\/brouillon-auto-5\/","og_site_name":"Linkeus Provence C\u00f4te d&#039;Azur Events","article_publisher":"https:\/\/www.facebook.com\/ProvenceCotedAzurEvents","article_modified_time":"2022-02-15T09:59:30+00:00","og_image":[{"width":1200,"height":800,"url":"https:\/\/www.linkeus.fr\/wp-content\/uploads\/2022\/02\/2CV-en-Provence-chez-Yes-Provence-Copie.png","type":"image\/png"}],"twitter_card":"summary_large_image","twitter_misc":{"Est. reading time":"1 minute"},"schema":{"@context":"https:\/\/schema.org","@graph":[{"@type":"WebPage","@id":"https:\/\/www.linkeus.fr\/en\/produit\/brouillon-auto-5\/","url":"https:\/\/www.linkeus.fr\/en\/produit\/brouillon-auto-5\/","name":"Vintage Roads - Location de voitures vintage pour vos s\u00e9minaires d\u2019entreprises et \u00e9v\u00e9nements. - Linkeus Provence C\u00f4te d&#039;Azur Events","isPartOf":{"@id":"https:\/\/www.linkeus.fr\/#website"},"primaryImageOfPage":{"@id":"https:\/\/www.linkeus.fr\/en\/produit\/brouillon-auto-5\/#primaryimage"},"image":{"@id":"https:\/\/www.linkeus.fr\/en\/produit\/brouillon-auto-5\/#primaryimage"},"thumbnailUrl":"https:\/\/www.linkeus.fr\/wp-content\/uploads\/2022\/02\/2CV-en-Provence-chez-Yes-Provence-Copie.png","datePublished":"2022-02-15T09:58:16+00:00","dateModified":"2022-02-15T09:59:30+00:00","breadcrumb":{"@id":"https:\/\/www.linkeus.fr\/en\/produit\/brouillon-auto-5\/#breadcrumb"},"inLanguage":"en-US","potentialAction":[{"@type":"ReadAction","target":["https:\/\/www.linkeus.fr\/en\/produit\/brouillon-auto-5\/"]}]},{"@type":"ImageObject","inLanguage":"en-US","@id":"https:\/\/www.linkeus.fr\/en\/produit\/brouillon-auto-5\/#primaryimage","url":"https:\/\/www.linkeus.fr\/wp-content\/uploads\/2022\/02\/2CV-en-Provence-chez-Yes-Provence-Copie.png","contentUrl":"https:\/\/www.linkeus.fr\/wp-content\/uploads\/2022\/02\/2CV-en-Provence-chez-Yes-Provence-Copie.png","width":1200,"height":800},{"@type":"BreadcrumbList","@id":"https:\/\/www.linkeus.fr\/en\/produit\/brouillon-auto-5\/#breadcrumb","itemListElement":[{"@type":"ListItem","position":1,"name":"Accueil","item":"https:\/\/www.linkeus.fr\/en\/"},{"@type":"ListItem","position":2,"name":"Produits","item":"https:\/\/www.linkeus.fr\/shop\/"},{"@type":"ListItem","position":3,"name":"Vintage Roads &#8211; Location de voitures vintage pour vos s\u00e9minaires d\u2019entreprises et \u00e9v\u00e9nements."}]},{"@type":"WebSite","@id":"https:\/\/www.linkeus.fr\/#website","url":"https:\/\/www.linkeus.fr\/","name":"Linkeus Provence C\u00f4te d&#039;Azur Events","description":"Le bureau des congr\u00e8s regional : l&#039;interlocuteur privil\u00e9gi\u00e9 pour l&#039;organisation de vos \u00e9v\u00e8nements professionnels en Provence Alpes C\u00f4te d&#039;Azur","publisher":{"@id":"https:\/\/www.linkeus.fr\/#organization"},"potentialAction":[{"@type":"SearchAction","target":{"@type":"EntryPoint","urlTemplate":"https:\/\/www.linkeus.fr\/?s={search_term_string}"},"query-input":{"@type":"PropertyValueSpecification","valueRequired":true,"valueName":"search_term_string"}}],"inLanguage":"en-US"},{"@type":"Organization","@id":"https:\/\/www.linkeus.fr\/#organization","name":"Linkeus Provence C\u00f4te d&#039;Azur Events","url":"https:\/\/www.linkeus.fr\/","logo":{"@type":"ImageObject","inLanguage":"en-US","@id":"https:\/\/www.linkeus.fr\/#\/schema\/logo\/image\/","url":"https:\/\/www.linkeus.fr\/wp-content\/uploads\/2022\/09\/log-linkeus290.png","contentUrl":"https:\/\/www.linkeus.fr\/wp-content\/uploads\/2022\/09\/log-linkeus290.png","width":290,"height":100,"caption":"Linkeus Provence C\u00f4te d&#039;Azur Events"},"image":{"@id":"https:\/\/www.linkeus.fr\/#\/schema\/logo\/image\/"},"sameAs":["https:\/\/www.facebook.com\/ProvenceCotedAzurEvents"]}]}},"_links":{"self":[{"href":"https:\/\/www.linkeus.fr\/en\/wp-json\/wp\/v2\/product\/21470","targetHints":{"allow":["GET"]}}],"collection":[{"href":"https:\/\/www.linkeus.fr\/en\/wp-json\/wp\/v2\/product"}],"about":[{"href":"https:\/\/www.linkeus.fr\/en\/wp-json\/wp\/v2\/types\/product"}],"replies":[{"embeddable":true,"href":"https:\/\/www.linkeus.fr\/en\/wp-json\/wp\/v2\/comments?post=21470"}],"wp:featuredmedia":[{"embeddable":true,"href":"https:\/\/www.linkeus.fr\/en\/wp-json\/wp\/v2\/media\/21456"}],"wp:attachment":[{"href":"https:\/\/www.linkeus.fr\/en\/wp-json\/wp\/v2\/media?parent=21470"}],"wp:term":[{"taxonomy":"product_cat","embeddable":true,"href":"https:\/\/www.linkeus.fr\/en\/wp-json\/wp\/v2\/product_cat?post=21470"},{"taxonomy":"product_tag","embeddable":true,"href":"https:\/\/www.linkeus.fr\/en\/wp-json\/wp\/v2\/product_tag?post=21470"}],"curies":[{"name":"wp","href":"https:\/\/api.w.org\/{rel}","templated":true}]}}