{"id":27839,"date":"2020-12-01T11:26:06","date_gmt":"2020-12-01T10:26:06","guid":{"rendered":"https:\/\/www.linkeus.fr\/linkeus-innovation-evenementiel\/"},"modified":"2024-09-19T16:32:50","modified_gmt":"2024-09-19T14:32:50","slug":"linkeus-innovation-evenementiel","status":"publish","type":"page","link":"https:\/\/www.linkeus.fr\/en\/linkeus-innovation-evenementiel\/","title":{"rendered":"LINKEUS PROVENCE-ALPES-COTE D&#8217;AZUR SUPPORT"},"content":{"rendered":"<div class=\"wpb-content-wrapper\"><p>[vc_row][vc_column]<h3 style=\"font-weight:normal;text-align:center;\" class=\"headline margin-top-15 margin-bottom-35 headline-box    headline-aligned-to-center  headline-with-subtitle  \">WE SUPPORT YOUR INNOVATIONS<span>Agility - Development - Excellence<\/span><\/h3>[\/vc_column][\/vc_row][vc_row][vc_column][vc_column_text css=&#8221;&#8221;]Our region&#8217;s competitiveness in the professional events market relies on the skills and commitment of our professionals. That&#8217;s why we offer training, incubation and acceleration services.[\/vc_column_text][\/vc_column][\/vc_row][vc_row][vc_column]<h3 style=\"font-weight:normal;text-align:left;\" class=\"headline margin-top-15 margin-bottom-35 headline-box    headline-aligned-to-left  \">OUR VOCATION<\/h3>[vc_column_text css=&#8221;&#8221;]LINKEUS Provence-Alpes-C\u00f4te d&#8217;Azur Formation Incubation Acc\u00e9l\u00e9ration is the service platform for innovation in the MICE (Meetings, Incentives, Conventions, Events and Exhibitions) sector. LINKEUS fosters the growth of companies through innovation, sharing knowledge and experience, and promoting actions, beneficiaries and results, with a view to enhancing skills.[\/vc_column_text][\/vc_column][\/vc_row][vc_row][vc_column]<h3 style=\"font-weight:normal;text-align:left;\" class=\"headline margin-top-15 margin-bottom-35 headline-box    headline-aligned-to-left  \">OUR SERVICES<\/h3>[\/vc_column][\/vc_row][vc_row][vc_column width=&#8221;1\/3&#8243;]<div class=\"card-picto\">\n          <div class=\"card-picto__title\">CONTINUOUS TRAINING<\/div>\n     <div class=\"card-picto__subtitle\">Professionals in event organisation and the promotion of business tourism<\/div>\n          <div class=\"text-center picto-btn-wrapper\">\n          <a class=\"btn btn-pce-green\" href=\"https:\/\/www.linkeus.fr\/linkeus-innovation-evenementiel\/linkeus-formation-continue-evenementiel\/\" target=\"_blank\">En savoir +<\/a>\n     <\/div>\n     <\/div>[\/vc_column][vc_column width=&#8221;1\/3&#8243;]<div class=\"card-picto\">\n          <div class=\"card-picto__title\">INCUBATION<\/div>\n     <div class=\"card-picto__subtitle\">Start-ups or innovative solution providers<\/div>\n          <div class=\"text-center picto-btn-wrapper\">\n          <a class=\"btn btn-pce-green\" href=\"https:\/\/www.linkeus.fr\/linkeus-incubation-start-up-evenementiel\/\" target=\"_blank\">En savoir +<\/a>\n     <\/div>\n     <\/div>[\/vc_column][vc_column width=&#8221;1\/3&#8243;]<div class=\"card-picto\">\n          <div class=\"card-picto__title\">ACCELERATION<\/div>\n     <div class=\"card-picto__subtitle\">Events companies<\/div>\n          <div class=\"text-center picto-btn-wrapper\">\n          <a class=\"btn btn-pce-green\" href=\"https:\/\/www.linkeus.fr\/linkeus-acceleration\/\" target=\"_blank\">En savoir +<\/a>\n     <\/div>\n     <\/div>[\/vc_column][\/vc_row][vc_row][vc_column]<h3 style=\"font-weight:normal;text-align:left;\" class=\"headline margin-top-15 margin-bottom-35 headline-box    headline-aligned-to-left  \">RECEIVE OUR NEWSLETTER<\/h3>[vc_column_text css=&#8221;&#8221;]<\/p>\n<div class=\"wpb_column vc_column_container vc_col-sm-6\">\n<div class=\"vc_column-inner\">\n<div class=\"wpb_wrapper\">\n<div class=\"wpb_text_column wpb_content_element \">\n<div class=\"wpb_wrapper\">\n<ul>\n<li>Upcoming training courses<\/li>\n<li>News from our start-ups and innovations in our sector<\/li>\n<li>Support for your development<\/li>\n<li>And also trends, industry news and studies<\/li>\n<\/ul>\n<\/div>\n<\/div>\n<\/div>\n<\/div>\n<\/div>\n<p>[\/vc_column_text]<div class=\"text-center\">\n    <a class=\"btn btn-pce-green\" href=\"https:\/\/docs.google.com\/forms\/d\/e\/1FAIpQLScaRecRS0w-1Atk8XBPps8I7sPfEig_yoayn4Sh2Jb-q3fLrg\/viewform\" target=\"\">S'inscrire \u00e0 la newsletter<\/a>\n<\/div>[\/vc_column][\/vc_row][vc_row][vc_column][vc_empty_space][\/vc_column][\/vc_row][vc_row][vc_column]<h3 style=\"font-weight:normal;text-align:left;\" class=\"headline margin-top-15 margin-bottom-35 headline-box    headline-aligned-to-left  \">WHY HAVE YOU DEVELOPED THIS NEW SERVICES PLATFORM?<\/h3>[vc_column_text css=&#8221;&#8221;]LINKEUS is convinced that technological and user innovation will strengthen the leadership and attractiveness of the<a href=\"https:\/\/www.maregionsud.fr\/\"> Provence-Alpes-C\u00f4te d&#8217;Azur destination<\/a>. With the support of the South Provence-Alpes-C\u00f4te d&#8217;Azur Region, LINKEUS is committed to stimulating the growth of its members through innovation, the sharing of knowledge and experience, and the development of projects, with a view to enhancing the skills of its member companies.<\/p>\n<p>Operational since January 2021, <a href=\"https:\/\/incubateurpca.org\/\">LINKEUS PROVENCE-ALPES-COTE D&#8217;AZUR FORMATION INCUBATION ACCELERATION<\/a> responds to the needs expressed by all event industry players and supports them in their transformation process thanks to a comprehensive course including:<\/p>\n<ul>\n<li>awareness-raising campaigns<\/li>\n<li>initial and continuing training<\/li>\n<li>incubation services for start-ups and new solutions<\/li>\n<li>support for business growth<\/li>\n<\/ul>\n<p>These are just some of the services launched in collaboration with the Incubateur Provence C\u00f4te d&#8217;Azur, which is rethinking new formats for events and accelerating innovation to help businesses grow.[\/vc_column_text][\/vc_column][\/vc_row]<\/p>\n<\/div>","protected":false},"excerpt":{"rendered":"<p>[vc_row][vc_column][\/vc_column][\/vc_row][vc_row][vc_column][vc_column_text css=&#8221;&#8221;]Our region&#8217;s competitiveness in the professional events market relies on the skills and commitment of our professionals. That&#8217;s why we offer training, incubation and acceleration services.[\/vc_column_text][\/vc_column][\/vc_row][vc_row][vc_column][vc_column_text css=&#8221;&#8221;]LINKEUS Provence-Alpes-C\u00f4te d&#8217;Azur Formation Incubation Acc\u00e9l\u00e9ration is the service platform for innovation in the MICE (Meetings, Incentives, Conventions, Events and Exhibitions) sector. LINKEUS fosters the growth of companies [&hellip;]<\/p>\n","protected":false},"author":3,"featured_media":0,"parent":0,"menu_order":0,"comment_status":"closed","ping_status":"closed","template":"","meta":{"inline_featured_image":false,"footnotes":""},"class_list":["post-27839","page","type-page","status-publish","hentry"],"yoast_head":"<!-- This site is optimized with the Yoast SEO plugin v24.0 - https:\/\/yoast.com\/wordpress\/plugins\/seo\/ -->\n<title>LINKEUS PROVENCE-ALPES-COTE D&#039;AZUR SUPPORT - Linkeus Provence C\u00f4te d&#039;Azur Events<\/title>\n<meta name=\"description\" content=\"Services de formation, incubation, acc\u00e9l\u00e9ration, permettant de repenser l\u2019\u00e9v\u00e9nementiel sous de nouveaux formats et d\u2019acc\u00e9l\u00e9rer les innovations\" \/>\n<meta name=\"robots\" content=\"index, follow, max-snippet:-1, max-image-preview:large, max-video-preview:-1\" \/>\n<link rel=\"canonical\" href=\"https:\/\/www.linkeus.fr\/en\/linkeus-innovation-evenementiel\/\" \/>\n<meta property=\"og:locale\" content=\"en_US\" \/>\n<meta property=\"og:type\" content=\"article\" \/>\n<meta property=\"og:title\" content=\"LINKEUS PROVENCE-ALPES-COTE D&#039;AZUR SUPPORT - Linkeus Provence C\u00f4te d&#039;Azur Events\" \/>\n<meta property=\"og:description\" content=\"Services de formation, incubation, acc\u00e9l\u00e9ration, permettant de repenser l\u2019\u00e9v\u00e9nementiel sous de nouveaux formats et d\u2019acc\u00e9l\u00e9rer les innovations\" \/>\n<meta property=\"og:url\" content=\"https:\/\/www.linkeus.fr\/en\/linkeus-innovation-evenementiel\/\" \/>\n<meta property=\"og:site_name\" content=\"Linkeus Provence C\u00f4te d&#039;Azur Events\" \/>\n<meta property=\"article:publisher\" content=\"https:\/\/www.facebook.com\/ProvenceCotedAzurEvents\" \/>\n<meta property=\"article:modified_time\" content=\"2024-09-19T14:32:50+00:00\" \/>\n<meta property=\"og:image\" content=\"https:\/\/www.linkeus.fr\/wp-content\/uploads\/2021\/07\/pce-image-resaux-sociaux-scaled.jpg\" \/>\n\t<meta property=\"og:image:width\" content=\"2560\" \/>\n\t<meta property=\"og:image:height\" content=\"1204\" \/>\n\t<meta property=\"og:image:type\" content=\"image\/jpeg\" \/>\n<meta name=\"twitter:card\" content=\"summary_large_image\" \/>\n<meta name=\"twitter:label1\" content=\"Est. reading time\" \/>\n\t<meta name=\"twitter:data1\" content=\"2 minutes\" \/>\n<script type=\"application\/ld+json\" class=\"yoast-schema-graph\">{\"@context\":\"https:\/\/schema.org\",\"@graph\":[{\"@type\":\"WebPage\",\"@id\":\"https:\/\/www.linkeus.fr\/en\/linkeus-innovation-evenementiel\/\",\"url\":\"https:\/\/www.linkeus.fr\/en\/linkeus-innovation-evenementiel\/\",\"name\":\"LINKEUS PROVENCE-ALPES-COTE D'AZUR SUPPORT - Linkeus Provence C\u00f4te d&#039;Azur Events\",\"isPartOf\":{\"@id\":\"https:\/\/www.linkeus.fr\/#website\"},\"datePublished\":\"2020-12-01T10:26:06+00:00\",\"dateModified\":\"2024-09-19T14:32:50+00:00\",\"description\":\"Services de formation, incubation, acc\u00e9l\u00e9ration, permettant de repenser l\u2019\u00e9v\u00e9nementiel sous de nouveaux formats et d\u2019acc\u00e9l\u00e9rer les innovations\",\"breadcrumb\":{\"@id\":\"https:\/\/www.linkeus.fr\/en\/linkeus-innovation-evenementiel\/#breadcrumb\"},\"inLanguage\":\"en-US\",\"potentialAction\":[{\"@type\":\"ReadAction\",\"target\":[\"https:\/\/www.linkeus.fr\/en\/linkeus-innovation-evenementiel\/\"]}]},{\"@type\":\"BreadcrumbList\",\"@id\":\"https:\/\/www.linkeus.fr\/en\/linkeus-innovation-evenementiel\/#breadcrumb\",\"itemListElement\":[{\"@type\":\"ListItem\",\"position\":1,\"name\":\"Accueil\",\"item\":\"https:\/\/www.linkeus.fr\/en\/\"},{\"@type\":\"ListItem\",\"position\":2,\"name\":\"LINKEUS PROVENCE-ALPES-COTE D&rsquo;AZUR SUPPORT\"}]},{\"@type\":\"WebSite\",\"@id\":\"https:\/\/www.linkeus.fr\/#website\",\"url\":\"https:\/\/www.linkeus.fr\/\",\"name\":\"Linkeus Provence C\u00f4te d&#039;Azur Events\",\"description\":\"Le bureau des congr\u00e8s regional : l&#039;interlocuteur privil\u00e9gi\u00e9 pour l&#039;organisation de vos \u00e9v\u00e8nements professionnels en Provence Alpes C\u00f4te d&#039;Azur\",\"publisher\":{\"@id\":\"https:\/\/www.linkeus.fr\/#organization\"},\"potentialAction\":[{\"@type\":\"SearchAction\",\"target\":{\"@type\":\"EntryPoint\",\"urlTemplate\":\"https:\/\/www.linkeus.fr\/?s={search_term_string}\"},\"query-input\":{\"@type\":\"PropertyValueSpecification\",\"valueRequired\":true,\"valueName\":\"search_term_string\"}}],\"inLanguage\":\"en-US\"},{\"@type\":\"Organization\",\"@id\":\"https:\/\/www.linkeus.fr\/#organization\",\"name\":\"Linkeus Provence C\u00f4te d&#039;Azur Events\",\"url\":\"https:\/\/www.linkeus.fr\/\",\"logo\":{\"@type\":\"ImageObject\",\"inLanguage\":\"en-US\",\"@id\":\"https:\/\/www.linkeus.fr\/#\/schema\/logo\/image\/\",\"url\":\"https:\/\/www.linkeus.fr\/wp-content\/uploads\/2022\/09\/log-linkeus290.png\",\"contentUrl\":\"https:\/\/www.linkeus.fr\/wp-content\/uploads\/2022\/09\/log-linkeus290.png\",\"width\":290,\"height\":100,\"caption\":\"Linkeus Provence C\u00f4te d&#039;Azur Events\"},\"image\":{\"@id\":\"https:\/\/www.linkeus.fr\/#\/schema\/logo\/image\/\"},\"sameAs\":[\"https:\/\/www.facebook.com\/ProvenceCotedAzurEvents\"]}]}<\/script>\n<!-- \/ Yoast SEO plugin. -->","yoast_head_json":{"title":"LINKEUS PROVENCE-ALPES-COTE D'AZUR SUPPORT - Linkeus Provence C\u00f4te d&#039;Azur Events","description":"Services de formation, incubation, acc\u00e9l\u00e9ration, permettant de repenser l\u2019\u00e9v\u00e9nementiel sous de nouveaux formats et d\u2019acc\u00e9l\u00e9rer les innovations","robots":{"index":"index","follow":"follow","max-snippet":"max-snippet:-1","max-image-preview":"max-image-preview:large","max-video-preview":"max-video-preview:-1"},"canonical":"https:\/\/www.linkeus.fr\/en\/linkeus-innovation-evenementiel\/","og_locale":"en_US","og_type":"article","og_title":"LINKEUS PROVENCE-ALPES-COTE D'AZUR SUPPORT - Linkeus Provence C\u00f4te d&#039;Azur Events","og_description":"Services de formation, incubation, acc\u00e9l\u00e9ration, permettant de repenser l\u2019\u00e9v\u00e9nementiel sous de nouveaux formats et d\u2019acc\u00e9l\u00e9rer les innovations","og_url":"https:\/\/www.linkeus.fr\/en\/linkeus-innovation-evenementiel\/","og_site_name":"Linkeus Provence C\u00f4te d&#039;Azur Events","article_publisher":"https:\/\/www.facebook.com\/ProvenceCotedAzurEvents","article_modified_time":"2024-09-19T14:32:50+00:00","og_image":[{"width":2560,"height":1204,"url":"https:\/\/www.linkeus.fr\/wp-content\/uploads\/2021\/07\/pce-image-resaux-sociaux-scaled.jpg","type":"image\/jpeg"}],"twitter_card":"summary_large_image","twitter_misc":{"Est. reading time":"2 minutes"},"schema":{"@context":"https:\/\/schema.org","@graph":[{"@type":"WebPage","@id":"https:\/\/www.linkeus.fr\/en\/linkeus-innovation-evenementiel\/","url":"https:\/\/www.linkeus.fr\/en\/linkeus-innovation-evenementiel\/","name":"LINKEUS PROVENCE-ALPES-COTE D'AZUR SUPPORT - Linkeus Provence C\u00f4te d&#039;Azur Events","isPartOf":{"@id":"https:\/\/www.linkeus.fr\/#website"},"datePublished":"2020-12-01T10:26:06+00:00","dateModified":"2024-09-19T14:32:50+00:00","description":"Services de formation, incubation, acc\u00e9l\u00e9ration, permettant de repenser l\u2019\u00e9v\u00e9nementiel sous de nouveaux formats et d\u2019acc\u00e9l\u00e9rer les innovations","breadcrumb":{"@id":"https:\/\/www.linkeus.fr\/en\/linkeus-innovation-evenementiel\/#breadcrumb"},"inLanguage":"en-US","potentialAction":[{"@type":"ReadAction","target":["https:\/\/www.linkeus.fr\/en\/linkeus-innovation-evenementiel\/"]}]},{"@type":"BreadcrumbList","@id":"https:\/\/www.linkeus.fr\/en\/linkeus-innovation-evenementiel\/#breadcrumb","itemListElement":[{"@type":"ListItem","position":1,"name":"Accueil","item":"https:\/\/www.linkeus.fr\/en\/"},{"@type":"ListItem","position":2,"name":"LINKEUS PROVENCE-ALPES-COTE D&rsquo;AZUR SUPPORT"}]},{"@type":"WebSite","@id":"https:\/\/www.linkeus.fr\/#website","url":"https:\/\/www.linkeus.fr\/","name":"Linkeus Provence C\u00f4te d&#039;Azur Events","description":"Le bureau des congr\u00e8s regional : l&#039;interlocuteur privil\u00e9gi\u00e9 pour l&#039;organisation de vos \u00e9v\u00e8nements professionnels en Provence Alpes C\u00f4te d&#039;Azur","publisher":{"@id":"https:\/\/www.linkeus.fr\/#organization"},"potentialAction":[{"@type":"SearchAction","target":{"@type":"EntryPoint","urlTemplate":"https:\/\/www.linkeus.fr\/?s={search_term_string}"},"query-input":{"@type":"PropertyValueSpecification","valueRequired":true,"valueName":"search_term_string"}}],"inLanguage":"en-US"},{"@type":"Organization","@id":"https:\/\/www.linkeus.fr\/#organization","name":"Linkeus Provence C\u00f4te d&#039;Azur Events","url":"https:\/\/www.linkeus.fr\/","logo":{"@type":"ImageObject","inLanguage":"en-US","@id":"https:\/\/www.linkeus.fr\/#\/schema\/logo\/image\/","url":"https:\/\/www.linkeus.fr\/wp-content\/uploads\/2022\/09\/log-linkeus290.png","contentUrl":"https:\/\/www.linkeus.fr\/wp-content\/uploads\/2022\/09\/log-linkeus290.png","width":290,"height":100,"caption":"Linkeus Provence C\u00f4te d&#039;Azur Events"},"image":{"@id":"https:\/\/www.linkeus.fr\/#\/schema\/logo\/image\/"},"sameAs":["https:\/\/www.facebook.com\/ProvenceCotedAzurEvents"]}]}},"_links":{"self":[{"href":"https:\/\/www.linkeus.fr\/en\/wp-json\/wp\/v2\/pages\/27839","targetHints":{"allow":["GET"]}}],"collection":[{"href":"https:\/\/www.linkeus.fr\/en\/wp-json\/wp\/v2\/pages"}],"about":[{"href":"https:\/\/www.linkeus.fr\/en\/wp-json\/wp\/v2\/types\/page"}],"author":[{"embeddable":true,"href":"https:\/\/www.linkeus.fr\/en\/wp-json\/wp\/v2\/users\/3"}],"replies":[{"embeddable":true,"href":"https:\/\/www.linkeus.fr\/en\/wp-json\/wp\/v2\/comments?post=27839"}],"version-history":[{"count":4,"href":"https:\/\/www.linkeus.fr\/en\/wp-json\/wp\/v2\/pages\/27839\/revisions"}],"predecessor-version":[{"id":27844,"href":"https:\/\/www.linkeus.fr\/en\/wp-json\/wp\/v2\/pages\/27839\/revisions\/27844"}],"wp:attachment":[{"href":"https:\/\/www.linkeus.fr\/en\/wp-json\/wp\/v2\/media?parent=27839"}],"curies":[{"name":"wp","href":"https:\/\/api.w.org\/{rel}","templated":true}]}}