{"id":27817,"date":"2024-07-18T15:26:50","date_gmt":"2024-07-18T13:26:50","guid":{"rendered":"https:\/\/www.linkeus.fr\/espace-employeur\/"},"modified":"2024-09-17T16:52:07","modified_gmt":"2024-09-17T14:52:07","slug":"espace-employeur","status":"publish","type":"page","link":"https:\/\/www.linkeus.fr\/en\/espace-employeur\/","title":{"rendered":"Employers\u2019 area"},"content":{"rendered":"<div class=\"wpb-content-wrapper\"><p>[vc_row][vc_column][vc_column_text css=&#8221;&#8221;]<\/p>\n<div class=\"page-emploi\">\n<section class=\"intro-section\">\n<h1 style=\"text-align: center;\">Welcome to the employers&#8217; area<\/h1>\n<p style=\"text-align: center;\">Discover and find the profile that suits you best:<\/p>\n<\/section>\n<\/div>\n<p>[\/vc_column_text][\/vc_column][\/vc_row][vc_row][vc_column width=&#8221;1\/2&#8243;][vc_hoverbox image=&#8221;27338&#8243; primary_title=&#8221;Search for a permanent contract&#8221; primary_title_font_container=&#8221;color:%23ffffff&#8221; primary_title_use_theme_fonts=&#8221;yes&#8221; hover_title=&#8221;Event sector&#8221; hover_background_color=&#8221;custom&#8221; hover_btn_title=&#8221;Discover the profile&#8221; use_custom_fonts_primary_title=&#8221;true&#8221; hover_add_button=&#8221;true&#8221; hover_custom_background=&#8221;#ffffff&#8221; hover_btn_link=&#8221;url:https%3A%2F%2Fwww.linkeus.fr%2Fwp-content%2Fuploads%2F2024%2F07%2FElise-Houssin-CV.pdf|target:_blank&#8221;][\/vc_hoverbox][\/vc_column][vc_column width=&#8221;1\/2&#8243;][vc_hoverbox image=&#8221;27338&#8243; primary_title=&#8221;Search for a work-study placement `{`1 year`}`&#8221; primary_title_font_container=&#8221;color:%23ffffff&#8221; primary_title_use_theme_fonts=&#8221;yes&#8221; hover_title=&#8221;Digital Communications sector&#8221; hover_background_color=&#8221;custom&#8221; hover_btn_title=&#8221;Discover the profile&#8221; use_custom_fonts_primary_title=&#8221;true&#8221; hover_add_button=&#8221;true&#8221; hover_custom_background=&#8221;#ffffff&#8221; hover_btn_link=&#8221;url:https%3A%2F%2Fwww.linkeus.fr%2Fwp-content%2Fuploads%2F2024%2F07%2FCV-Isabelle-Bouacou.pdf|target:_blank&#8221;][\/vc_hoverbox][\/vc_column][\/vc_row][vc_row][vc_column][vc_empty_space][\/vc_column][\/vc_row][vc_row][vc_column width=&#8221;1\/2&#8243;][vc_hoverbox image=&#8221;27338&#8243; primary_title=&#8221;Search for a work-study placement `{`1 year`}`&#8221; primary_title_font_container=&#8221;color:%23ffffff&#8221; primary_title_use_theme_fonts=&#8221;yes&#8221; hover_title=&#8221;Tourism sector (Marketing, Travel)&#8221; hover_background_color=&#8221;custom&#8221; hover_btn_title=&#8221;Discover the profile&#8221; use_custom_fonts_primary_title=&#8221;true&#8221; hover_add_button=&#8221;true&#8221; hover_custom_background=&#8221;#ffffff&#8221; hover_btn_link=&#8221;url:https%3A%2F%2Fwww.linkeus.fr%2Fwp-content%2Fuploads%2F2024%2F07%2FCV-Zineb-Dinial.pdf|target:_blank&#8221;][\/vc_hoverbox][\/vc_column][vc_column width=&#8221;1\/2&#8243;][vc_hoverbox image=&#8221;27338&#8243; primary_title=&#8221;Search for a work-study placement `{`1 year`}`&#8221; primary_title_font_container=&#8221;color:%23ffffff&#8221; primary_title_use_theme_fonts=&#8221;yes&#8221; hover_title=&#8221;Communication sector&#8221; hover_background_color=&#8221;custom&#8221; hover_btn_title=&#8221;Discover the profile&#8221; use_custom_fonts_primary_title=&#8221;true&#8221; hover_add_button=&#8221;true&#8221; hover_custom_background=&#8221;#ffffff&#8221; hover_btn_link=&#8221;url:https%3A%2F%2Fwww.linkeus.fr%2Fwp-content%2Fuploads%2F2024%2F07%2FVERNET-Marie-Amelie-CV.pdf|target:_blank&#8221;][\/vc_hoverbox][\/vc_column][\/vc_row][vc_row][vc_column][vc_empty_space][\/vc_column][\/vc_row][vc_row][vc_column width=&#8221;1\/2&#8243;][vc_hoverbox image=&#8221;27338&#8243; primary_title=&#8221;Search for a work-study placement&#8221; primary_title_font_container=&#8221;color:%23ffffff&#8221; primary_title_use_theme_fonts=&#8221;yes&#8221; hover_title=&#8221;Tourism sector&#8221; hover_background_color=&#8221;custom&#8221; hover_btn_title=&#8221;Discover the profile&#8221; use_custom_fonts_primary_title=&#8221;true&#8221; hover_add_button=&#8221;true&#8221; hover_custom_background=&#8221;#ffffff&#8221; hover_btn_link=&#8221;url:https%3A%2F%2Fwww.linkeus.fr%2Fwp-content%2Fuploads%2F2024%2F07%2FCV-Sara-KERBOUA.pdf|target:_blank&#8221;][\/vc_hoverbox][\/vc_column][vc_column width=&#8221;1\/2&#8243;][vc_hoverbox image=&#8221;27338&#8243; primary_title=&#8221;Search for a work-study placement `{`1 year`}`&#8221; primary_title_font_container=&#8221;color:%23ffffff&#8221; primary_title_use_theme_fonts=&#8221;yes&#8221; hover_title=&#8221;Events, tourism and production sector&#8221; hover_background_color=&#8221;custom&#8221; hover_btn_title=&#8221;Discover the profile&#8221; use_custom_fonts_primary_title=&#8221;true&#8221; hover_add_button=&#8221;true&#8221; hover_custom_background=&#8221;#ffffff&#8221; hover_btn_link=&#8221;url:https%3A%2F%2Fwww.linkeus.fr%2Fwp-content%2Fuploads%2F2024%2F07%2FCV-Leonie-LAMORLETTE.pdf|target:_blank&#8221;][\/vc_hoverbox][\/vc_column][\/vc_row][vc_row][vc_column][vc_empty_space][\/vc_column][\/vc_row][vc_row][vc_column width=&#8221;1\/2&#8243;][vc_hoverbox image=&#8221;27338&#8243; primary_title=&#8221;Search for a permanent contract&#8221; primary_title_font_container=&#8221;color:%23ffffff&#8221; primary_title_use_theme_fonts=&#8221;yes&#8221; hover_title=&#8221;Tourism, events and MICE sector&#8221; hover_background_color=&#8221;custom&#8221; hover_btn_title=&#8221;Discover the profile&#8221; use_custom_fonts_primary_title=&#8221;true&#8221; hover_add_button=&#8221;true&#8221; hover_custom_background=&#8221;#ffffff&#8221; hover_btn_link=&#8221;url:https%3A%2F%2Fwww.linkeus.fr%2Fwp-content%2Fuploads%2F2024%2F07%2FCV-Virginie-Allaire-virginie-allaire.pdf|target:_blank&#8221;][\/vc_hoverbox][\/vc_column][vc_column width=&#8221;1\/2&#8243;][vc_hoverbox image=&#8221;27338&#8243; primary_title=&#8221;Search for a work-study placement `{`1 year`}`&#8221; primary_title_font_container=&#8221;color:%23ffffff&#8221; primary_title_use_theme_fonts=&#8221;yes&#8221; hover_title=&#8221;Hotel sector&#8221; hover_background_color=&#8221;custom&#8221; hover_btn_title=&#8221;Discover the profile&#8221; use_custom_fonts_primary_title=&#8221;true&#8221; hover_add_button=&#8221;true&#8221; hover_custom_background=&#8221;#ffffff&#8221; hover_btn_link=&#8221;url:https%3A%2F%2Fwww.linkeus.fr%2Fwp-content%2Fuploads%2F2024%2F07%2FBENFELLA-SOFIANE-MBA-2023.pdf-2-Sofiane-BENFELLA.pdf|target:_blank&#8221;][\/vc_hoverbox][\/vc_column][\/vc_row][vc_row][vc_column][vc_empty_space][\/vc_column][\/vc_row][vc_row][vc_column width=&#8221;1\/2&#8243;][vc_hoverbox image=&#8221;27338&#8243; primary_title=&#8221;Search for a work-study placement `{`1 year`}`&#8221; primary_title_font_container=&#8221;color:%23ffffff&#8221; primary_title_use_theme_fonts=&#8221;yes&#8221; hover_title=&#8221;Tourism, events, tourism product design sector&#8221; hover_background_color=&#8221;custom&#8221; hover_btn_title=&#8221;Discover the profile&#8221; use_custom_fonts_primary_title=&#8221;true&#8221; hover_add_button=&#8221;true&#8221; hover_custom_background=&#8221;#ffffff&#8221; hover_btn_link=&#8221;url:https%3A%2F%2Fwww.linkeus.fr%2Fwp-content%2Fuploads%2F2024%2F07%2FCV-de-Eva-PERRISSIN-FABERT-Eva-PERRISSIN-FABERT.pdf|target:_blank&#8221;][\/vc_hoverbox][\/vc_column][vc_column width=&#8221;1\/2&#8243;][vc_hoverbox image=&#8221;27338&#8243; primary_title=&#8221;Search for a work-study placement `{`1 year`}`&#8221; primary_title_font_container=&#8221;color:%23ffffff&#8221; primary_title_use_theme_fonts=&#8221;yes&#8221; hover_title=&#8221;Communication\/Marketing sector&#8221; hover_background_color=&#8221;custom&#8221; hover_btn_title=&#8221;Discover the profile&#8221; use_custom_fonts_primary_title=&#8221;true&#8221; hover_add_button=&#8221;true&#8221; hover_custom_background=&#8221;#ffffff&#8221; hover_btn_link=&#8221;url:https%3A%2F%2Fwww.linkeus.fr%2Fwp-content%2Fuploads%2F2024%2F07%2FCV-HEDI-BARKALLAH.pdf|target:_blank&#8221;][\/vc_hoverbox][\/vc_column][\/vc_row][vc_row][vc_column][vc_empty_space][\/vc_column][\/vc_row][vc_row][vc_column width=&#8221;1\/2&#8243;][vc_hoverbox image=&#8221;27338&#8243; primary_title=&#8221;Search for a work-study placement `{`2 year`}`&#8221; primary_title_font_container=&#8221;color:%23ffffff&#8221; primary_title_use_theme_fonts=&#8221;yes&#8221; hover_title=&#8221;Communication digitale sector&#8221; hover_background_color=&#8221;custom&#8221; hover_btn_title=&#8221;Discover the profile&#8221; use_custom_fonts_primary_title=&#8221;true&#8221; hover_add_button=&#8221;true&#8221; hover_custom_background=&#8221;#ffffff&#8221; hover_btn_link=&#8221;url:https%3A%2F%2Fwww.linkeus.fr%2Fwp-content%2Fuploads%2F2024%2F07%2FCV-Louise-Moulin.pdf|target:_blank&#8221;][\/vc_hoverbox][\/vc_column][vc_column width=&#8221;1\/2&#8243;][vc_hoverbox image=&#8221;27338&#8243; primary_title=&#8221;Search for a work-study placement `{`1 year`}`&#8221; primary_title_font_container=&#8221;color:%23ffffff&#8221; primary_title_use_theme_fonts=&#8221;yes&#8221; hover_title=&#8221;Event sector&#8221; hover_background_color=&#8221;custom&#8221; hover_btn_title=&#8221;Discover the profile&#8221; use_custom_fonts_primary_title=&#8221;true&#8221; hover_add_button=&#8221;true&#8221; hover_custom_background=&#8221;#ffffff&#8221; hover_btn_link=&#8221;url:https%3A%2F%2Fwww.linkeus.fr%2Fwp-content%2Fuploads%2F2024%2F08%2FChiara-Martino-CV-Chiara-Martino-Weiland.pdf|target:_blank&#8221;][\/vc_hoverbox][\/vc_column][\/vc_row][vc_row][vc_column][vc_empty_space height=&#8221;72px&#8221;][vc_message css=&#8221;&#8221;]Would you like to publish your job vacancy on the Linkeus website?<\/p>\n<p><strong><a href=\"https:\/\/forms.gle\/nqkgj9ZC2mwNHhuQA\">Please fill in the free questionnaire!\u00a0<\/a><\/strong>[\/vc_message][\/vc_column][\/vc_row]<\/p>\n<\/div>","protected":false},"excerpt":{"rendered":"<p>[vc_row][vc_column][vc_column_text css=&#8221;&#8221;] Welcome to the employers&#8217; area Discover and find the profile that suits you best: [\/vc_column_text][\/vc_column][\/vc_row][vc_row][vc_column width=&#8221;1\/2&#8243;][vc_hoverbox image=&#8221;27338&#8243; primary_title=&#8221;Search for a permanent contract&#8221; primary_title_font_container=&#8221;color:%23ffffff&#8221; primary_title_use_theme_fonts=&#8221;yes&#8221; hover_title=&#8221;Event sector&#8221; hover_background_color=&#8221;custom&#8221; hover_btn_title=&#8221;Discover the profile&#8221; use_custom_fonts_primary_title=&#8221;true&#8221; hover_add_button=&#8221;true&#8221; hover_custom_background=&#8221;#ffffff&#8221; hover_btn_link=&#8221;url:https%3A%2F%2Fwww.linkeus.fr%2Fwp-content%2Fuploads%2F2024%2F07%2FElise-Houssin-CV.pdf|target:_blank&#8221;][\/vc_hoverbox][\/vc_column][vc_column width=&#8221;1\/2&#8243;][vc_hoverbox image=&#8221;27338&#8243; primary_title=&#8221;Search for a work-study placement `{`1 year`}`&#8221; primary_title_font_container=&#8221;color:%23ffffff&#8221; primary_title_use_theme_fonts=&#8221;yes&#8221; hover_title=&#8221;Digital Communications sector&#8221; hover_background_color=&#8221;custom&#8221; hover_btn_title=&#8221;Discover the profile&#8221; use_custom_fonts_primary_title=&#8221;true&#8221; [&hellip;]<\/p>\n","protected":false},"author":3,"featured_media":0,"parent":0,"menu_order":0,"comment_status":"closed","ping_status":"closed","template":"","meta":{"inline_featured_image":false,"footnotes":""},"class_list":["post-27817","page","type-page","status-publish","hentry"],"yoast_head":"<!-- This site is optimized with the Yoast SEO plugin v24.0 - https:\/\/yoast.com\/wordpress\/plugins\/seo\/ -->\n<title>Employers\u2019 area - Linkeus Provence C\u00f4te d&#039;Azur Events<\/title>\n<meta name=\"robots\" content=\"index, follow, max-snippet:-1, max-image-preview:large, max-video-preview:-1\" \/>\n<link rel=\"canonical\" href=\"https:\/\/www.linkeus.fr\/en\/espace-employeur\/\" \/>\n<meta property=\"og:locale\" content=\"en_US\" \/>\n<meta property=\"og:type\" content=\"article\" \/>\n<meta property=\"og:title\" content=\"Employers\u2019 area - Linkeus Provence C\u00f4te d&#039;Azur Events\" \/>\n<meta property=\"og:description\" content=\"[vc_row][vc_column][vc_column_text css=&#8221;&#8221;] Welcome to the employers&#8217; area Discover and find the profile that suits you best: [\/vc_column_text][\/vc_column][\/vc_row][vc_row][vc_column width=&#8221;1\/2&#8243;][vc_hoverbox image=&#8221;27338&#8243; primary_title=&#8221;Search for a permanent contract&#8221; primary_title_font_container=&#8221;color:%23ffffff&#8221; primary_title_use_theme_fonts=&#8221;yes&#8221; hover_title=&#8221;Event sector&#8221; hover_background_color=&#8221;custom&#8221; hover_btn_title=&#8221;Discover the profile&#8221; use_custom_fonts_primary_title=&#8221;true&#8221; hover_add_button=&#8221;true&#8221; hover_custom_background=&#8221;#ffffff&#8221; hover_btn_link=&#8221;url:https%3A%2F%2Fwww.linkeus.fr%2Fwp-content%2Fuploads%2F2024%2F07%2FElise-Houssin-CV.pdf|target:_blank&#8221;][\/vc_hoverbox][\/vc_column][vc_column width=&#8221;1\/2&#8243;][vc_hoverbox image=&#8221;27338&#8243; primary_title=&#8221;Search for a work-study placement `{`1 year`}`&#8221; primary_title_font_container=&#8221;color:%23ffffff&#8221; primary_title_use_theme_fonts=&#8221;yes&#8221; hover_title=&#8221;Digital Communications sector&#8221; hover_background_color=&#8221;custom&#8221; hover_btn_title=&#8221;Discover the profile&#8221; use_custom_fonts_primary_title=&#8221;true&#8221; [&hellip;]\" \/>\n<meta property=\"og:url\" content=\"https:\/\/www.linkeus.fr\/en\/espace-employeur\/\" \/>\n<meta property=\"og:site_name\" content=\"Linkeus Provence C\u00f4te d&#039;Azur Events\" \/>\n<meta property=\"article:publisher\" content=\"https:\/\/www.facebook.com\/ProvenceCotedAzurEvents\" \/>\n<meta property=\"article:modified_time\" content=\"2024-09-17T14:52:07+00:00\" \/>\n<meta property=\"og:image\" content=\"https:\/\/www.linkeus.fr\/wp-content\/uploads\/2021\/07\/pce-image-resaux-sociaux-scaled.jpg\" \/>\n\t<meta property=\"og:image:width\" content=\"2560\" \/>\n\t<meta property=\"og:image:height\" content=\"1204\" \/>\n\t<meta property=\"og:image:type\" content=\"image\/jpeg\" \/>\n<meta name=\"twitter:card\" content=\"summary_large_image\" \/>\n<meta name=\"twitter:label1\" content=\"Est. reading time\" \/>\n\t<meta name=\"twitter:data1\" content=\"2 minutes\" \/>\n<script type=\"application\/ld+json\" class=\"yoast-schema-graph\">{\"@context\":\"https:\/\/schema.org\",\"@graph\":[{\"@type\":\"WebPage\",\"@id\":\"https:\/\/www.linkeus.fr\/en\/espace-employeur\/\",\"url\":\"https:\/\/www.linkeus.fr\/en\/espace-employeur\/\",\"name\":\"Employers\u2019 area - Linkeus Provence C\u00f4te d&#039;Azur Events\",\"isPartOf\":{\"@id\":\"https:\/\/www.linkeus.fr\/#website\"},\"datePublished\":\"2024-07-18T13:26:50+00:00\",\"dateModified\":\"2024-09-17T14:52:07+00:00\",\"breadcrumb\":{\"@id\":\"https:\/\/www.linkeus.fr\/en\/espace-employeur\/#breadcrumb\"},\"inLanguage\":\"en-US\",\"potentialAction\":[{\"@type\":\"ReadAction\",\"target\":[\"https:\/\/www.linkeus.fr\/en\/espace-employeur\/\"]}]},{\"@type\":\"BreadcrumbList\",\"@id\":\"https:\/\/www.linkeus.fr\/en\/espace-employeur\/#breadcrumb\",\"itemListElement\":[{\"@type\":\"ListItem\",\"position\":1,\"name\":\"Accueil\",\"item\":\"https:\/\/www.linkeus.fr\/en\/\"},{\"@type\":\"ListItem\",\"position\":2,\"name\":\"Employers\u2019 area\"}]},{\"@type\":\"WebSite\",\"@id\":\"https:\/\/www.linkeus.fr\/#website\",\"url\":\"https:\/\/www.linkeus.fr\/\",\"name\":\"Linkeus Provence C\u00f4te d&#039;Azur Events\",\"description\":\"Le bureau des congr\u00e8s regional : l&#039;interlocuteur privil\u00e9gi\u00e9 pour l&#039;organisation de vos \u00e9v\u00e8nements professionnels en Provence Alpes C\u00f4te d&#039;Azur\",\"publisher\":{\"@id\":\"https:\/\/www.linkeus.fr\/#organization\"},\"potentialAction\":[{\"@type\":\"SearchAction\",\"target\":{\"@type\":\"EntryPoint\",\"urlTemplate\":\"https:\/\/www.linkeus.fr\/?s={search_term_string}\"},\"query-input\":{\"@type\":\"PropertyValueSpecification\",\"valueRequired\":true,\"valueName\":\"search_term_string\"}}],\"inLanguage\":\"en-US\"},{\"@type\":\"Organization\",\"@id\":\"https:\/\/www.linkeus.fr\/#organization\",\"name\":\"Linkeus Provence C\u00f4te d&#039;Azur Events\",\"url\":\"https:\/\/www.linkeus.fr\/\",\"logo\":{\"@type\":\"ImageObject\",\"inLanguage\":\"en-US\",\"@id\":\"https:\/\/www.linkeus.fr\/#\/schema\/logo\/image\/\",\"url\":\"https:\/\/www.linkeus.fr\/wp-content\/uploads\/2022\/09\/log-linkeus290.png\",\"contentUrl\":\"https:\/\/www.linkeus.fr\/wp-content\/uploads\/2022\/09\/log-linkeus290.png\",\"width\":290,\"height\":100,\"caption\":\"Linkeus Provence C\u00f4te d&#039;Azur Events\"},\"image\":{\"@id\":\"https:\/\/www.linkeus.fr\/#\/schema\/logo\/image\/\"},\"sameAs\":[\"https:\/\/www.facebook.com\/ProvenceCotedAzurEvents\"]}]}<\/script>\n<!-- \/ Yoast SEO plugin. -->","yoast_head_json":{"title":"Employers\u2019 area - Linkeus Provence C\u00f4te d&#039;Azur Events","robots":{"index":"index","follow":"follow","max-snippet":"max-snippet:-1","max-image-preview":"max-image-preview:large","max-video-preview":"max-video-preview:-1"},"canonical":"https:\/\/www.linkeus.fr\/en\/espace-employeur\/","og_locale":"en_US","og_type":"article","og_title":"Employers\u2019 area - Linkeus Provence C\u00f4te d&#039;Azur Events","og_description":"[vc_row][vc_column][vc_column_text css=&#8221;&#8221;] Welcome to the employers&#8217; area Discover and find the profile that suits you best: [\/vc_column_text][\/vc_column][\/vc_row][vc_row][vc_column width=&#8221;1\/2&#8243;][vc_hoverbox image=&#8221;27338&#8243; primary_title=&#8221;Search for a permanent contract&#8221; primary_title_font_container=&#8221;color:%23ffffff&#8221; primary_title_use_theme_fonts=&#8221;yes&#8221; hover_title=&#8221;Event sector&#8221; hover_background_color=&#8221;custom&#8221; hover_btn_title=&#8221;Discover the profile&#8221; use_custom_fonts_primary_title=&#8221;true&#8221; hover_add_button=&#8221;true&#8221; hover_custom_background=&#8221;#ffffff&#8221; hover_btn_link=&#8221;url:https%3A%2F%2Fwww.linkeus.fr%2Fwp-content%2Fuploads%2F2024%2F07%2FElise-Houssin-CV.pdf|target:_blank&#8221;][\/vc_hoverbox][\/vc_column][vc_column width=&#8221;1\/2&#8243;][vc_hoverbox image=&#8221;27338&#8243; primary_title=&#8221;Search for a work-study placement `{`1 year`}`&#8221; primary_title_font_container=&#8221;color:%23ffffff&#8221; primary_title_use_theme_fonts=&#8221;yes&#8221; hover_title=&#8221;Digital Communications sector&#8221; hover_background_color=&#8221;custom&#8221; hover_btn_title=&#8221;Discover the profile&#8221; use_custom_fonts_primary_title=&#8221;true&#8221; [&hellip;]","og_url":"https:\/\/www.linkeus.fr\/en\/espace-employeur\/","og_site_name":"Linkeus Provence C\u00f4te d&#039;Azur Events","article_publisher":"https:\/\/www.facebook.com\/ProvenceCotedAzurEvents","article_modified_time":"2024-09-17T14:52:07+00:00","og_image":[{"width":2560,"height":1204,"url":"https:\/\/www.linkeus.fr\/wp-content\/uploads\/2021\/07\/pce-image-resaux-sociaux-scaled.jpg","type":"image\/jpeg"}],"twitter_card":"summary_large_image","twitter_misc":{"Est. reading time":"2 minutes"},"schema":{"@context":"https:\/\/schema.org","@graph":[{"@type":"WebPage","@id":"https:\/\/www.linkeus.fr\/en\/espace-employeur\/","url":"https:\/\/www.linkeus.fr\/en\/espace-employeur\/","name":"Employers\u2019 area - Linkeus Provence C\u00f4te d&#039;Azur Events","isPartOf":{"@id":"https:\/\/www.linkeus.fr\/#website"},"datePublished":"2024-07-18T13:26:50+00:00","dateModified":"2024-09-17T14:52:07+00:00","breadcrumb":{"@id":"https:\/\/www.linkeus.fr\/en\/espace-employeur\/#breadcrumb"},"inLanguage":"en-US","potentialAction":[{"@type":"ReadAction","target":["https:\/\/www.linkeus.fr\/en\/espace-employeur\/"]}]},{"@type":"BreadcrumbList","@id":"https:\/\/www.linkeus.fr\/en\/espace-employeur\/#breadcrumb","itemListElement":[{"@type":"ListItem","position":1,"name":"Accueil","item":"https:\/\/www.linkeus.fr\/en\/"},{"@type":"ListItem","position":2,"name":"Employers\u2019 area"}]},{"@type":"WebSite","@id":"https:\/\/www.linkeus.fr\/#website","url":"https:\/\/www.linkeus.fr\/","name":"Linkeus Provence C\u00f4te d&#039;Azur Events","description":"Le bureau des congr\u00e8s regional : l&#039;interlocuteur privil\u00e9gi\u00e9 pour l&#039;organisation de vos \u00e9v\u00e8nements professionnels en Provence Alpes C\u00f4te d&#039;Azur","publisher":{"@id":"https:\/\/www.linkeus.fr\/#organization"},"potentialAction":[{"@type":"SearchAction","target":{"@type":"EntryPoint","urlTemplate":"https:\/\/www.linkeus.fr\/?s={search_term_string}"},"query-input":{"@type":"PropertyValueSpecification","valueRequired":true,"valueName":"search_term_string"}}],"inLanguage":"en-US"},{"@type":"Organization","@id":"https:\/\/www.linkeus.fr\/#organization","name":"Linkeus Provence C\u00f4te d&#039;Azur Events","url":"https:\/\/www.linkeus.fr\/","logo":{"@type":"ImageObject","inLanguage":"en-US","@id":"https:\/\/www.linkeus.fr\/#\/schema\/logo\/image\/","url":"https:\/\/www.linkeus.fr\/wp-content\/uploads\/2022\/09\/log-linkeus290.png","contentUrl":"https:\/\/www.linkeus.fr\/wp-content\/uploads\/2022\/09\/log-linkeus290.png","width":290,"height":100,"caption":"Linkeus Provence C\u00f4te d&#039;Azur Events"},"image":{"@id":"https:\/\/www.linkeus.fr\/#\/schema\/logo\/image\/"},"sameAs":["https:\/\/www.facebook.com\/ProvenceCotedAzurEvents"]}]}},"_links":{"self":[{"href":"https:\/\/www.linkeus.fr\/en\/wp-json\/wp\/v2\/pages\/27817","targetHints":{"allow":["GET"]}}],"collection":[{"href":"https:\/\/www.linkeus.fr\/en\/wp-json\/wp\/v2\/pages"}],"about":[{"href":"https:\/\/www.linkeus.fr\/en\/wp-json\/wp\/v2\/types\/page"}],"author":[{"embeddable":true,"href":"https:\/\/www.linkeus.fr\/en\/wp-json\/wp\/v2\/users\/3"}],"replies":[{"embeddable":true,"href":"https:\/\/www.linkeus.fr\/en\/wp-json\/wp\/v2\/comments?post=27817"}],"version-history":[{"count":4,"href":"https:\/\/www.linkeus.fr\/en\/wp-json\/wp\/v2\/pages\/27817\/revisions"}],"predecessor-version":[{"id":27826,"href":"https:\/\/www.linkeus.fr\/en\/wp-json\/wp\/v2\/pages\/27817\/revisions\/27826"}],"wp:attachment":[{"href":"https:\/\/www.linkeus.fr\/en\/wp-json\/wp\/v2\/media?parent=27817"}],"curies":[{"name":"wp","href":"https:\/\/api.w.org\/{rel}","templated":true}]}}