{"id":18193,"date":"2020-11-03T12:33:39","date_gmt":"2020-11-03T11:33:39","guid":{"rendered":"https:\/\/www.linkeus.fr\/the-sud-region-land-of-events\/surveys\/"},"modified":"2026-02-05T16:01:30","modified_gmt":"2026-02-05T15:01:30","slug":"surveys","status":"publish","type":"page","link":"https:\/\/www.linkeus.fr\/en\/the-sud-region-land-of-events\/surveys\/","title":{"rendered":"Surveys"},"content":{"rendered":"<div class=\"wpb-content-wrapper\"><p>[vc_row css=&#8221;.vc_custom_1597151412430{margin-top: 50px !important;}&#8221;][vc_column width=&#8221;1\/2&#8243;]<h2 style=\"font-weight:normal;text-align:left;\" class=\"headline margin-top-15 margin-bottom-35 headline-box    headline-aligned-to-left  \">Regional tourism customer survey &#8211; 2020-2021<\/h2>[vc_column_text el_class=&#8221;couleurgrise&#8221;]The Provence-Alpes-C\u00f4te d&#8217;Azur Regional Tourist Committee, Sud Region and its partners are developing an observatory for tourism based on ambitious procedures, given the importance of tourism and the stakes for our territories.<br \/>\nThe better to identify visitors\u2019 expectations and satisfy them, the Provence-Alpes-C\u00f4te d\u2019Azur Region, the departements making it up and partners are rolling out a major survey to gather information from visitors having spent at least one night in the Region away from their main residence. LINKEUS Provence Alpes C\u00f4te d&#8217;Azur Convention Bureau is a partner to this survey, which is being conducted until September 2021.<br \/>\nSurvey targets:<\/p>\n<ul>\n<li>Extra-regional tourists having spent at least one night in Provence-Alps-C\u00f4te d\u2019Azur, regardless of the purpose: recreational, business, etc.<\/li>\n<li>Provence-Alps-C\u00f4te d\u2019Azur residents having spent at least one night in the region<\/li>\n<\/ul>\n<p>Link to questionnaire: <a href=\"https:\/\/provence-alpes-cotedazur.com\/espace-pro\/le-kiosque\/nos-etudes\/enquete-clienteles-touristiques-2023\/\">https:\/\/provence-alpes-cotedazur.com\/espace-pro\/le-kiosque\/nos-etudes\/enquete-clienteles-touristiques-2023\/<\/a> : economic growth levers generating major results \u2014 direct and indirect \u2014as well as serving as an international showcase.<\/p>\n<p>In the context of the work of the Industry Observatory for meetings and professional events in the Provence-Alps-C\u00f4te d\u2019Azur Region, LINKEUS launched several studies at the end of 2009 leading in the long term to a survey of this activity sector\u2019s economic benefits for the Region.<\/p>\n<p>A Technical Steering Committee was then set up with The Regional Tourist Committee Provence-Alps-C\u00f4te d\u2019Azur and Tourism Board C\u00f4te d&#8217;Azur France, first to undertake a survey on the expenditure practices of convention-goers staying in the Region\u2019s establishments. The purpose is to obtain quickly an initial assessment of the economic weight of the industry of meetings and professional event in the Provence-Alpes-C\u00f4te d\u2019Azur Region.<\/p>\n<p>A survey made in 2009 with different establishments in the Provence-Alpes-C\u00f4te d\u2019Azur Region, in collaboration with Cabinet TNS Sofres.<\/p>\n<p>Read the study in the pdf file available below:<br \/>\n<a href=\"https:\/\/www.linkeus.fr\/wp-content\/uploads\/2020\/09\/DEPENSES-CONGRESSISTES.pdf\">D\u00c9PENSES CONGRESSISTES<\/a> (Convention-goers\u2019 expenses)[\/vc_column_text][\/vc_column][\/vc_row]<\/p>\n<\/div>","protected":false},"excerpt":{"rendered":"<p>[vc_row css=&#8221;.vc_custom_1597151412430{margin-top: 50px !important;}&#8221;][vc_column width=&#8221;1\/2&#8243;][vc_column_text el_class=&#8221;couleurgrise&#8221;]The Provence-Alpes-C\u00f4te d&#8217;Azur Regional Tourist Committee, Sud Region and its partners are developing an observatory for tourism based on ambitious procedures, given the importance of tourism and the stakes for our territories. The better to identify visitors\u2019 expectations and satisfy them, the Provence-Alpes-C\u00f4te d\u2019Azur Region, the departements making it up [&hellip;]<\/p>\n","protected":false},"author":2,"featured_media":15846,"parent":18179,"menu_order":0,"comment_status":"closed","ping_status":"closed","template":"","meta":{"inline_featured_image":false,"footnotes":""},"class_list":["post-18193","page","type-page","status-publish","has-post-thumbnail","hentry"],"yoast_head":"<!-- This site is optimized with the Yoast SEO plugin v24.0 - https:\/\/yoast.com\/wordpress\/plugins\/seo\/ -->\n<title>Surveys - Linkeus Provence C\u00f4te d&#039;Azur Events<\/title>\n<meta name=\"robots\" content=\"index, follow, max-snippet:-1, max-image-preview:large, max-video-preview:-1\" \/>\n<link rel=\"canonical\" href=\"https:\/\/www.linkeus.fr\/en\/the-sud-region-land-of-events\/surveys\/\" \/>\n<meta property=\"og:locale\" content=\"en_US\" \/>\n<meta property=\"og:type\" content=\"article\" \/>\n<meta property=\"og:title\" content=\"Surveys - Linkeus Provence C\u00f4te d&#039;Azur Events\" \/>\n<meta property=\"og:description\" content=\"[vc_row css=&#8221;.vc_custom_1597151412430{margin-top: 50px !important;}&#8221;][vc_column width=&#8221;1\/2&#8243;][vc_column_text el_class=&#8221;couleurgrise&#8221;]The Provence-Alpes-C\u00f4te d&#8217;Azur Regional Tourist Committee, Sud Region and its partners are developing an observatory for tourism based on ambitious procedures, given the importance of tourism and the stakes for our territories. The better to identify visitors\u2019 expectations and satisfy them, the Provence-Alpes-C\u00f4te d\u2019Azur Region, the departements making it up [&hellip;]\" \/>\n<meta property=\"og:url\" content=\"https:\/\/www.linkeus.fr\/en\/the-sud-region-land-of-events\/surveys\/\" \/>\n<meta property=\"og:site_name\" content=\"Linkeus Provence C\u00f4te d&#039;Azur Events\" \/>\n<meta property=\"article:publisher\" content=\"https:\/\/www.facebook.com\/ProvenceCotedAzurEvents\" \/>\n<meta property=\"article:modified_time\" content=\"2026-02-05T15:01:30+00:00\" \/>\n<meta property=\"og:image\" content=\"https:\/\/www.linkeus.fr\/wp-content\/uploads\/2020\/08\/home-hero-3.jpg\" \/>\n\t<meta property=\"og:image:width\" content=\"1920\" \/>\n\t<meta property=\"og:image:height\" content=\"1080\" \/>\n\t<meta property=\"og:image:type\" content=\"image\/jpeg\" \/>\n<meta name=\"twitter:card\" content=\"summary_large_image\" \/>\n<meta name=\"twitter:label1\" content=\"Est. reading time\" \/>\n\t<meta name=\"twitter:data1\" content=\"2 minutes\" \/>\n<script type=\"application\/ld+json\" class=\"yoast-schema-graph\">{\"@context\":\"https:\/\/schema.org\",\"@graph\":[{\"@type\":\"WebPage\",\"@id\":\"https:\/\/www.linkeus.fr\/en\/the-sud-region-land-of-events\/surveys\/\",\"url\":\"https:\/\/www.linkeus.fr\/en\/the-sud-region-land-of-events\/surveys\/\",\"name\":\"Surveys - Linkeus Provence C\u00f4te d&#039;Azur Events\",\"isPartOf\":{\"@id\":\"https:\/\/www.linkeus.fr\/#website\"},\"primaryImageOfPage\":{\"@id\":\"https:\/\/www.linkeus.fr\/en\/the-sud-region-land-of-events\/surveys\/#primaryimage\"},\"image\":{\"@id\":\"https:\/\/www.linkeus.fr\/en\/the-sud-region-land-of-events\/surveys\/#primaryimage\"},\"thumbnailUrl\":\"https:\/\/www.linkeus.fr\/wp-content\/uploads\/2020\/08\/home-hero-3.jpg\",\"datePublished\":\"2020-11-03T11:33:39+00:00\",\"dateModified\":\"2026-02-05T15:01:30+00:00\",\"breadcrumb\":{\"@id\":\"https:\/\/www.linkeus.fr\/en\/the-sud-region-land-of-events\/surveys\/#breadcrumb\"},\"inLanguage\":\"en-US\",\"potentialAction\":[{\"@type\":\"ReadAction\",\"target\":[\"https:\/\/www.linkeus.fr\/en\/the-sud-region-land-of-events\/surveys\/\"]}]},{\"@type\":\"ImageObject\",\"inLanguage\":\"en-US\",\"@id\":\"https:\/\/www.linkeus.fr\/en\/the-sud-region-land-of-events\/surveys\/#primaryimage\",\"url\":\"https:\/\/www.linkeus.fr\/wp-content\/uploads\/2020\/08\/home-hero-3.jpg\",\"contentUrl\":\"https:\/\/www.linkeus.fr\/wp-content\/uploads\/2020\/08\/home-hero-3.jpg\",\"width\":1920,\"height\":1080},{\"@type\":\"BreadcrumbList\",\"@id\":\"https:\/\/www.linkeus.fr\/en\/the-sud-region-land-of-events\/surveys\/#breadcrumb\",\"itemListElement\":[{\"@type\":\"ListItem\",\"position\":1,\"name\":\"Accueil\",\"item\":\"https:\/\/www.linkeus.fr\/en\/\"},{\"@type\":\"ListItem\",\"position\":2,\"name\":\"The Sud Region \u2013 Land of Events\",\"item\":\"https:\/\/www.linkeus.fr\/en\/the-sud-region-land-of-events\/\"},{\"@type\":\"ListItem\",\"position\":3,\"name\":\"Surveys\"}]},{\"@type\":\"WebSite\",\"@id\":\"https:\/\/www.linkeus.fr\/#website\",\"url\":\"https:\/\/www.linkeus.fr\/\",\"name\":\"Linkeus Provence C\u00f4te d&#039;Azur Events\",\"description\":\"Le bureau des congr\u00e8s regional : l&#039;interlocuteur privil\u00e9gi\u00e9 pour l&#039;organisation de vos \u00e9v\u00e8nements professionnels en Provence Alpes C\u00f4te d&#039;Azur\",\"publisher\":{\"@id\":\"https:\/\/www.linkeus.fr\/#organization\"},\"potentialAction\":[{\"@type\":\"SearchAction\",\"target\":{\"@type\":\"EntryPoint\",\"urlTemplate\":\"https:\/\/www.linkeus.fr\/?s={search_term_string}\"},\"query-input\":{\"@type\":\"PropertyValueSpecification\",\"valueRequired\":true,\"valueName\":\"search_term_string\"}}],\"inLanguage\":\"en-US\"},{\"@type\":\"Organization\",\"@id\":\"https:\/\/www.linkeus.fr\/#organization\",\"name\":\"Linkeus Provence C\u00f4te d&#039;Azur Events\",\"url\":\"https:\/\/www.linkeus.fr\/\",\"logo\":{\"@type\":\"ImageObject\",\"inLanguage\":\"en-US\",\"@id\":\"https:\/\/www.linkeus.fr\/#\/schema\/logo\/image\/\",\"url\":\"https:\/\/www.linkeus.fr\/wp-content\/uploads\/2022\/09\/log-linkeus290.png\",\"contentUrl\":\"https:\/\/www.linkeus.fr\/wp-content\/uploads\/2022\/09\/log-linkeus290.png\",\"width\":290,\"height\":100,\"caption\":\"Linkeus Provence C\u00f4te d&#039;Azur Events\"},\"image\":{\"@id\":\"https:\/\/www.linkeus.fr\/#\/schema\/logo\/image\/\"},\"sameAs\":[\"https:\/\/www.facebook.com\/ProvenceCotedAzurEvents\"]}]}<\/script>\n<!-- \/ Yoast SEO plugin. -->","yoast_head_json":{"title":"Surveys - Linkeus Provence C\u00f4te d&#039;Azur Events","robots":{"index":"index","follow":"follow","max-snippet":"max-snippet:-1","max-image-preview":"max-image-preview:large","max-video-preview":"max-video-preview:-1"},"canonical":"https:\/\/www.linkeus.fr\/en\/the-sud-region-land-of-events\/surveys\/","og_locale":"en_US","og_type":"article","og_title":"Surveys - Linkeus Provence C\u00f4te d&#039;Azur Events","og_description":"[vc_row css=&#8221;.vc_custom_1597151412430{margin-top: 50px !important;}&#8221;][vc_column width=&#8221;1\/2&#8243;][vc_column_text el_class=&#8221;couleurgrise&#8221;]The Provence-Alpes-C\u00f4te d&#8217;Azur Regional Tourist Committee, Sud Region and its partners are developing an observatory for tourism based on ambitious procedures, given the importance of tourism and the stakes for our territories. The better to identify visitors\u2019 expectations and satisfy them, the Provence-Alpes-C\u00f4te d\u2019Azur Region, the departements making it up [&hellip;]","og_url":"https:\/\/www.linkeus.fr\/en\/the-sud-region-land-of-events\/surveys\/","og_site_name":"Linkeus Provence C\u00f4te d&#039;Azur Events","article_publisher":"https:\/\/www.facebook.com\/ProvenceCotedAzurEvents","article_modified_time":"2026-02-05T15:01:30+00:00","og_image":[{"width":1920,"height":1080,"url":"https:\/\/www.linkeus.fr\/wp-content\/uploads\/2020\/08\/home-hero-3.jpg","type":"image\/jpeg"}],"twitter_card":"summary_large_image","twitter_misc":{"Est. reading time":"2 minutes"},"schema":{"@context":"https:\/\/schema.org","@graph":[{"@type":"WebPage","@id":"https:\/\/www.linkeus.fr\/en\/the-sud-region-land-of-events\/surveys\/","url":"https:\/\/www.linkeus.fr\/en\/the-sud-region-land-of-events\/surveys\/","name":"Surveys - Linkeus Provence C\u00f4te d&#039;Azur Events","isPartOf":{"@id":"https:\/\/www.linkeus.fr\/#website"},"primaryImageOfPage":{"@id":"https:\/\/www.linkeus.fr\/en\/the-sud-region-land-of-events\/surveys\/#primaryimage"},"image":{"@id":"https:\/\/www.linkeus.fr\/en\/the-sud-region-land-of-events\/surveys\/#primaryimage"},"thumbnailUrl":"https:\/\/www.linkeus.fr\/wp-content\/uploads\/2020\/08\/home-hero-3.jpg","datePublished":"2020-11-03T11:33:39+00:00","dateModified":"2026-02-05T15:01:30+00:00","breadcrumb":{"@id":"https:\/\/www.linkeus.fr\/en\/the-sud-region-land-of-events\/surveys\/#breadcrumb"},"inLanguage":"en-US","potentialAction":[{"@type":"ReadAction","target":["https:\/\/www.linkeus.fr\/en\/the-sud-region-land-of-events\/surveys\/"]}]},{"@type":"ImageObject","inLanguage":"en-US","@id":"https:\/\/www.linkeus.fr\/en\/the-sud-region-land-of-events\/surveys\/#primaryimage","url":"https:\/\/www.linkeus.fr\/wp-content\/uploads\/2020\/08\/home-hero-3.jpg","contentUrl":"https:\/\/www.linkeus.fr\/wp-content\/uploads\/2020\/08\/home-hero-3.jpg","width":1920,"height":1080},{"@type":"BreadcrumbList","@id":"https:\/\/www.linkeus.fr\/en\/the-sud-region-land-of-events\/surveys\/#breadcrumb","itemListElement":[{"@type":"ListItem","position":1,"name":"Accueil","item":"https:\/\/www.linkeus.fr\/en\/"},{"@type":"ListItem","position":2,"name":"The Sud Region \u2013 Land of Events","item":"https:\/\/www.linkeus.fr\/en\/the-sud-region-land-of-events\/"},{"@type":"ListItem","position":3,"name":"Surveys"}]},{"@type":"WebSite","@id":"https:\/\/www.linkeus.fr\/#website","url":"https:\/\/www.linkeus.fr\/","name":"Linkeus Provence C\u00f4te d&#039;Azur Events","description":"Le bureau des congr\u00e8s regional : l&#039;interlocuteur privil\u00e9gi\u00e9 pour l&#039;organisation de vos \u00e9v\u00e8nements professionnels en Provence Alpes C\u00f4te d&#039;Azur","publisher":{"@id":"https:\/\/www.linkeus.fr\/#organization"},"potentialAction":[{"@type":"SearchAction","target":{"@type":"EntryPoint","urlTemplate":"https:\/\/www.linkeus.fr\/?s={search_term_string}"},"query-input":{"@type":"PropertyValueSpecification","valueRequired":true,"valueName":"search_term_string"}}],"inLanguage":"en-US"},{"@type":"Organization","@id":"https:\/\/www.linkeus.fr\/#organization","name":"Linkeus Provence C\u00f4te d&#039;Azur Events","url":"https:\/\/www.linkeus.fr\/","logo":{"@type":"ImageObject","inLanguage":"en-US","@id":"https:\/\/www.linkeus.fr\/#\/schema\/logo\/image\/","url":"https:\/\/www.linkeus.fr\/wp-content\/uploads\/2022\/09\/log-linkeus290.png","contentUrl":"https:\/\/www.linkeus.fr\/wp-content\/uploads\/2022\/09\/log-linkeus290.png","width":290,"height":100,"caption":"Linkeus Provence C\u00f4te d&#039;Azur Events"},"image":{"@id":"https:\/\/www.linkeus.fr\/#\/schema\/logo\/image\/"},"sameAs":["https:\/\/www.facebook.com\/ProvenceCotedAzurEvents"]}]}},"_links":{"self":[{"href":"https:\/\/www.linkeus.fr\/en\/wp-json\/wp\/v2\/pages\/18193","targetHints":{"allow":["GET"]}}],"collection":[{"href":"https:\/\/www.linkeus.fr\/en\/wp-json\/wp\/v2\/pages"}],"about":[{"href":"https:\/\/www.linkeus.fr\/en\/wp-json\/wp\/v2\/types\/page"}],"author":[{"embeddable":true,"href":"https:\/\/www.linkeus.fr\/en\/wp-json\/wp\/v2\/users\/2"}],"replies":[{"embeddable":true,"href":"https:\/\/www.linkeus.fr\/en\/wp-json\/wp\/v2\/comments?post=18193"}],"version-history":[{"count":1,"href":"https:\/\/www.linkeus.fr\/en\/wp-json\/wp\/v2\/pages\/18193\/revisions"}],"predecessor-version":[{"id":31312,"href":"https:\/\/www.linkeus.fr\/en\/wp-json\/wp\/v2\/pages\/18193\/revisions\/31312"}],"up":[{"embeddable":true,"href":"https:\/\/www.linkeus.fr\/en\/wp-json\/wp\/v2\/pages\/18179"}],"wp:featuredmedia":[{"embeddable":true,"href":"https:\/\/www.linkeus.fr\/en\/wp-json\/wp\/v2\/media\/15846"}],"wp:attachment":[{"href":"https:\/\/www.linkeus.fr\/en\/wp-json\/wp\/v2\/media?parent=18193"}],"curies":[{"name":"wp","href":"https:\/\/api.w.org\/{rel}","templated":true}]}}