{"id":15617,"date":"2020-08-11T14:46:47","date_gmt":"2020-08-11T12:46:47","guid":{"rendered":"https:\/\/www.linkeus.fr\/\/listing\/les-iles-paul-ricard\/"},"modified":"2026-01-28T09:57:29","modified_gmt":"2026-01-28T08:57:29","slug":"lile-des-embiez","status":"publish","type":"listing","link":"https:\/\/www.linkeus.fr\/en\/adherent\/lile-des-embiez\/","title":{"rendered":"l\u2019Ile des Embiez"},"content":{"rendered":"<p>In Provence, between Toulon and Marseille, the \u00ab<strong> \u00eele des Embiez<\/strong> \u00bb benefit of an ideal situation to organize your event. You can enjoy quality workspaces with tailored services for a study day of <strong>15<\/strong> people up to an event with a scale of 645 people with accommodation. Also, numerous outside spaces can be given to fit out a space favored for the breaks, cocktails,\u00a0 brunch, meals, activities \u2026Anything is possible on the Paul Ricard island!<\/p>\n<p><strong>PRATICAL INFORMATION<\/strong><br \/>\nThe Ile de Embiez, situated in 12 minutes by boat by Six Six-Fours-Les-Plages, has one of the largest hosting capacities in the Var to organize events:<br \/>\n\u2013 <strong>10 <\/strong>meeting rooms with capacities of <strong>15<\/strong> up to<strong> 550<\/strong>\u00a0people<br \/>\n\u2013 A <strong>61<\/strong> bedroom 4* hotel<br \/>\n\u2013 <strong>Up to 150 additional accomodation (apartments, premium housings, Provencal farmhouse and secondary housing)<\/strong><\/p>\n<p>TOTAL HOUSING CAPACITY: <strong>321 bedrooms<\/strong><\/p>\n<p><strong>CATERING<\/strong><\/p>\n<p><strong>In this exceptional surrounding<\/strong>, the restaurant is run by the Executive Chef, one of the Best Craftsmen in France. Several options are available: buffets, cocktails, themed workshops, meals served by the plate, brunch; and can be organised both indoors in one of our restaurant or seminar rooms, and outdoors (terrace, pine forest, square, esplanade, beach, etc.)<\/p>\n<p><strong>ACTIVITIES<\/strong><\/p>\n<p>Also, many activities can be organised: Olympics, treasure hunt, catamaran, orienteering race, stand-up paddle, kayak, regatta, petanque, visit of the creeks, escape game, running, construction of go-karts and cardboard boats, yoga, muscular awakening, bicycle, small train, visit of the cellar, diving\/snorkeling, rugby, parasailing, towed buoy, flashmob and choir.<\/p>\n<p>Our team is at your disposal to study the organisation of your event and make it a real success!<\/p>\n","protected":false},"author":2,"featured_media":22693,"comment_status":"open","ping_status":"closed","template":"","meta":{"inline_featured_image":false},"listing_category":[156,127,142],"event_category":[],"service_category":[],"rental_category":[143],"classifieds_category":[],"listing_feature":[],"region":[112],"class_list":["post-15617","listing","type-listing","status-publish","has-post-thumbnail","hentry","listing_category-resorts","listing_category-4-hotels","listing_category-hotels-en","rental_category-adherents-bedouk","region-provence-alpes-cote-dazur-en"],"yoast_head":"<!-- This site is optimized with the Yoast SEO plugin v24.0 - https:\/\/yoast.com\/wordpress\/plugins\/seo\/ -->\n<title>l\u2019Ile des Embiez - Linkeus Provence C\u00f4te d&#039;Azur Events<\/title>\n<meta name=\"robots\" content=\"index, follow, max-snippet:-1, max-image-preview:large, max-video-preview:-1\" \/>\n<link rel=\"canonical\" href=\"https:\/\/www.linkeus.fr\/en\/adherent\/lile-des-embiez\/\" \/>\n<meta property=\"og:locale\" content=\"en_US\" \/>\n<meta property=\"og:type\" content=\"article\" \/>\n<meta property=\"og:title\" content=\"l\u2019Ile des Embiez - Linkeus Provence C\u00f4te d&#039;Azur Events\" \/>\n<meta property=\"og:description\" content=\"In Provence, between Toulon and Marseille, the \u00ab \u00eele des Embiez \u00bb benefit of an ideal situation to organize your event. You can enjoy quality workspaces with tailored services for a study day of 15 people up to an event with a scale of 645 people with accommodation. Also, numerous outside spaces can be given [&hellip;]\" \/>\n<meta property=\"og:url\" content=\"https:\/\/www.linkeus.fr\/en\/adherent\/lile-des-embiez\/\" \/>\n<meta property=\"og:site_name\" content=\"Linkeus Provence C\u00f4te d&#039;Azur Events\" \/>\n<meta property=\"article:publisher\" content=\"https:\/\/www.facebook.com\/ProvenceCotedAzurEvents\" \/>\n<meta property=\"article:modified_time\" content=\"2026-01-28T08:57:29+00:00\" \/>\n<meta property=\"og:image\" content=\"https:\/\/www.linkeus.fr\/wp-content\/uploads\/2020\/08\/Ile-des-Embiez-2-scaled.jpg\" \/>\n\t<meta property=\"og:image:width\" content=\"2560\" \/>\n\t<meta property=\"og:image:height\" content=\"1403\" \/>\n\t<meta property=\"og:image:type\" content=\"image\/jpeg\" \/>\n<meta name=\"twitter:card\" content=\"summary_large_image\" \/>\n<meta name=\"twitter:label1\" content=\"Est. reading time\" \/>\n\t<meta name=\"twitter:data1\" content=\"2 minutes\" \/>\n<script type=\"application\/ld+json\" class=\"yoast-schema-graph\">{\"@context\":\"https:\/\/schema.org\",\"@graph\":[{\"@type\":\"WebPage\",\"@id\":\"https:\/\/www.linkeus.fr\/en\/adherent\/lile-des-embiez\/\",\"url\":\"https:\/\/www.linkeus.fr\/en\/adherent\/lile-des-embiez\/\",\"name\":\"l\u2019Ile des Embiez - Linkeus Provence C\u00f4te d&#039;Azur Events\",\"isPartOf\":{\"@id\":\"https:\/\/www.linkeus.fr\/#website\"},\"primaryImageOfPage\":{\"@id\":\"https:\/\/www.linkeus.fr\/en\/adherent\/lile-des-embiez\/#primaryimage\"},\"image\":{\"@id\":\"https:\/\/www.linkeus.fr\/en\/adherent\/lile-des-embiez\/#primaryimage\"},\"thumbnailUrl\":\"https:\/\/www.linkeus.fr\/wp-content\/uploads\/2020\/08\/Ile-des-Embiez-2-scaled.jpg\",\"datePublished\":\"2020-08-11T12:46:47+00:00\",\"dateModified\":\"2026-01-28T08:57:29+00:00\",\"breadcrumb\":{\"@id\":\"https:\/\/www.linkeus.fr\/en\/adherent\/lile-des-embiez\/#breadcrumb\"},\"inLanguage\":\"en-US\",\"potentialAction\":[{\"@type\":\"ReadAction\",\"target\":[\"https:\/\/www.linkeus.fr\/en\/adherent\/lile-des-embiez\/\"]}]},{\"@type\":\"ImageObject\",\"inLanguage\":\"en-US\",\"@id\":\"https:\/\/www.linkeus.fr\/en\/adherent\/lile-des-embiez\/#primaryimage\",\"url\":\"https:\/\/www.linkeus.fr\/wp-content\/uploads\/2020\/08\/Ile-des-Embiez-2-scaled.jpg\",\"contentUrl\":\"https:\/\/www.linkeus.fr\/wp-content\/uploads\/2020\/08\/Ile-des-Embiez-2-scaled.jpg\",\"width\":2560,\"height\":1403,\"caption\":\"DCIM100MEDIADJI_0040.JPG\"},{\"@type\":\"BreadcrumbList\",\"@id\":\"https:\/\/www.linkeus.fr\/en\/adherent\/lile-des-embiez\/#breadcrumb\",\"itemListElement\":[{\"@type\":\"ListItem\",\"position\":1,\"name\":\"Accueil\",\"item\":\"https:\/\/www.linkeus.fr\/en\/\"},{\"@type\":\"ListItem\",\"position\":2,\"name\":\"Annonces\",\"item\":\"https:\/\/www.linkeus.fr\/adherents\/\"},{\"@type\":\"ListItem\",\"position\":3,\"name\":\"l\u2019Ile des Embiez\"}]},{\"@type\":\"WebSite\",\"@id\":\"https:\/\/www.linkeus.fr\/#website\",\"url\":\"https:\/\/www.linkeus.fr\/\",\"name\":\"Linkeus Provence C\u00f4te d&#039;Azur Events\",\"description\":\"Le bureau des congr\u00e8s regional : l&#039;interlocuteur privil\u00e9gi\u00e9 pour l&#039;organisation de vos \u00e9v\u00e8nements professionnels en Provence Alpes C\u00f4te d&#039;Azur\",\"publisher\":{\"@id\":\"https:\/\/www.linkeus.fr\/#organization\"},\"potentialAction\":[{\"@type\":\"SearchAction\",\"target\":{\"@type\":\"EntryPoint\",\"urlTemplate\":\"https:\/\/www.linkeus.fr\/?s={search_term_string}\"},\"query-input\":{\"@type\":\"PropertyValueSpecification\",\"valueRequired\":true,\"valueName\":\"search_term_string\"}}],\"inLanguage\":\"en-US\"},{\"@type\":\"Organization\",\"@id\":\"https:\/\/www.linkeus.fr\/#organization\",\"name\":\"Linkeus Provence C\u00f4te d&#039;Azur Events\",\"url\":\"https:\/\/www.linkeus.fr\/\",\"logo\":{\"@type\":\"ImageObject\",\"inLanguage\":\"en-US\",\"@id\":\"https:\/\/www.linkeus.fr\/#\/schema\/logo\/image\/\",\"url\":\"https:\/\/www.linkeus.fr\/wp-content\/uploads\/2022\/09\/log-linkeus290.png\",\"contentUrl\":\"https:\/\/www.linkeus.fr\/wp-content\/uploads\/2022\/09\/log-linkeus290.png\",\"width\":290,\"height\":100,\"caption\":\"Linkeus Provence C\u00f4te d&#039;Azur Events\"},\"image\":{\"@id\":\"https:\/\/www.linkeus.fr\/#\/schema\/logo\/image\/\"},\"sameAs\":[\"https:\/\/www.facebook.com\/ProvenceCotedAzurEvents\"]}]}<\/script>\n<!-- \/ Yoast SEO plugin. -->","yoast_head_json":{"title":"l\u2019Ile des Embiez - Linkeus Provence C\u00f4te d&#039;Azur Events","robots":{"index":"index","follow":"follow","max-snippet":"max-snippet:-1","max-image-preview":"max-image-preview:large","max-video-preview":"max-video-preview:-1"},"canonical":"https:\/\/www.linkeus.fr\/en\/adherent\/lile-des-embiez\/","og_locale":"en_US","og_type":"article","og_title":"l\u2019Ile des Embiez - Linkeus Provence C\u00f4te d&#039;Azur Events","og_description":"In Provence, between Toulon and Marseille, the \u00ab \u00eele des Embiez \u00bb benefit of an ideal situation to organize your event. You can enjoy quality workspaces with tailored services for a study day of 15 people up to an event with a scale of 645 people with accommodation. Also, numerous outside spaces can be given [&hellip;]","og_url":"https:\/\/www.linkeus.fr\/en\/adherent\/lile-des-embiez\/","og_site_name":"Linkeus Provence C\u00f4te d&#039;Azur Events","article_publisher":"https:\/\/www.facebook.com\/ProvenceCotedAzurEvents","article_modified_time":"2026-01-28T08:57:29+00:00","og_image":[{"width":2560,"height":1403,"url":"https:\/\/www.linkeus.fr\/wp-content\/uploads\/2020\/08\/Ile-des-Embiez-2-scaled.jpg","type":"image\/jpeg"}],"twitter_card":"summary_large_image","twitter_misc":{"Est. reading time":"2 minutes"},"schema":{"@context":"https:\/\/schema.org","@graph":[{"@type":"WebPage","@id":"https:\/\/www.linkeus.fr\/en\/adherent\/lile-des-embiez\/","url":"https:\/\/www.linkeus.fr\/en\/adherent\/lile-des-embiez\/","name":"l\u2019Ile des Embiez - Linkeus Provence C\u00f4te d&#039;Azur Events","isPartOf":{"@id":"https:\/\/www.linkeus.fr\/#website"},"primaryImageOfPage":{"@id":"https:\/\/www.linkeus.fr\/en\/adherent\/lile-des-embiez\/#primaryimage"},"image":{"@id":"https:\/\/www.linkeus.fr\/en\/adherent\/lile-des-embiez\/#primaryimage"},"thumbnailUrl":"https:\/\/www.linkeus.fr\/wp-content\/uploads\/2020\/08\/Ile-des-Embiez-2-scaled.jpg","datePublished":"2020-08-11T12:46:47+00:00","dateModified":"2026-01-28T08:57:29+00:00","breadcrumb":{"@id":"https:\/\/www.linkeus.fr\/en\/adherent\/lile-des-embiez\/#breadcrumb"},"inLanguage":"en-US","potentialAction":[{"@type":"ReadAction","target":["https:\/\/www.linkeus.fr\/en\/adherent\/lile-des-embiez\/"]}]},{"@type":"ImageObject","inLanguage":"en-US","@id":"https:\/\/www.linkeus.fr\/en\/adherent\/lile-des-embiez\/#primaryimage","url":"https:\/\/www.linkeus.fr\/wp-content\/uploads\/2020\/08\/Ile-des-Embiez-2-scaled.jpg","contentUrl":"https:\/\/www.linkeus.fr\/wp-content\/uploads\/2020\/08\/Ile-des-Embiez-2-scaled.jpg","width":2560,"height":1403,"caption":"DCIM100MEDIADJI_0040.JPG"},{"@type":"BreadcrumbList","@id":"https:\/\/www.linkeus.fr\/en\/adherent\/lile-des-embiez\/#breadcrumb","itemListElement":[{"@type":"ListItem","position":1,"name":"Accueil","item":"https:\/\/www.linkeus.fr\/en\/"},{"@type":"ListItem","position":2,"name":"Annonces","item":"https:\/\/www.linkeus.fr\/adherents\/"},{"@type":"ListItem","position":3,"name":"l\u2019Ile des Embiez"}]},{"@type":"WebSite","@id":"https:\/\/www.linkeus.fr\/#website","url":"https:\/\/www.linkeus.fr\/","name":"Linkeus Provence C\u00f4te d&#039;Azur Events","description":"Le bureau des congr\u00e8s regional : l&#039;interlocuteur privil\u00e9gi\u00e9 pour l&#039;organisation de vos \u00e9v\u00e8nements professionnels en Provence Alpes C\u00f4te d&#039;Azur","publisher":{"@id":"https:\/\/www.linkeus.fr\/#organization"},"potentialAction":[{"@type":"SearchAction","target":{"@type":"EntryPoint","urlTemplate":"https:\/\/www.linkeus.fr\/?s={search_term_string}"},"query-input":{"@type":"PropertyValueSpecification","valueRequired":true,"valueName":"search_term_string"}}],"inLanguage":"en-US"},{"@type":"Organization","@id":"https:\/\/www.linkeus.fr\/#organization","name":"Linkeus Provence C\u00f4te d&#039;Azur Events","url":"https:\/\/www.linkeus.fr\/","logo":{"@type":"ImageObject","inLanguage":"en-US","@id":"https:\/\/www.linkeus.fr\/#\/schema\/logo\/image\/","url":"https:\/\/www.linkeus.fr\/wp-content\/uploads\/2022\/09\/log-linkeus290.png","contentUrl":"https:\/\/www.linkeus.fr\/wp-content\/uploads\/2022\/09\/log-linkeus290.png","width":290,"height":100,"caption":"Linkeus Provence C\u00f4te d&#039;Azur Events"},"image":{"@id":"https:\/\/www.linkeus.fr\/#\/schema\/logo\/image\/"},"sameAs":["https:\/\/www.facebook.com\/ProvenceCotedAzurEvents"]}]}},"_links":{"self":[{"href":"https:\/\/www.linkeus.fr\/en\/wp-json\/wp\/v2\/listing\/15617","targetHints":{"allow":["GET"]}}],"collection":[{"href":"https:\/\/www.linkeus.fr\/en\/wp-json\/wp\/v2\/listing"}],"about":[{"href":"https:\/\/www.linkeus.fr\/en\/wp-json\/wp\/v2\/types\/listing"}],"author":[{"embeddable":true,"href":"https:\/\/www.linkeus.fr\/en\/wp-json\/wp\/v2\/users\/2"}],"replies":[{"embeddable":true,"href":"https:\/\/www.linkeus.fr\/en\/wp-json\/wp\/v2\/comments?post=15617"}],"wp:featuredmedia":[{"embeddable":true,"href":"https:\/\/www.linkeus.fr\/en\/wp-json\/wp\/v2\/media\/22693"}],"wp:attachment":[{"href":"https:\/\/www.linkeus.fr\/en\/wp-json\/wp\/v2\/media?parent=15617"}],"wp:term":[{"taxonomy":"listing_category","embeddable":true,"href":"https:\/\/www.linkeus.fr\/en\/wp-json\/wp\/v2\/listing_category?post=15617"},{"taxonomy":"event_category","embeddable":true,"href":"https:\/\/www.linkeus.fr\/en\/wp-json\/wp\/v2\/event_category?post=15617"},{"taxonomy":"service_category","embeddable":true,"href":"https:\/\/www.linkeus.fr\/en\/wp-json\/wp\/v2\/service_category?post=15617"},{"taxonomy":"rental_category","embeddable":true,"href":"https:\/\/www.linkeus.fr\/en\/wp-json\/wp\/v2\/rental_category?post=15617"},{"taxonomy":"classifieds_category","embeddable":true,"href":"https:\/\/www.linkeus.fr\/en\/wp-json\/wp\/v2\/classifieds_category?post=15617"},{"taxonomy":"listing_feature","embeddable":true,"href":"https:\/\/www.linkeus.fr\/en\/wp-json\/wp\/v2\/listing_feature?post=15617"},{"taxonomy":"region","embeddable":true,"href":"https:\/\/www.linkeus.fr\/en\/wp-json\/wp\/v2\/region?post=15617"}],"curies":[{"name":"wp","href":"https:\/\/api.w.org\/{rel}","templated":true}]}}