{"id":15367,"date":"2020-08-11T14:42:04","date_gmt":"2020-08-11T12:42:04","guid":{"rendered":"https:\/\/www.linkeus.fr\/\/listing\/monaco-convention-bureau\/"},"modified":"2025-02-26T11:49:40","modified_gmt":"2025-02-26T10:49:40","slug":"monaco-convention-bureau","status":"publish","type":"listing","link":"https:\/\/www.linkeus.fr\/en\/adherent\/monaco-convention-bureau\/","title":{"rendered":"Monaco Convention Bureau"},"content":{"rendered":"<p>Monaco \u2013 Make your event unique!<\/p>\n<p>Stretching itself over a 2 km2 territory, the Principality of Monaco is the second smallest country of the world. Nested in the heart of Europe, this city-state embodies so many unique facets which keep making it famous worldwide. Its size, its political structure, its international visibility, its capacity to reinvent itself throughout the centuries, its intense cultural activity, its stunning events: all these elements are the cornerstones of the special aura that hovers over Monaco.<\/p>\n<p>Ideally located between the mountain and the sea, benefiting from a mild Mediterranean climate all year long, the Principality is located right between France and Italy. It can be easily reached via Nice airport (direct flight lines every day from all over the world). From there, Monaco is only 30 kilometers away!<\/p>\n<p>Monaco embodies glamour and luxury in people\u2019s mind. These two components are part of its DNA without any doubt but our country can offer\u00a0 much more than that and you shall discover unexpected aspects of our land. One must not forget that Monaco is a country in itself: it has its own history, its own culture, its own language, its unique organization, its culinary specialties\u2026<\/p>\n<p>The Principality has proved to be a successful and virtuous economical model as well. With more than 5000 companies, Monaco represents a strong economical fabric and a solid employment pool for South of France and Italy.<\/p>\n<p>It keeps developing its major industry sectors like: NITC, Medical and Pharmaceutical industries, Sustainability, Finance, Real Estate or Automotive sector. Today more than ever, the Principality stands like a knowledge hub aiming at becoming a fully Smart City\u2026<\/p>\n<p>Our congress center, the Grimaldi Forum Monaco is celebrating its 20<sup>th<\/sup> birthday this year! With three auditoriums (1800 seats, 800 seats and 400 seats) and 10000 m2 of exhibition spaces, 3 restaurants, 11 meeting rooms, this modern building offers large capacities to welcome your events.<\/p>\n<p>2500 hotel rooms are available in all categories (3*, 4* and 5*). Welcoming clients is deeply anchored in Monaco traditions and all your participants will enjoy staying in unique places under unique conditions for sure!<\/p>\n<p>Most of our facilities are close to each other which makes it much easier for any event organizer in terms of logistics. Shuttle bus transfers are not mandatory here, all is walking distance!<\/p>\n<p>During the sanitary crisis that the World is facing, be sure that Monaco is working very hard on applying strict measures to halt the pandemia. Our Social Affairs and Health Ministry is putting the right efforts to handle the situation and guarantee a safe and healthy environment (maintenance services in all public spaces, breathing masks, adaptation of medical services to answer any emergency peak. Regarding the changing nature of the COVID-19 epidemic, Monaco authorities have adopted a stance of constant vigilance and are keeping in touch with their French and Italian counterparts.<\/p>\n<p>As the Convention Bureau of Monaco, we are really willing to ensure a close follow up of your event. We believe that the sense of service and dedication is essential to guarantee the success of your event. Indeed, we are convinced that any business is a matter of human interactions at first!<\/p>\n<p>We will be more than happy to be your first contact in order to give you the right keys to organize your event in our unique Principality!<\/p>\n","protected":false},"author":2,"featured_media":19037,"comment_status":"open","ping_status":"closed","template":"","meta":{"inline_featured_image":false},"listing_category":[125,123],"event_category":[],"service_category":[],"rental_category":[],"classifieds_category":[],"listing_feature":[],"region":[],"class_list":["post-15367","listing","type-listing","status-publish","has-post-thumbnail","hentry","listing_category-destinations-en","listing_category-convention-bureaus"],"yoast_head":"<!-- This site is optimized with the Yoast SEO plugin v24.0 - https:\/\/yoast.com\/wordpress\/plugins\/seo\/ -->\n<title>Monaco Convention Bureau - Linkeus Provence C\u00f4te d&#039;Azur Events<\/title>\n<meta name=\"robots\" content=\"index, follow, max-snippet:-1, max-image-preview:large, max-video-preview:-1\" \/>\n<link rel=\"canonical\" href=\"https:\/\/www.linkeus.fr\/en\/adherent\/monaco-convention-bureau\/\" \/>\n<meta property=\"og:locale\" content=\"en_US\" \/>\n<meta property=\"og:type\" content=\"article\" \/>\n<meta property=\"og:title\" content=\"Monaco Convention Bureau - Linkeus Provence C\u00f4te d&#039;Azur Events\" \/>\n<meta property=\"og:description\" content=\"Monaco \u2013 Make your event unique! Stretching itself over a 2 km2 territory, the Principality of Monaco is the second smallest country of the world. Nested in the heart of Europe, this city-state embodies so many unique facets which keep making it famous worldwide. Its size, its political structure, its international visibility, its capacity to [&hellip;]\" \/>\n<meta property=\"og:url\" content=\"https:\/\/www.linkeus.fr\/en\/adherent\/monaco-convention-bureau\/\" \/>\n<meta property=\"og:site_name\" content=\"Linkeus Provence C\u00f4te d&#039;Azur Events\" \/>\n<meta property=\"article:publisher\" content=\"https:\/\/www.facebook.com\/ProvenceCotedAzurEvents\" \/>\n<meta property=\"article:modified_time\" content=\"2025-02-26T10:49:40+00:00\" \/>\n<meta property=\"og:image\" content=\"https:\/\/www.linkeus.fr\/wp-content\/uploads\/2020\/08\/BVergely-Rocher-1920px-72-dpi-1024x430.jpg\" \/>\n\t<meta property=\"og:image:width\" content=\"1024\" \/>\n\t<meta property=\"og:image:height\" content=\"430\" \/>\n\t<meta property=\"og:image:type\" content=\"image\/jpeg\" \/>\n<meta name=\"twitter:card\" content=\"summary_large_image\" \/>\n<meta name=\"twitter:label1\" content=\"Est. reading time\" \/>\n\t<meta name=\"twitter:data1\" content=\"4 minutes\" \/>\n<script type=\"application\/ld+json\" class=\"yoast-schema-graph\">{\"@context\":\"https:\/\/schema.org\",\"@graph\":[{\"@type\":\"WebPage\",\"@id\":\"https:\/\/www.linkeus.fr\/en\/adherent\/monaco-convention-bureau\/\",\"url\":\"https:\/\/www.linkeus.fr\/en\/adherent\/monaco-convention-bureau\/\",\"name\":\"Monaco Convention Bureau - Linkeus Provence C\u00f4te d&#039;Azur Events\",\"isPartOf\":{\"@id\":\"https:\/\/www.linkeus.fr\/#website\"},\"primaryImageOfPage\":{\"@id\":\"https:\/\/www.linkeus.fr\/en\/adherent\/monaco-convention-bureau\/#primaryimage\"},\"image\":{\"@id\":\"https:\/\/www.linkeus.fr\/en\/adherent\/monaco-convention-bureau\/#primaryimage\"},\"thumbnailUrl\":\"https:\/\/www.linkeus.fr\/wp-content\/uploads\/2020\/08\/BVergely-Rocher-1920px-72-dpi.jpg\",\"datePublished\":\"2020-08-11T12:42:04+00:00\",\"dateModified\":\"2025-02-26T10:49:40+00:00\",\"breadcrumb\":{\"@id\":\"https:\/\/www.linkeus.fr\/en\/adherent\/monaco-convention-bureau\/#breadcrumb\"},\"inLanguage\":\"en-US\",\"potentialAction\":[{\"@type\":\"ReadAction\",\"target\":[\"https:\/\/www.linkeus.fr\/en\/adherent\/monaco-convention-bureau\/\"]}]},{\"@type\":\"ImageObject\",\"inLanguage\":\"en-US\",\"@id\":\"https:\/\/www.linkeus.fr\/en\/adherent\/monaco-convention-bureau\/#primaryimage\",\"url\":\"https:\/\/www.linkeus.fr\/wp-content\/uploads\/2020\/08\/BVergely-Rocher-1920px-72-dpi.jpg\",\"contentUrl\":\"https:\/\/www.linkeus.fr\/wp-content\/uploads\/2020\/08\/BVergely-Rocher-1920px-72-dpi.jpg\",\"width\":1920,\"height\":807},{\"@type\":\"BreadcrumbList\",\"@id\":\"https:\/\/www.linkeus.fr\/en\/adherent\/monaco-convention-bureau\/#breadcrumb\",\"itemListElement\":[{\"@type\":\"ListItem\",\"position\":1,\"name\":\"Accueil\",\"item\":\"https:\/\/www.linkeus.fr\/en\/\"},{\"@type\":\"ListItem\",\"position\":2,\"name\":\"Annonces\",\"item\":\"https:\/\/www.linkeus.fr\/adherents\/\"},{\"@type\":\"ListItem\",\"position\":3,\"name\":\"Monaco Convention Bureau\"}]},{\"@type\":\"WebSite\",\"@id\":\"https:\/\/www.linkeus.fr\/#website\",\"url\":\"https:\/\/www.linkeus.fr\/\",\"name\":\"Linkeus Provence C\u00f4te d&#039;Azur Events\",\"description\":\"Le bureau des congr\u00e8s regional : l&#039;interlocuteur privil\u00e9gi\u00e9 pour l&#039;organisation de vos \u00e9v\u00e8nements professionnels en Provence Alpes C\u00f4te d&#039;Azur\",\"publisher\":{\"@id\":\"https:\/\/www.linkeus.fr\/#organization\"},\"potentialAction\":[{\"@type\":\"SearchAction\",\"target\":{\"@type\":\"EntryPoint\",\"urlTemplate\":\"https:\/\/www.linkeus.fr\/?s={search_term_string}\"},\"query-input\":{\"@type\":\"PropertyValueSpecification\",\"valueRequired\":true,\"valueName\":\"search_term_string\"}}],\"inLanguage\":\"en-US\"},{\"@type\":\"Organization\",\"@id\":\"https:\/\/www.linkeus.fr\/#organization\",\"name\":\"Linkeus Provence C\u00f4te d&#039;Azur Events\",\"url\":\"https:\/\/www.linkeus.fr\/\",\"logo\":{\"@type\":\"ImageObject\",\"inLanguage\":\"en-US\",\"@id\":\"https:\/\/www.linkeus.fr\/#\/schema\/logo\/image\/\",\"url\":\"https:\/\/www.linkeus.fr\/wp-content\/uploads\/2022\/09\/log-linkeus290.png\",\"contentUrl\":\"https:\/\/www.linkeus.fr\/wp-content\/uploads\/2022\/09\/log-linkeus290.png\",\"width\":290,\"height\":100,\"caption\":\"Linkeus Provence C\u00f4te d&#039;Azur Events\"},\"image\":{\"@id\":\"https:\/\/www.linkeus.fr\/#\/schema\/logo\/image\/\"},\"sameAs\":[\"https:\/\/www.facebook.com\/ProvenceCotedAzurEvents\"]}]}<\/script>\n<!-- \/ Yoast SEO plugin. -->","yoast_head_json":{"title":"Monaco Convention Bureau - Linkeus Provence C\u00f4te d&#039;Azur Events","robots":{"index":"index","follow":"follow","max-snippet":"max-snippet:-1","max-image-preview":"max-image-preview:large","max-video-preview":"max-video-preview:-1"},"canonical":"https:\/\/www.linkeus.fr\/en\/adherent\/monaco-convention-bureau\/","og_locale":"en_US","og_type":"article","og_title":"Monaco Convention Bureau - Linkeus Provence C\u00f4te d&#039;Azur Events","og_description":"Monaco \u2013 Make your event unique! Stretching itself over a 2 km2 territory, the Principality of Monaco is the second smallest country of the world. Nested in the heart of Europe, this city-state embodies so many unique facets which keep making it famous worldwide. Its size, its political structure, its international visibility, its capacity to [&hellip;]","og_url":"https:\/\/www.linkeus.fr\/en\/adherent\/monaco-convention-bureau\/","og_site_name":"Linkeus Provence C\u00f4te d&#039;Azur Events","article_publisher":"https:\/\/www.facebook.com\/ProvenceCotedAzurEvents","article_modified_time":"2025-02-26T10:49:40+00:00","og_image":[{"width":1024,"height":430,"url":"https:\/\/www.linkeus.fr\/wp-content\/uploads\/2020\/08\/BVergely-Rocher-1920px-72-dpi-1024x430.jpg","type":"image\/jpeg"}],"twitter_card":"summary_large_image","twitter_misc":{"Est. reading time":"4 minutes"},"schema":{"@context":"https:\/\/schema.org","@graph":[{"@type":"WebPage","@id":"https:\/\/www.linkeus.fr\/en\/adherent\/monaco-convention-bureau\/","url":"https:\/\/www.linkeus.fr\/en\/adherent\/monaco-convention-bureau\/","name":"Monaco Convention Bureau - Linkeus Provence C\u00f4te d&#039;Azur Events","isPartOf":{"@id":"https:\/\/www.linkeus.fr\/#website"},"primaryImageOfPage":{"@id":"https:\/\/www.linkeus.fr\/en\/adherent\/monaco-convention-bureau\/#primaryimage"},"image":{"@id":"https:\/\/www.linkeus.fr\/en\/adherent\/monaco-convention-bureau\/#primaryimage"},"thumbnailUrl":"https:\/\/www.linkeus.fr\/wp-content\/uploads\/2020\/08\/BVergely-Rocher-1920px-72-dpi.jpg","datePublished":"2020-08-11T12:42:04+00:00","dateModified":"2025-02-26T10:49:40+00:00","breadcrumb":{"@id":"https:\/\/www.linkeus.fr\/en\/adherent\/monaco-convention-bureau\/#breadcrumb"},"inLanguage":"en-US","potentialAction":[{"@type":"ReadAction","target":["https:\/\/www.linkeus.fr\/en\/adherent\/monaco-convention-bureau\/"]}]},{"@type":"ImageObject","inLanguage":"en-US","@id":"https:\/\/www.linkeus.fr\/en\/adherent\/monaco-convention-bureau\/#primaryimage","url":"https:\/\/www.linkeus.fr\/wp-content\/uploads\/2020\/08\/BVergely-Rocher-1920px-72-dpi.jpg","contentUrl":"https:\/\/www.linkeus.fr\/wp-content\/uploads\/2020\/08\/BVergely-Rocher-1920px-72-dpi.jpg","width":1920,"height":807},{"@type":"BreadcrumbList","@id":"https:\/\/www.linkeus.fr\/en\/adherent\/monaco-convention-bureau\/#breadcrumb","itemListElement":[{"@type":"ListItem","position":1,"name":"Accueil","item":"https:\/\/www.linkeus.fr\/en\/"},{"@type":"ListItem","position":2,"name":"Annonces","item":"https:\/\/www.linkeus.fr\/adherents\/"},{"@type":"ListItem","position":3,"name":"Monaco Convention Bureau"}]},{"@type":"WebSite","@id":"https:\/\/www.linkeus.fr\/#website","url":"https:\/\/www.linkeus.fr\/","name":"Linkeus Provence C\u00f4te d&#039;Azur Events","description":"Le bureau des congr\u00e8s regional : l&#039;interlocuteur privil\u00e9gi\u00e9 pour l&#039;organisation de vos \u00e9v\u00e8nements professionnels en Provence Alpes C\u00f4te d&#039;Azur","publisher":{"@id":"https:\/\/www.linkeus.fr\/#organization"},"potentialAction":[{"@type":"SearchAction","target":{"@type":"EntryPoint","urlTemplate":"https:\/\/www.linkeus.fr\/?s={search_term_string}"},"query-input":{"@type":"PropertyValueSpecification","valueRequired":true,"valueName":"search_term_string"}}],"inLanguage":"en-US"},{"@type":"Organization","@id":"https:\/\/www.linkeus.fr\/#organization","name":"Linkeus Provence C\u00f4te d&#039;Azur Events","url":"https:\/\/www.linkeus.fr\/","logo":{"@type":"ImageObject","inLanguage":"en-US","@id":"https:\/\/www.linkeus.fr\/#\/schema\/logo\/image\/","url":"https:\/\/www.linkeus.fr\/wp-content\/uploads\/2022\/09\/log-linkeus290.png","contentUrl":"https:\/\/www.linkeus.fr\/wp-content\/uploads\/2022\/09\/log-linkeus290.png","width":290,"height":100,"caption":"Linkeus Provence C\u00f4te d&#039;Azur Events"},"image":{"@id":"https:\/\/www.linkeus.fr\/#\/schema\/logo\/image\/"},"sameAs":["https:\/\/www.facebook.com\/ProvenceCotedAzurEvents"]}]}},"_links":{"self":[{"href":"https:\/\/www.linkeus.fr\/en\/wp-json\/wp\/v2\/listing\/15367","targetHints":{"allow":["GET"]}}],"collection":[{"href":"https:\/\/www.linkeus.fr\/en\/wp-json\/wp\/v2\/listing"}],"about":[{"href":"https:\/\/www.linkeus.fr\/en\/wp-json\/wp\/v2\/types\/listing"}],"author":[{"embeddable":true,"href":"https:\/\/www.linkeus.fr\/en\/wp-json\/wp\/v2\/users\/2"}],"replies":[{"embeddable":true,"href":"https:\/\/www.linkeus.fr\/en\/wp-json\/wp\/v2\/comments?post=15367"}],"wp:featuredmedia":[{"embeddable":true,"href":"https:\/\/www.linkeus.fr\/en\/wp-json\/wp\/v2\/media\/19037"}],"wp:attachment":[{"href":"https:\/\/www.linkeus.fr\/en\/wp-json\/wp\/v2\/media?parent=15367"}],"wp:term":[{"taxonomy":"listing_category","embeddable":true,"href":"https:\/\/www.linkeus.fr\/en\/wp-json\/wp\/v2\/listing_category?post=15367"},{"taxonomy":"event_category","embeddable":true,"href":"https:\/\/www.linkeus.fr\/en\/wp-json\/wp\/v2\/event_category?post=15367"},{"taxonomy":"service_category","embeddable":true,"href":"https:\/\/www.linkeus.fr\/en\/wp-json\/wp\/v2\/service_category?post=15367"},{"taxonomy":"rental_category","embeddable":true,"href":"https:\/\/www.linkeus.fr\/en\/wp-json\/wp\/v2\/rental_category?post=15367"},{"taxonomy":"classifieds_category","embeddable":true,"href":"https:\/\/www.linkeus.fr\/en\/wp-json\/wp\/v2\/classifieds_category?post=15367"},{"taxonomy":"listing_feature","embeddable":true,"href":"https:\/\/www.linkeus.fr\/en\/wp-json\/wp\/v2\/listing_feature?post=15367"},{"taxonomy":"region","embeddable":true,"href":"https:\/\/www.linkeus.fr\/en\/wp-json\/wp\/v2\/region?post=15367"}],"curies":[{"name":"wp","href":"https:\/\/api.w.org\/{rel}","templated":true}]}}